{"id":26129,"date":"2024-10-17T13:08:35","date_gmt":"2024-10-17T11:08:35","guid":{"rendered":"https:\/\/karriere.nagel-group.com\/?page_id=26129"},"modified":"2025-04-28T07:49:19","modified_gmt":"2025-04-28T05:49:19","slug":"von-der-ausbildung-zum-standortleiter","status":"publish","type":"page","link":"https:\/\/karriere.nagel-group.com\/sv\/von-der-ausbildung-zum-standortleiter\/","title":{"rendered":"Fr\u00e5n utbildning till platschef"},"content":{"rendered":"<div data-elementor-type=\"wp-page\" data-elementor-id=\"26129\" class=\"elementor elementor-26129\" data-elementor-post-type=\"page\">\n\t\t\t\t<div class=\"elementor-element elementor-element-bdeefc5 e-flex e-con-boxed e-con e-parent\" data-id=\"bdeefc5\" data-element_type=\"container\" data-e-type=\"container\" data-settings=\"{&quot;background_background&quot;:&quot;classic&quot;,&quot;jet_parallax_layout_list&quot;:[]}\">\n\t\t\t\t\t<div class=\"e-con-inner\">\n\t\t\t\t<div class=\"elementor-element elementor-element-125e16b elementor-widget elementor-widget-heading\" data-id=\"125e16b\" data-element_type=\"widget\" data-e-type=\"widget\" data-widget_type=\"heading.default\">\n\t\t\t\t<div class=\"elementor-widget-container\">\n\t\t\t\t\t<div class=\"elementor-heading-title elementor-size-default\">Inifr\u00e5n Nagel<\/div>\t\t\t\t<\/div>\n\t\t\t\t<\/div>\n\t\t\t\t<div class=\"elementor-element elementor-element-e017de9 elementor-widget elementor-widget-heading\" data-id=\"e017de9\" data-element_type=\"widget\" data-e-type=\"widget\" data-widget_type=\"heading.default\">\n\t\t\t\t<div class=\"elementor-widget-container\">\n\t\t\t\t\t<h1 class=\"elementor-heading-title elementor-size-default\">Fr\u00e5n utbildning till platschef<\/h1>\t\t\t\t<\/div>\n\t\t\t\t<\/div>\n\t\t\t\t<div class=\"elementor-element elementor-element-34a0eb8 elementor-widget elementor-widget-spacer\" data-id=\"34a0eb8\" data-element_type=\"widget\" data-e-type=\"widget\" data-widget_type=\"spacer.default\">\n\t\t\t\t<div class=\"elementor-widget-container\">\n\t\t\t\t\t\t\t<div class=\"elementor-spacer\">\n\t\t\t<div class=\"elementor-spacer-inner\"><\/div>\n\t\t<\/div>\n\t\t\t\t\t\t<\/div>\n\t\t\t\t<\/div>\n\t\t\t\t\t<\/div>\n\t\t\t\t<\/div>\n\t\t<div class=\"elementor-element elementor-element-0ad60bf e-flex e-con-boxed e-con e-parent\" data-id=\"0ad60bf\" data-element_type=\"container\" data-e-type=\"container\" data-settings=\"{&quot;jet_parallax_layout_list&quot;:[]}\">\n\t\t\t\t\t<div class=\"e-con-inner\">\n\t\t\t\t<div class=\"elementor-element elementor-element-f1dde3f elementor-widget elementor-widget-spacer\" data-id=\"f1dde3f\" data-element_type=\"widget\" data-e-type=\"widget\" data-widget_type=\"spacer.default\">\n\t\t\t\t<div class=\"elementor-widget-container\">\n\t\t\t\t\t\t\t<div class=\"elementor-spacer\">\n\t\t\t<div class=\"elementor-spacer-inner\"><\/div>\n\t\t<\/div>\n\t\t\t\t\t\t<\/div>\n\t\t\t\t<\/div>\n\t\t\t\t\t<\/div>\n\t\t\t\t<\/div>\n\t\t<div class=\"elementor-element elementor-element-55a6c52 e-flex e-con-boxed e-con e-parent\" data-id=\"55a6c52\" data-element_type=\"container\" data-e-type=\"container\" data-settings=\"{&quot;jet_parallax_layout_list&quot;:[]}\">\n\t\t\t\t\t<div class=\"e-con-inner\">\n\t\t\t\t<div class=\"elementor-element elementor-element-bac7d19 elementor-widget elementor-widget-heading\" data-id=\"bac7d19\" data-element_type=\"widget\" data-e-type=\"widget\" data-widget_type=\"heading.default\">\n\t\t\t\t<div class=\"elementor-widget-container\">\n\t\t\t\t\t<h2 class=\"elementor-heading-title elementor-size-default\">KARRI\u00c4R INOM LOGISTIK: FLORIAN SCHMITTS DYNAMISKA RESA HOS NAGEL-GRUPPEN<\/h2>\t\t\t\t<\/div>\n\t\t\t\t<\/div>\n\t\t\t\t\t<\/div>\n\t\t\t\t<\/div>\n\t\t<div class=\"elementor-element elementor-element-6479e64 e-flex e-con-boxed e-con e-parent\" data-id=\"6479e64\" data-element_type=\"container\" data-e-type=\"container\" data-settings=\"{&quot;jet_parallax_layout_list&quot;:[]}\">\n\t\t\t\t\t<div class=\"e-con-inner\">\n\t\t<div class=\"elementor-element elementor-element-3e2de59 e-con-full e-flex e-con e-child\" data-id=\"3e2de59\" data-element_type=\"container\" data-e-type=\"container\" data-settings=\"{&quot;jet_parallax_layout_list&quot;:[]}\">\n\t\t\t\t<div class=\"elementor-element elementor-element-dd1a7d0 elementor-widget elementor-widget-text-editor\" data-id=\"dd1a7d0\" data-element_type=\"widget\" data-e-type=\"widget\" data-widget_type=\"text-editor.default\">\n\t\t\t\t<div class=\"elementor-widget-container\">\n\t\t\t\t\t\t\t\t\t<div class=\"section clearfix\"><div class=\"shifted\"><p style=\"text-align: left;\"><img fetchpriority=\"high\" decoding=\"async\" data-attachment-id=\"26033\" data-permalink=\"https:\/\/karriere.nagel-group.com\/sv\/inside-nagel\/florian-schmitt\/\" data-orig-file=\"https:\/\/i0.wp.com\/karriere.nagel-group.com\/wp-content\/uploads\/2024\/10\/Florian-Schmitt.jpg?fit=2200%2C2652&amp;ssl=1\" data-orig-size=\"2200,2652\" data-comments-opened=\"1\" data-image-meta=\"{&quot;aperture&quot;:&quot;0&quot;,&quot;credit&quot;:&quot;&quot;,&quot;camera&quot;:&quot;&quot;,&quot;caption&quot;:&quot;&quot;,&quot;created_timestamp&quot;:&quot;0&quot;,&quot;copyright&quot;:&quot;&quot;,&quot;focal_length&quot;:&quot;0&quot;,&quot;iso&quot;:&quot;0&quot;,&quot;shutter_speed&quot;:&quot;0&quot;,&quot;title&quot;:&quot;&quot;,&quot;orientation&quot;:&quot;1&quot;}\" data-image-title=\"Florian Schmitt\" data-image-description=\"\" data-image-caption=\"\" data-large-file=\"https:\/\/i0.wp.com\/karriere.nagel-group.com\/wp-content\/uploads\/2024\/10\/Florian-Schmitt.jpg?fit=849%2C1024&amp;ssl=1\" data-recalc-dims=\"1\" class=\"alignright wp-image-26033\" src=\"https:\/\/i0.wp.com\/karriere.nagel-group.com\/wp-content\/uploads\/2024\/10\/Florian-Schmitt.jpg?resize=348%2C420&#038;ssl=1\" alt=\"\" width=\"348\" height=\"420\" srcset=\"https:\/\/i0.wp.com\/karriere.nagel-group.com\/wp-content\/uploads\/2024\/10\/Florian-Schmitt.jpg?w=2200&amp;ssl=1 2200w, https:\/\/i0.wp.com\/karriere.nagel-group.com\/wp-content\/uploads\/2024\/10\/Florian-Schmitt.jpg?resize=249%2C300&amp;ssl=1 249w, https:\/\/i0.wp.com\/karriere.nagel-group.com\/wp-content\/uploads\/2024\/10\/Florian-Schmitt.jpg?resize=849%2C1024&amp;ssl=1 849w, https:\/\/i0.wp.com\/karriere.nagel-group.com\/wp-content\/uploads\/2024\/10\/Florian-Schmitt.jpg?resize=768%2C926&amp;ssl=1 768w, https:\/\/i0.wp.com\/karriere.nagel-group.com\/wp-content\/uploads\/2024\/10\/Florian-Schmitt.jpg?resize=1274%2C1536&amp;ssl=1 1274w, https:\/\/i0.wp.com\/karriere.nagel-group.com\/wp-content\/uploads\/2024\/10\/Florian-Schmitt.jpg?resize=1699%2C2048&amp;ssl=1 1699w, https:\/\/i0.wp.com\/karriere.nagel-group.com\/wp-content\/uploads\/2024\/10\/Florian-Schmitt.jpg?resize=600%2C723&amp;ssl=1 600w\" sizes=\"(max-width: 348px) 100vw, 348px\" \/>I logistikv\u00e4rlden, d\u00e4r f\u00f6r\u00e4ndring och dynamik \u00e4r vardagsmat, \u00e4r det viktigt att st\u00e4ndigt utvecklas. Florian Schmitt, som nu har arbetat f\u00f6r Nagel-Group i \u00f6ver tv\u00e5 decennier, har en imponerande karri\u00e4r inom logistik som k\u00e4nnetecknas av kontinuerligt l\u00e4rande och anpassning. Fr\u00e5n spedit\u00f6rselev till platschef i W\u00fcrzburg har Florian klarat av m\u00e5nga olika utmaningar och f\u00e5tt v\u00e4rdefulla erfarenheter som har format honom b\u00e5de yrkesm\u00e4ssigt och personligt. I v\u00e5r intervju ger han en djup inblick i sin karri\u00e4r, de utmaningar som har format honom och de filosofier som v\u00e4gleder honom som chef.<\/p><p style=\"text-align: left;\"><span class=\"highlight\"><b>Florian, kan du ge oss en inblick i hur din imponerande resa p\u00e5 Nagel-Group b\u00f6rjade?<\/b><\/span><\/p><p style=\"text-align: left;\">Min karri\u00e4r inom Nagel-Group b\u00f6rjade f\u00f6r 22,5 \u00e5r sedan, n\u00e4r jag i september 2001 p\u00e5b\u00f6rjade min utbildning till spedit\u00f6r. Redan d\u00e5 l\u00e5g mitt fokus p\u00e5 att disponera fj\u00e4rrtransporter, vilket fortsatte efter att jag tog \u00f6ver som trafikledare. \u00c5r 2014 uts\u00e5gs jag till avdelningschef och tre \u00e5r senare blev jag befordrad till transportchef. I september 2019 tilltr\u00e4dde jag tj\u00e4nsten som Forwarding Manager och ansvarade f\u00f6r det aktuella omr\u00e5det. N\u00e4r m\u00f6jligheten att ta \u00f6ver platsledningen i W\u00fcrzburg d\u00f6k upp best\u00e4mde jag mig omedelbart f\u00f6r att g\u00f6ra det. Jag har officiellt varit platschef sedan den 1 februari 2024 och ser min resa inom Nagel-Welt som en kontinuerlig utveckling och berikning.<\/p><\/div><\/div>\t\t\t\t\t\t\t\t<\/div>\n\t\t\t\t<\/div>\n\t\t\t\t<\/div>\n\t\t\t\t\t<\/div>\n\t\t\t\t<\/div>\n\t\t<div class=\"elementor-element elementor-element-a29808d e-flex e-con-boxed e-con e-parent\" data-id=\"a29808d\" data-element_type=\"container\" data-e-type=\"container\" data-settings=\"{&quot;jet_parallax_layout_list&quot;:[]}\">\n\t\t\t\t\t<div class=\"e-con-inner\">\n\t\t\t\t<div class=\"elementor-element elementor-element-3078cda elementor-widget elementor-widget-heading\" data-id=\"3078cda\" data-element_type=\"widget\" data-e-type=\"widget\" data-widget_type=\"heading.default\">\n\t\t\t\t<div class=\"elementor-widget-container\">\n\t\t\t\t\t<h3 class=\"elementor-heading-title elementor-size-default\">Tillv\u00e4xt genom vidareutbildning: Hur Florian g\u00f6r karri\u00e4r inom logistik <\/h3>\t\t\t\t<\/div>\n\t\t\t\t<\/div>\n\t\t\t\t\t<\/div>\n\t\t\t\t<\/div>\n\t\t<div class=\"elementor-element elementor-element-c799341 e-flex e-con-boxed e-con e-parent\" data-id=\"c799341\" data-element_type=\"container\" data-e-type=\"container\" data-settings=\"{&quot;jet_parallax_layout_list&quot;:[]}\">\n\t\t\t\t\t<div class=\"e-con-inner\">\n\t\t<div class=\"elementor-element elementor-element-ef1f6e3 e-con-full e-flex e-con e-child\" data-id=\"ef1f6e3\" data-element_type=\"container\" data-e-type=\"container\" data-settings=\"{&quot;jet_parallax_layout_list&quot;:[]}\">\n\t\t\t\t<div class=\"elementor-element elementor-element-8fce1d4 elementor-widget elementor-widget-text-editor\" data-id=\"8fce1d4\" data-element_type=\"widget\" data-e-type=\"widget\" data-widget_type=\"text-editor.default\">\n\t\t\t\t<div class=\"elementor-widget-container\">\n\t\t\t\t\t\t\t\t\t<div class=\"section clearfix\"><div class=\"shifted\"><p style=\"text-align: left;\"><b><span class=\"highlight\">\u00d6ver tv\u00e5 decennier har g\u00e5tt. Vilka erfarenheter har format din yrkeskarri\u00e4r mest?<\/span><\/b><\/p><p style=\"text-align: left;\">Under mina mer \u00e4n tv\u00e5 decennier p\u00e5 Nagel-Group har jag samlat p\u00e5 mig en m\u00e4ngd erfarenheter som har format mig b\u00e5de professionellt och personligt. F\u00f6rutom mitt dagliga arbete inom logistik har jag f\u00e5tt v\u00e4rdefulla insikter i f\u00f6retagets processer och utmaningar p\u00e5 olika niv\u00e5er. Dessa erfarenheter har hj\u00e4lpt mig att f\u00f6rst\u00e5 vikten av samarbete mellan de olika avdelningarna och att inse vikten av att alltid ha hela f\u00f6retaget i \u00e5tanke f\u00f6r att lyckas.<\/p><\/div><\/div><div class=\"section clearfix\" style=\"text-align: left;\"><div class=\"shifted\"><p>Varje fas i denna l\u00e5nga resa hade sina upp- och nedg\u00e5ngar, som var formativa. Med dagens perspektiv eller erfarenhet kategoriserar man naturligtvis faserna p\u00e5 ett annat s\u00e4tt. De senaste 5 \u00e5ren var s\u00e4rskilt utvecklande, eftersom mitt ansvar \u00f6kade och jag upplevde \u00e5ren mer medvetet och intensivt. Under den h\u00e4r tiden dominerade utmaningarna, bland annat p.g.a. personalf\u00f6rluster  och de kompensationer som f\u00f6ljde, vilket visade sig vara s\u00e4rskilt kr\u00e4vande.<\/p><p><b><span class=\"highlight\">Hur har du utvecklats genom de utbildningsm\u00f6jligheter som finns inom Nagel-Group?<\/span><\/b><\/p><p>V\u00e4ldigt m\u00e5nga. Det var alltid f\u00f6r\u00e4ndringar och portf\u00f6ljen blev och blir bara st\u00f6rre och st\u00f6rre. Det var mycket, till exempel talent management, Leading Simple, ledarskap, Nagel Campus och individuella seminarier. Jag fick g\u00e5 igenom mycket och fick alltid bra st\u00f6d, men jag l\u00e4rde mig ocks\u00e5 mycket av vardagliga situationer och naturligtvis av mina kollegor och chefer. Det var och \u00e4r en bra mix av teori och praktik.<\/p><\/div><\/div>\t\t\t\t\t\t\t\t<\/div>\n\t\t\t\t<\/div>\n\t\t\t\t<\/div>\n\t\t\t\t\t<\/div>\n\t\t\t\t<\/div>\n\t\t<div class=\"elementor-element elementor-element-41a2850 e-flex e-con-boxed e-con e-parent\" data-id=\"41a2850\" data-element_type=\"container\" data-e-type=\"container\" data-settings=\"{&quot;jet_parallax_layout_list&quot;:[]}\">\n\t\t\t\t\t<div class=\"e-con-inner\">\n\t\t\t\t<div class=\"elementor-element elementor-element-6bfbf77 elementor-widget elementor-widget-heading\" data-id=\"6bfbf77\" data-element_type=\"widget\" data-e-type=\"widget\" data-widget_type=\"heading.default\">\n\t\t\t\t<div class=\"elementor-widget-container\">\n\t\t\t\t\t<h3 class=\"elementor-heading-title elementor-size-default\">Ny roll, nya m\u00e5l: Dagens platschef <\/h3>\t\t\t\t<\/div>\n\t\t\t\t<\/div>\n\t\t\t\t\t<\/div>\n\t\t\t\t<\/div>\n\t\t<div class=\"elementor-element elementor-element-8407ffb e-flex e-con-boxed e-con e-parent\" data-id=\"8407ffb\" data-element_type=\"container\" data-e-type=\"container\" data-settings=\"{&quot;jet_parallax_layout_list&quot;:[]}\">\n\t\t\t\t\t<div class=\"e-con-inner\">\n\t\t<div class=\"elementor-element elementor-element-bc14655 e-con-full e-flex e-con e-child\" data-id=\"bc14655\" data-element_type=\"container\" data-e-type=\"container\" data-settings=\"{&quot;jet_parallax_layout_list&quot;:[]}\">\n\t\t\t\t<div class=\"elementor-element elementor-element-0cb73e6 elementor-widget elementor-widget-text-editor\" data-id=\"0cb73e6\" data-element_type=\"widget\" data-e-type=\"widget\" data-widget_type=\"text-editor.default\">\n\t\t\t\t<div class=\"elementor-widget-container\">\n\t\t\t\t\t\t\t\t\t<div class=\"section clearfix\">\u00a0<\/div><div class=\"section clearfix\" style=\"text-align: left;\"><div class=\"shifted\"><p><img decoding=\"async\" data-attachment-id=\"26119\" data-permalink=\"https:\/\/karriere.nagel-group.com\/sv\/traumjob-trucker\/konstantin-zepke-fotografie\/\" data-orig-file=\"https:\/\/i0.wp.com\/karriere.nagel-group.com\/wp-content\/uploads\/2024\/10\/Florian-Schmitt2.jpg?fit=5167%2C3438&amp;ssl=1\" data-orig-size=\"5167,3438\" data-comments-opened=\"1\" data-image-meta=\"{&quot;aperture&quot;:&quot;9&quot;,&quot;credit&quot;:&quot;Konstantin Zepke&quot;,&quot;camera&quot;:&quot;NIKON Z 6_2&quot;,&quot;caption&quot;:&quot;Konstantin Zepke  Fotografie&quot;,&quot;created_timestamp&quot;:&quot;1713863984&quot;,&quot;copyright&quot;:&quot;Konstantin Zepke&quot;,&quot;focal_length&quot;:&quot;31&quot;,&quot;iso&quot;:&quot;100&quot;,&quot;shutter_speed&quot;:&quot;0.005&quot;,&quot;title&quot;:&quot;Konstantin Zepke  Fotografie&quot;,&quot;orientation&quot;:&quot;0&quot;}\" data-image-title=\"Konstantin Zepke  Fotografie\" data-image-description=\"\" data-image-caption=\"&lt;p&gt;Konstantin Zepke  Fotografie&lt;\/p&gt;\" data-large-file=\"https:\/\/i0.wp.com\/karriere.nagel-group.com\/wp-content\/uploads\/2024\/10\/Florian-Schmitt2.jpg?fit=1024%2C681&amp;ssl=1\" data-recalc-dims=\"1\" class=\"alignright wp-image-26119\" style=\"letter-spacing: 0px;\" src=\"https:\/\/i0.wp.com\/karriere.nagel-group.com\/wp-content\/uploads\/2024\/10\/Florian-Schmitt2.jpg?resize=350%2C233&#038;ssl=1\" alt=\"\" width=\"350\" height=\"233\" srcset=\"https:\/\/i0.wp.com\/karriere.nagel-group.com\/wp-content\/uploads\/2024\/10\/Florian-Schmitt2.jpg?w=5167&amp;ssl=1 5167w, https:\/\/i0.wp.com\/karriere.nagel-group.com\/wp-content\/uploads\/2024\/10\/Florian-Schmitt2.jpg?resize=300%2C200&amp;ssl=1 300w, https:\/\/i0.wp.com\/karriere.nagel-group.com\/wp-content\/uploads\/2024\/10\/Florian-Schmitt2.jpg?resize=1024%2C681&amp;ssl=1 1024w, https:\/\/i0.wp.com\/karriere.nagel-group.com\/wp-content\/uploads\/2024\/10\/Florian-Schmitt2.jpg?resize=768%2C511&amp;ssl=1 768w, https:\/\/i0.wp.com\/karriere.nagel-group.com\/wp-content\/uploads\/2024\/10\/Florian-Schmitt2.jpg?resize=1536%2C1022&amp;ssl=1 1536w, https:\/\/i0.wp.com\/karriere.nagel-group.com\/wp-content\/uploads\/2024\/10\/Florian-Schmitt2.jpg?resize=2048%2C1363&amp;ssl=1 2048w, https:\/\/i0.wp.com\/karriere.nagel-group.com\/wp-content\/uploads\/2024\/10\/Florian-Schmitt2.jpg?resize=600%2C399&amp;ssl=1 600w, https:\/\/i0.wp.com\/karriere.nagel-group.com\/wp-content\/uploads\/2024\/10\/Florian-Schmitt2.jpg?w=2400&amp;ssl=1 2400w, https:\/\/i0.wp.com\/karriere.nagel-group.com\/wp-content\/uploads\/2024\/10\/Florian-Schmitt2.jpg?w=3600&amp;ssl=1 3600w\" sizes=\"(max-width: 350px) 100vw, 350px\" \/><b style=\"letter-spacing: 0px;\"><span class=\"highlight\">Nu \u00e4r du platschef. Hur k\u00e4nner du dig i din nya roll som platschef och hur p\u00e5verkar din m\u00e5ng\u00e5riga erfarenhet av Nagel-Group din ledningsstrategi?<\/span><\/b><\/p><div class=\"section clearfix\" style=\"text-align: left;\"><div class=\"shifted\"><p class=\"translation-block\">F\u00f6r det f\u00f6rsta \u00e4r jag stolt \u00f6ver att f\u00e5 ha denna roll. Jag trivs med den och tycker det \u00e4r roligt att dagligen l\u00e4ra k\u00e4nna nya omr\u00e5den och ta p\u00e5 mig mer ansvar. I min funktion som platschef blir fr\u00e5gor som budgetering, kostnadskontroll, personalhantering och kundrelationer mer centrala. Dessa ansvarsomr\u00e5den \u00e4r nya, \u00e4ven om jag som speditionschef redan var involverad i m\u00e5nga av dem, s\u00e5 f\u00f6r\u00e4ndringen \u00e4r inte helt drastisk. N\u00e4r det g\u00e4ller ledning och utveckling av teamet satsar jag p\u00e5 \u00f6ppen kommunikation, tydliga m\u00e5l och individuell utveckling f\u00f6r att skapa en positiv arbetsmilj\u00f6. Jag str\u00e4var alltid efter att f\u00f6rmedla till medarbetarna vikten av f\u00f6rst\u00e5else och perspektivbyte, vilket \u00e4r s\u00e4rskilt viktigt med tanke p\u00e5 min m\u00e5ng\u00e5riga erfarenhet hos Nagel-Group.<\/p><\/div><\/div><\/div><\/div>\t\t\t\t\t\t\t\t<\/div>\n\t\t\t\t<\/div>\n\t\t\t\t<\/div>\n\t\t\t\t\t<\/div>\n\t\t\t\t<\/div>\n\t\t<div class=\"elementor-element elementor-element-1c41d6b e-flex e-con-boxed e-con e-parent\" data-id=\"1c41d6b\" data-element_type=\"container\" data-e-type=\"container\" data-settings=\"{&quot;jet_parallax_layout_list&quot;:[]}\">\n\t\t\t\t\t<div class=\"e-con-inner\">\n\t\t\t\t<div class=\"elementor-element elementor-element-6da8a5a elementor-widget elementor-widget-heading\" data-id=\"6da8a5a\" data-element_type=\"widget\" data-e-type=\"widget\" data-widget_type=\"heading.default\">\n\t\t\t\t<div class=\"elementor-widget-container\">\n\t\t\t\t\t<h3 class=\"elementor-heading-title elementor-size-default\">Starkt engagemang och tydliga v\u00e4rderingar: Det som k\u00e4nnetecknar Nagel-Group f\u00f6r Florian<\/h3>\t\t\t\t<\/div>\n\t\t\t\t<\/div>\n\t\t\t\t\t<\/div>\n\t\t\t\t<\/div>\n\t\t<div class=\"elementor-element elementor-element-efa1a06 e-flex e-con-boxed e-con e-parent\" data-id=\"efa1a06\" data-element_type=\"container\" data-e-type=\"container\" data-settings=\"{&quot;jet_parallax_layout_list&quot;:[]}\">\n\t\t\t\t\t<div class=\"e-con-inner\">\n\t\t<div class=\"elementor-element elementor-element-a26b887 e-con-full e-flex e-con e-child\" data-id=\"a26b887\" data-element_type=\"container\" data-e-type=\"container\" data-settings=\"{&quot;jet_parallax_layout_list&quot;:[]}\">\n\t\t\t\t<div class=\"elementor-element elementor-element-e1fa750 elementor-widget elementor-widget-text-editor\" data-id=\"e1fa750\" data-element_type=\"widget\" data-e-type=\"widget\" data-widget_type=\"text-editor.default\">\n\t\t\t\t<div class=\"elementor-widget-container\">\n\t\t\t\t\t\t\t\t\t<div class=\"section clearfix\" style=\"text-align: left;\"><div class=\"shifted\"><div class=\"section clearfix\" style=\"text-align: left;\"><div class=\"shifted\"><p><span style=\"letter-spacing: 0px;\"><span class=\"highlight\"><b>Hur skulle du beskriva din relation till Nagel-Group och vilka aspekter av arbetskulturen och f\u00f6retagets varum\u00e4rke v\u00e4rdes\u00e4tter du s\u00e4rskilt?<\/b><\/span><\/span><\/p><\/div><\/div><\/div><\/div><div class=\"section clearfix\"><div class=\"shifted\"><p style=\"text-align: left;\">Mitt band till Nagel-Group \u00e4r s\u00e4rskilt starkt efter m\u00e5nga \u00e5rs anst\u00e4llning, eftersom jag redan har tillbringat mer \u00e4n halva mitt liv h\u00e4r. Denna n\u00e4ra koppling, tillsammans med en djup k\u00e4nnedom om m\u00e5nga kollegor sedan b\u00f6rjan av min karri\u00e4r inom logistiken, fr\u00e4mjar ett f\u00f6rtroendefullt samarbete och en stark teamk\u00e4nsla. Jag uppskattar s\u00e4rskilt den balanserade mixen av laganda, \u00f6ppenhet och den kontinuerliga str\u00e4van efter f\u00f6rb\u00e4ttring som pr\u00e4glar arbetskulturen h\u00e4r. Nagel-Group utm\u00e4rker sig genom sin styrka, p\u00e5litlighet och engagemang, och som l\u00e5ng etablerad akt\u00f6r inom livsmedelslogistik erbjuder f\u00f6retaget trygga karri\u00e4rm\u00f6jligheter. Dessutom \u00e4r den starka kundfokuseringen och det h\u00f6ga v\u00e4rde som l\u00e4ggs p\u00e5 medarbetarnas utveckling mycket attraktivt. Samtidigt ser jag potential att f\u00f6rb\u00e4ttra f\u00f6retagets externa profil f\u00f6r att \u00f6ka k\u00e4nnedom och g\u00f6ra de m\u00e5nga positiva aspekterna av Nagel-Group \u00e4nnu mer synliga.<\/p><p style=\"text-align: left;\"><span class=\"highlight\"><b>Vilka visioner har du f\u00f6r W\u00fcrzburg-anl\u00e4ggningens framtid?<\/b><\/span><\/p><p style=\"text-align: left;\">Min vision \u00e4r att successivt f\u00f6rb\u00e4ttra verksamheten i W\u00fcrzburg och l\u00e4gga grunden f\u00f6r l\u00e5ngsiktig framg\u00e5ng och ett tillfredst\u00e4llande arbete. Jag str\u00e4var efter att utveckla W\u00fcrzburg till en modell f\u00f6r effektivitet och n\u00f6jda medarbetare, och l\u00e4gger stor vikt vid att uppn\u00e5 ekonomiska m\u00e5l och att m\u00e4tas mot dem. Samtidigt vill jag fr\u00e4mja en stark teamk\u00e4nsla f\u00f6r att s\u00e4kerst\u00e4lla en harmonisk och produktiv arbetsmilj\u00f6.<\/p><\/div><\/div>\t\t\t\t\t\t\t\t<\/div>\n\t\t\t\t<\/div>\n\t\t\t\t<\/div>\n\t\t\t\t\t<\/div>\n\t\t\t\t<\/div>\n\t\t<div class=\"elementor-element elementor-element-781df93 e-flex e-con-boxed e-con e-parent\" data-id=\"781df93\" data-element_type=\"container\" data-e-type=\"container\" data-settings=\"{&quot;jet_parallax_layout_list&quot;:[]}\">\n\t\t\t\t\t<div class=\"e-con-inner\">\n\t\t<div class=\"elementor-element elementor-element-194d038 e-con-full e-flex e-con e-child\" data-id=\"194d038\" data-element_type=\"container\" data-e-type=\"container\" data-settings=\"{&quot;jet_parallax_layout_list&quot;:[]}\">\n\t\t<div class=\"elementor-element elementor-element-211d6cb e-con-full e-flex e-con e-child\" data-id=\"211d6cb\" data-element_type=\"container\" data-e-type=\"container\" data-settings=\"{&quot;jet_parallax_layout_list&quot;:[]}\">\n\t\t<div class=\"elementor-element elementor-element-ff5e378 e-con-full e-flex e-con e-child\" data-id=\"ff5e378\" data-element_type=\"container\" data-e-type=\"container\" data-settings=\"{&quot;jet_parallax_layout_list&quot;:[]}\">\n\t\t<div class=\"elementor-element elementor-element-9026189 e-con-full e-flex e-con e-child\" data-id=\"9026189\" data-element_type=\"container\" data-e-type=\"container\" data-settings=\"{&quot;jet_parallax_layout_list&quot;:[]}\">\n\t\t\t\t<div class=\"elementor-element elementor-element-1488a6d elementor-widget__width-inherit elementor-widget-divider--view-line elementor-invisible elementor-widget elementor-widget-divider\" data-id=\"1488a6d\" data-element_type=\"widget\" data-e-type=\"widget\" data-settings=\"{&quot;_animation&quot;:&quot;fadeInLeft&quot;}\" data-widget_type=\"divider.default\">\n\t\t\t\t<div class=\"elementor-widget-container\">\n\t\t\t\t\t\t\t<div class=\"elementor-divider\">\n\t\t\t<span class=\"elementor-divider-separator\">\n\t\t\t\t\t\t<\/span>\n\t\t<\/div>\n\t\t\t\t\t\t<\/div>\n\t\t\t\t<\/div>\n\t\t\t\t<\/div>\n\t\t\t\t<\/div>\n\t\t\t\t<\/div>\n\t\t\t\t<\/div>\n\t\t\t\t\t<\/div>\n\t\t\t\t<\/div>\n\t\t<div class=\"elementor-element elementor-element-b0d5427 e-flex e-con-boxed e-con e-parent\" data-id=\"b0d5427\" data-element_type=\"container\" data-e-type=\"container\" data-settings=\"{&quot;jet_parallax_layout_list&quot;:[]}\">\n\t\t\t\t\t<div class=\"e-con-inner\">\n\t\t<div class=\"elementor-element elementor-element-ca45c1c e-con-full e-flex e-con e-child\" data-id=\"ca45c1c\" data-element_type=\"container\" data-e-type=\"container\" data-settings=\"{&quot;background_background&quot;:&quot;classic&quot;,&quot;jet_parallax_layout_list&quot;:[]}\">\n\t\t\t\t<div class=\"elementor-element elementor-element-71f7021 elementor-cta--skin-cover elementor-cta--valign-bottom elementor-widget__width-initial elementor-invisible elementor-widget elementor-widget-call-to-action\" data-id=\"71f7021\" data-element_type=\"widget\" data-e-type=\"widget\" data-settings=\"{&quot;_animation&quot;:&quot;fadeInUp&quot;}\" data-widget_type=\"call-to-action.default\">\n\t\t\t\t<div class=\"elementor-widget-container\">\n\t\t\t\t\t\t\t<a class=\"elementor-cta\" href=\"https:\/\/karriere.nagel-group.com\/sv\/ausbildung-in-teilzeit\/\">\n\t\t\t\t\t<div class=\"elementor-cta__bg-wrapper\">\n\t\t\t\t<div class=\"elementor-cta__bg elementor-bg\" style=\"background-image: url(https:\/\/i0.wp.com\/karriere.nagel-group.com\/wp-content\/uploads\/2024\/10\/Derya-Ferhan-Usluoglu.jpg?fit=2508%2C3609&#038;ssl=1);\" role=\"img\" aria-label=\"Anst\u00e4llda framf\u00f6r en v\u00e4rldskarta p\u00e5 kontoret\"><\/div>\n\t\t\t\t<div class=\"elementor-cta__bg-overlay\"><\/div>\n\t\t\t<\/div>\n\t\t\t\t\t\t\t<div class=\"elementor-cta__content\">\n\t\t\t\t\n\t\t\t\t\t\t\t\t\t<span class=\"elementor-cta__title elementor-cta__content-item elementor-content-item\">\n\t\t\t\t\t\tUtbildning p\u00e5 deltid\t\t\t\t\t<\/span>\n\t\t\t\t\n\t\t\t\t\t\t\t\t\t<div class=\"elementor-cta__description elementor-cta__content-item elementor-content-item\">\n\t\t\t\t\t\tDerya-Ferhan Usluoglu\t\t\t\t\t<\/div>\n\t\t\t\t\n\t\t\t\t\t\t\t<\/div>\n\t\t\t\t\t\t<\/a>\n\t\t\t\t\t\t<\/div>\n\t\t\t\t<\/div>\n\t\t\t\t<div class=\"elementor-element elementor-element-bdb2f80 elementor-cta--skin-cover elementor-cta--valign-bottom elementor-widget__width-initial elementor-invisible elementor-widget elementor-widget-call-to-action\" data-id=\"bdb2f80\" data-element_type=\"widget\" data-e-type=\"widget\" data-settings=\"{&quot;_animation&quot;:&quot;fadeInUp&quot;}\" data-widget_type=\"call-to-action.default\">\n\t\t\t\t<div class=\"elementor-widget-container\">\n\t\t\t\t\t\t\t<a class=\"elementor-cta\" href=\"https:\/\/karriere.nagel-group.com\/sv\/von-bad-groenenbach-nach-irland\/\">\n\t\t\t\t\t<div class=\"elementor-cta__bg-wrapper\">\n\t\t\t\t<div class=\"elementor-cta__bg elementor-bg\" style=\"background-image: url(https:\/\/i0.wp.com\/karriere.nagel-group.com\/wp-content\/uploads\/2024\/10\/Nico-Baumann.jpg?fit=404%2C495&#038;ssl=1);\" role=\"img\" aria-label=\"Anst\u00e4llda vandrar p\u00e5 en kuststig under molniga skyar\"><\/div>\n\t\t\t\t<div class=\"elementor-cta__bg-overlay\"><\/div>\n\t\t\t<\/div>\n\t\t\t\t\t\t\t<div class=\"elementor-cta__content\">\n\t\t\t\t\n\t\t\t\t\t\t\t\t\t<span class=\"elementor-cta__title elementor-cta__content-item elementor-content-item\">\n\t\t\t\t\t\tFr\u00e5n Bad Gr\u00f6nenbach till Irland\t\t\t\t\t<\/span>\n\t\t\t\t\n\t\t\t\t\t\t\t\t\t<div class=\"elementor-cta__description elementor-cta__content-item elementor-content-item\">\n\t\t\t\t\t\tNico Baumann\t\t\t\t\t<\/div>\n\t\t\t\t\n\t\t\t\t\t\t\t<\/div>\n\t\t\t\t\t\t<\/a>\n\t\t\t\t\t\t<\/div>\n\t\t\t\t<\/div>\n\t\t\t\t<div class=\"elementor-element elementor-element-cb3f9c0 elementor-cta--skin-cover elementor-cta--valign-bottom elementor-widget__width-initial elementor-invisible elementor-widget elementor-widget-call-to-action\" data-id=\"cb3f9c0\" data-element_type=\"widget\" data-e-type=\"widget\" data-settings=\"{&quot;_animation&quot;:&quot;fadeInUp&quot;}\" data-widget_type=\"call-to-action.default\">\n\t\t\t\t<div class=\"elementor-widget-container\">\n\t\t\t\t\t\t\t<a class=\"elementor-cta\" href=\"https:\/\/karriere.nagel-group.com\/sv\/40-jahre-nagel-group\/\">\n\t\t\t\t\t<div class=\"elementor-cta__bg-wrapper\">\n\t\t\t\t<div class=\"elementor-cta__bg elementor-bg\" style=\"background-image: url(https:\/\/i0.wp.com\/karriere.nagel-group.com\/wp-content\/uploads\/2024\/10\/Egbert-Bellscheidt.jpg?fit=3992%2C3648&#038;ssl=1);\" role=\"img\" aria-label=\"Anst\u00e4lld i f\u00f6rgrunden, teamet diskuterar framf\u00f6r en sk\u00e4rm med en karta \u00f6ver Europa i bakgrunden.\"><\/div>\n\t\t\t\t<div class=\"elementor-cta__bg-overlay\"><\/div>\n\t\t\t<\/div>\n\t\t\t\t\t\t\t<div class=\"elementor-cta__content\">\n\t\t\t\t\n\t\t\t\t\t\t\t\t\t<span class=\"elementor-cta__title elementor-cta__content-item elementor-content-item\">\n\t\t\t\t\t\t40 \u00e5r med Nage-koncernen\t\t\t\t\t<\/span>\n\t\t\t\t\n\t\t\t\t\t\t\t\t\t<div class=\"elementor-cta__description elementor-cta__content-item elementor-content-item\">\n\t\t\t\t\t\tEgbert Bellscheidt\t\t\t\t\t<\/div>\n\t\t\t\t\n\t\t\t\t\t\t\t<\/div>\n\t\t\t\t\t\t<\/a>\n\t\t\t\t\t\t<\/div>\n\t\t\t\t<\/div>\n\t\t\t\t<\/div>\n\t\t<div class=\"elementor-element elementor-element-da17d75 e-con-full e-flex e-con e-child\" data-id=\"da17d75\" data-element_type=\"container\" data-e-type=\"container\" data-settings=\"{&quot;background_background&quot;:&quot;classic&quot;,&quot;jet_parallax_layout_list&quot;:[]}\">\n\t\t<div class=\"elementor-element elementor-element-29b60c7 e-con-full e-flex elementor-invisible e-con e-child\" data-id=\"29b60c7\" data-element_type=\"container\" data-e-type=\"container\" data-settings=\"{&quot;jet_parallax_layout_list&quot;:[],&quot;animation&quot;:&quot;fadeIn&quot;}\">\n\t\t\t\t<div class=\"elementor-element elementor-element-ceba587 elementor-widget__width-inherit elementor-widget-divider--view-line elementor-invisible elementor-widget elementor-widget-divider\" data-id=\"ceba587\" data-element_type=\"widget\" data-e-type=\"widget\" data-settings=\"{&quot;_animation&quot;:&quot;fadeInLeft&quot;}\" data-widget_type=\"divider.default\">\n\t\t\t\t<div class=\"elementor-widget-container\">\n\t\t\t\t\t\t\t<div class=\"elementor-divider\">\n\t\t\t<span class=\"elementor-divider-separator\">\n\t\t\t\t\t\t<\/span>\n\t\t<\/div>\n\t\t\t\t\t\t<\/div>\n\t\t\t\t<\/div>\n\t\t<div class=\"elementor-element elementor-element-ef5db61 e-flex e-con-boxed e-con e-child\" data-id=\"ef5db61\" data-element_type=\"container\" data-e-type=\"container\" data-settings=\"{&quot;jet_parallax_layout_list&quot;:[]}\">\n\t\t\t\t\t<div class=\"e-con-inner\">\n\t\t\t\t<div class=\"elementor-element elementor-element-d5650be elementor-widget__width-initial elementor-view-default elementor-position-block-start elementor-mobile-position-block-start elementor-invisible elementor-widget elementor-widget-icon-box\" data-id=\"d5650be\" data-element_type=\"widget\" data-e-type=\"widget\" data-settings=\"{&quot;_animation&quot;:&quot;fadeInUp&quot;}\" data-widget_type=\"icon-box.default\">\n\t\t\t\t<div class=\"elementor-widget-container\">\n\t\t\t\t\t\t\t<div class=\"elementor-icon-box-wrapper\">\n\n\t\t\t\t\t\t<div class=\"elementor-icon-box-icon\">\n\t\t\t\t<span  class=\"elementor-icon\">\n\t\t\t\t<svg xmlns=\"http:\/\/www.w3.org\/2000\/svg\" xmlns:xlink=\"http:\/\/www.w3.org\/1999\/xlink\" width=\"512\" height=\"512\" x=\"0\" y=\"0\" viewbox=\"0 0 74 74\" style=\"enable-background:new 0 0 512 512\" xml:space=\"preserve\" class=\"\"><g><path d=\"M41 22.1h-.07A1 1 0 0 1 40 21l.12-1.73c-4.31.5-6.7-.84-8-2.13a2.79 2.79 0 0 1-.68-2.83 2.85 2.85 0 0 1 2.21-2L45 10.2a3.53 3.53 0 0 1 4 2.31l2.1 6a1 1 0 1 1-1.89.67l-2.1-6a1.55 1.55 0 0 0-1.77-1l-11.28 2.15a.87.87 0 0 0-.67.61.78.78 0 0 0 .19.82c1.51 1.53 4.08 2 7.45 1.38a1 1 0 0 1 .84.24 1 1 0 0 1 .34.81l-.2 3a1 1 0 0 1-1.01.91z\" fill=\"#e26b53\" opacity=\"1\" data-original=\"#000000\"><\/path><path d=\"M46.53 28.92a1 1 0 0 1-.32-1.92l8.24-2.84a1.92 1.92 0 0 0 1.21-2.41l-.42-1.31a1.93 1.93 0 0 0-2.3-1.29l-14.61 3.57a1 1 0 1 1-.47-1.94l14.6-3.59a3.93 3.93 0 0 1 4.69 2.63l.42 1.3A3.92 3.92 0 0 1 55.1 26l-8.24 2.84a1 1 0 0 1-.33.08z\" fill=\"#e26b53\" opacity=\"1\" data-original=\"#000000\"><\/path><path d=\"M47 36.17a1 1 0 0 1-.92-.6 1 1 0 0 1 .52-1.32l8.09-3.51a1.93 1.93 0 0 0 1-2.44l-.16-.45a2 2 0 0 0-2.44-1.15l-6.29 2.17a1 1 0 0 1-.59-1.87l6.29-2.17a3.9 3.9 0 0 1 5 2.35l.17.44a3.94 3.94 0 0 1-2.12 5l-8.1 3.51a.91.91 0 0 1-.45.04z\" fill=\"#e26b53\" opacity=\"1\" data-original=\"#000000\"><\/path><path d=\"M49.58 43a1 1 0 0 1-.47-1.88l7.55-4a1.92 1.92 0 0 0 .87-2.45l-.29-.67a2 2 0 0 0-1.07-1.05 2 2 0 0 0-1.48 0L49 35.39a1 1 0 0 1-.8-1.84l5.66-2.45a3.94 3.94 0 0 1 5.19 2.08l.29.7a3.92 3.92 0 0 1-1.77 5l-7.55 4a1 1 0 0 1-.44.12z\" fill=\"#e26b53\" opacity=\"1\" data-original=\"#000000\"><\/path><path d=\"M17.16 67.62a1 1 0 0 1-.5-1.87l21.16-12.19L58 43a1.94 1.94 0 0 0 .83-2.6 1.92 1.92 0 0 0-1.14-.95 1.89 1.89 0 0 0-1.49.14l-5.36 2.86a1 1 0 1 1-.94-1.76l5.36-2.87a3.94 3.94 0 0 1 5.34 1.66 3.92 3.92 0 0 1-1.67 5.29L38.78 55.31 17.65 67.49a1 1 0 0 1-.49.13zM25.18 19.69a1 1 0 0 1-.43-.1 1 1 0 0 1-.47-1.33l3-6.27a3.56 3.56 0 0 1 3.64-2l9.54 1.13a1 1 0 1 1-.23 2L30.68 12a1.58 1.58 0 0 0-1.59.88l-3 6.27a1 1 0 0 1-.91.54z\" fill=\"#e26b53\" opacity=\"1\" data-original=\"#000000\"><\/path><path d=\"M30.43 28.8a4.24 4.24 0 0 1-1.43-.25L19.26 25a4.23 4.23 0 0 1-2.49-5.48l.26-.68a4.14 4.14 0 0 1 2.25-2.36 4.21 4.21 0 0 1 3.27-.06l9.62 3.84a4.24 4.24 0 0 1 2.38 5.43l-.16.41a4.25 4.25 0 0 1-3.96 2.7zM18.9 19.53l-.26.69a2.16 2.16 0 0 0 .05 1.71A2.23 2.23 0 0 0 20 23.1l9.72 3.57a2.25 2.25 0 0 0 2.85-1.3l.16-.41a2.24 2.24 0 0 0-1.26-2.87l-9.67-3.83a2.23 2.23 0 0 0-1.72 0 2.18 2.18 0 0 0-1.18 1.24z\" fill=\"#e26b53\" opacity=\"1\" data-original=\"#000000\"><\/path><path d=\"M28.77 35.07a4.11 4.11 0 0 1-1.24-.19l-10-3.06a4.23 4.23 0 0 1-2.71-5.57l.18-.55a4.24 4.24 0 0 1 5.4-2.44l9.83 3.61a4.23 4.23 0 0 1-1.44 8.2zM18.93 25a2.23 2.23 0 0 0-2.08 1.42l-.22.55a2.24 2.24 0 0 0 1.43 2.94L28.11 33a2.23 2.23 0 0 0 1.42-4.23l-9.84-3.6a2 2 0 0 0-.76-.17z\" fill=\"#e26b53\" opacity=\"1\" data-original=\"#000000\"><\/path><path d=\"M27.42 41.71h-.39a27.89 27.89 0 0 1-11.09-3.51 4.32 4.32 0 0 1 3.43-7.87l9.3 2.83a4.33 4.33 0 0 1 2.83 5.54v.11a4.29 4.29 0 0 1-4.08 2.9zm-9.3-9.59A2.35 2.35 0 0 0 16 33.59a2.3 2.3 0 0 0 1 2.85 26 26 0 0 0 10.21 3.26 2.29 2.29 0 0 0 2.36-1.56v-.11a2.33 2.33 0 0 0-1.52-3l-9.3-2.83a2.22 2.22 0 0 0-.63-.08z\" fill=\"#e26b53\" opacity=\"1\" data-original=\"#000000\"><\/path><path d=\"M22.93 46a21.18 21.18 0 0 1-6.34-1A3.89 3.89 0 0 1 14 40.28a3.93 3.93 0 0 1 2.08-2.59 3.84 3.84 0 0 1 3.23-.07A25.07 25.07 0 0 0 26 39.56 3.09 3.09 0 0 1 28.64 43a3.06 3.06 0 0 1-2.46 2.64 18.53 18.53 0 0 1-3.25.36zm-5.15-6.7a1.81 1.81 0 0 0-.81.19 1.92 1.92 0 0 0-1 1.27A1.89 1.89 0 0 0 17.18 43a18.18 18.18 0 0 0 8.65.66 1.06 1.06 0 0 0 .83-.93 1.1 1.1 0 0 0-.93-1.22 26.67 26.67 0 0 1-7.22-2.09 1.83 1.83 0 0 0-.73-.12z\" fill=\"#e26b53\" opacity=\"1\" data-original=\"#000000\"><\/path><path d=\"M4 52.14a1 1 0 0 1-.87-.51 1 1 0 0 1 .38-1.36l12.89-7.16a1 1 0 0 1 1 1.75L4.49 52a1.07 1.07 0 0 1-.49.14zM72 52.79a1 1 0 0 1-.46-.12l-14.32-7.46a1 1 0 1 1 .92-1.77l14.32 7.46a1 1 0 0 1-.46 1.89zM61.2 67.44a1 1 0 0 1-.46-.12l-22.88-12a1 1 0 0 1-.42-1.32 1 1 0 0 1 1.35-.42l22.88 12a1 1 0 0 1-.47 1.89z\" fill=\"#e26b53\" opacity=\"1\" data-original=\"#000000\"><\/path><\/g><\/svg>\t\t\t\t<\/span>\n\t\t\t<\/div>\n\t\t\t\n\t\t\t\t\t\t<div class=\"elementor-icon-box-content\">\n\n\t\t\t\t\t\t\t\t\t<h3 class=\"elementor-icon-box-title\">\n\t\t\t\t\t\t<span  >\n\t\t\t\t\t\t\tNagel som arbetsgivare\t\t\t\t\t\t<\/span>\n\t\t\t\t\t<\/h3>\n\t\t\t\t\n\t\t\t\t\t\t\t\t\t<p class=\"elementor-icon-box-description\">\n\t\t\t\t\t\tTa reda p\u00e5 mer om v\u00e5ra f\u00f6retagsv\u00e4rderingar, teamkulturen och vad som k\u00e4nnetecknar Nagel-Group som arbetsgivare.\n<\/br> <\/br>\n<a href=\"https:\/\/karriere.nagel-group.com\/sv\/?page_id=23090\" style=\"float: left\">Mer \u2192<\/a>\t\t\t\t\t<\/p>\n\t\t\t\t\n\t\t\t<\/div>\n\t\t\t\n\t\t<\/div>\n\t\t\t\t\t\t<\/div>\n\t\t\t\t<\/div>\n\t\t\t\t<div class=\"elementor-element elementor-element-8bd5516 elementor-widget__width-initial elementor-view-default elementor-position-block-start elementor-mobile-position-block-start elementor-invisible elementor-widget elementor-widget-icon-box\" data-id=\"8bd5516\" data-element_type=\"widget\" data-e-type=\"widget\" data-settings=\"{&quot;_animation&quot;:&quot;fadeInUp&quot;}\" data-widget_type=\"icon-box.default\">\n\t\t\t\t<div class=\"elementor-widget-container\">\n\t\t\t\t\t\t\t<div class=\"elementor-icon-box-wrapper\">\n\n\t\t\t\t\t\t<div class=\"elementor-icon-box-icon\">\n\t\t\t\t<span  class=\"elementor-icon\">\n\t\t\t\t<svg xmlns=\"http:\/\/www.w3.org\/2000\/svg\" xmlns:xlink=\"http:\/\/www.w3.org\/1999\/xlink\" width=\"512\" height=\"512\" x=\"0\" y=\"0\" viewbox=\"0 0 24 24\" style=\"enable-background:new 0 0 512 512\" xml:space=\"preserve\"><g><path d=\"M11.834 10.754a3.51 3.51 0 0 0 5.758-.013 1.3 1.3 0 0 0 .127-.271v-.005a1.079 1.079 0 0 0-.136-.946 3.328 3.328 0 0 0-1.426-1.175.41.41 0 0 0-.054-.03c-.069-.031-.147-.043-.219-.07A1.57 1.57 0 0 0 16.3 7.19a1.585 1.585 0 1 0-2.757 1.058c-.083.03-.173.047-.252.084a3.332 3.332 0 0 0-1.455 1.191 1.043 1.043 0 0 0-.146.885.94.94 0 0 0 .144.346zm2.876-4.4a.835.835 0 1 1-.835.835.836.836 0 0 1 .835-.834zm-2.259 3.59a2.59 2.59 0 0 1 1.14-.928 2.729 2.729 0 0 1 2.147-.044.478.478 0 0 0 .071.038 2.581 2.581 0 0 1 1.156.931.336.336 0 0 1 .043.29.715.715 0 0 1-.041.1 2.728 2.728 0 0 1-2.254 1.169 2.5 2.5 0 0 1-2.262-1.171c-.014-.027-.042-.113-.042-.113a.324.324 0 0 1 .042-.271zM18.5 2.625h-8a2.953 2.953 0 0 0-2.874 3.021V11.1H4.985a2.423 2.423 0 0 0-2.359 2.477v4.781A2.954 2.954 0 0 0 5.5 21.375h.033l12.988-.08a2.959 2.959 0 0 0 2.854-3.02V5.646A2.953 2.953 0 0 0 18.5 2.625zm-12.976 18H5.5a2.2 2.2 0 0 1-2.124-2.272v-4.781a1.673 1.673 0 0 1 1.609-1.727h2.641v6.508a2.207 2.207 0 0 1-2.1 2.272zm15.1-2.35a2.208 2.208 0 0 1-2.109 2.27l-11.11.068a3.082 3.082 0 0 0 .969-2.26V5.646A2.2 2.2 0 0 1 10.5 3.375h8a2.2 2.2 0 0 1 2.124 2.271zm-1.541-4.42a.375.375 0 0 1-.375.375h-8a.375.375 0 0 1 0-.75h8a.375.375 0 0 1 .377.375zm0 1.981a.375.375 0 0 1-.375.375h-8a.375.375 0 0 1 0-.75h8a.375.375 0 0 1 .377.375zm0 1.982a.375.375 0 0 1-.375.375h-8a.375.375 0 0 1 0-.75h8a.375.375 0 0 1 .377.375z\" fill=\"#e26b53\" opacity=\"1\" data-original=\"#000000\"><\/path><\/g><\/svg>\t\t\t\t<\/span>\n\t\t\t<\/div>\n\t\t\t\n\t\t\t\t\t\t<div class=\"elementor-icon-box-content\">\n\n\t\t\t\t\t\t\t\t\t<h3 class=\"elementor-icon-box-title\">\n\t\t\t\t\t\t<span  >\n\t\t\t\t\t\t\tAns\u00f6k nu\t\t\t\t\t\t<\/span>\n\t\t\t\t\t<\/h3>\n\t\t\t\t\n\t\t\t\t\t\t\t\t\t<p class=\"elementor-icon-box-description\">\n\t\t\t\t\t\t\u00c4r du redo att ta n\u00e4sta steg i din karri\u00e4r? Klicka h\u00e4r f\u00f6r att l\u00e4sa mer om v\u00e5ra lediga tj\u00e4nster.\n<\/br> <\/br>\n<a href=\"https:\/\/careers.nagel-group.com\/search\" target=\"_blank\" rel=\"noopener noreferrer\" style=\"float: left\">Mer \u2192<\/a>\n\t\t\t\t\t<\/p>\n\t\t\t\t\n\t\t\t<\/div>\n\t\t\t\n\t\t<\/div>\n\t\t\t\t\t\t<\/div>\n\t\t\t\t<\/div>\n\t\t\t\t<div class=\"elementor-element elementor-element-ced7272 elementor-widget__width-initial elementor-view-default elementor-position-block-start elementor-mobile-position-block-start elementor-invisible elementor-widget elementor-widget-icon-box\" data-id=\"ced7272\" data-element_type=\"widget\" data-e-type=\"widget\" data-settings=\"{&quot;_animation&quot;:&quot;fadeInUp&quot;}\" data-widget_type=\"icon-box.default\">\n\t\t\t\t<div class=\"elementor-widget-container\">\n\t\t\t\t\t\t\t<div class=\"elementor-icon-box-wrapper\">\n\n\t\t\t\t\t\t<div class=\"elementor-icon-box-icon\">\n\t\t\t\t<span  class=\"elementor-icon\">\n\t\t\t\t<svg xmlns=\"http:\/\/www.w3.org\/2000\/svg\" xmlns:xlink=\"http:\/\/www.w3.org\/1999\/xlink\" width=\"512\" height=\"512\" x=\"0\" y=\"0\" viewbox=\"0 0 511.874 511.874\" style=\"enable-background:new 0 0 512 512\" xml:space=\"preserve\" class=\"\"><g><path d=\"M490.114 12.813H132.568c-12.012.014-21.746 9.748-21.76 21.76v98.62l-16.35-24.525c-7.484-11.289-22.535-14.676-34.133-7.68l-33.638 20.224a49.355 49.355 0 0 0-22.545 29.244C-8.129 195.137.976 272.116 113.966 385.123c89.855 89.762 156.85 113.937 203.024 113.937 10.69.049 21.339-1.34 31.659-4.13a49.44 49.44 0 0 0 29.252-22.519l20.198-33.673c6.968-11.589 3.584-26.609-7.68-34.091l-80.546-53.692c-11.049-7.308-25.859-4.905-34.031 5.521l-23.45 30.148a8.166 8.166 0 0 1-10.445 2.21l-4.463-2.458c-14.686-8.004-32.964-17.971-69.879-54.886a605.694 605.694 0 0 1-11.008-11.307h333.517c11.982.009 21.713-9.676 21.76-21.658V34.573c-.014-12.012-9.748-21.746-21.76-21.76zM229.318 401.362l4.335 2.381c10.897 6.093 24.614 3.266 32.213-6.639l23.45-30.148a8.294 8.294 0 0 1 11.093-1.801l80.546 53.692a8.243 8.243 0 0 1 2.5 11.093l-20.198 33.673a32.425 32.425 0 0 1-19.123 14.848c-40.337 11.093-110.933 1.707-218.078-105.446S9.56 195.273 20.627 154.97a32.427 32.427 0 0 1 14.839-19.123l33.673-20.207a8.251 8.251 0 0 1 11.093 2.5l53.717 80.546a8.285 8.285 0 0 1-1.801 11.093l-30.157 23.458c-9.903 7.597-12.731 21.311-6.639 32.205l2.389 4.335c8.533 15.65 19.14 35.123 57.805 73.779 38.666 38.657 58.131 49.272 73.772 57.806zm265.49-102.836a4.659 4.659 0 0 1-4.693 4.608H141.203a215.204 215.204 0 0 1-28.476-41.506l-2.458-4.48a8.14 8.14 0 0 1 2.202-10.428l30.157-23.458c10.43-8.17 12.833-22.982 5.521-34.031l-20.275-30.43V34.573a4.642 4.642 0 0 1 4.693-4.693h357.547a4.642 4.642 0 0 1 4.693 4.693v263.953z\" fill=\"#e26b53\" opacity=\"1\" data-original=\"#000000\" class=\"\"><\/path><path d=\"m460.725 52.323-142.618 108.16a11.512 11.512 0 0 1-13.534 0L162.008 52.323a8.535 8.535 0 0 0-11.959 1.643 8.535 8.535 0 0 0 1.643 11.959l142.583 108.151a28.721 28.721 0 0 0 34.133 0L471.034 65.925a8.53 8.53 0 0 0 1.638-11.963 8.532 8.532 0 0 0-11.947-1.639zM238.517 174.793l-87.415 93.611a8.535 8.535 0 0 0 12.484 11.64l87.416-93.653a8.535 8.535 0 0 0-12.485-11.598zM384.728 174.793a8.534 8.534 0 0 0-12.062-.422 8.534 8.534 0 0 0-.422 12.062l87.39 93.611a8.534 8.534 0 0 0 12.062.422 8.534 8.534 0 0 0 .422-12.062l-87.39-93.611z\" fill=\"#e26b53\" opacity=\"1\" data-original=\"#000000\" class=\"\"><\/path><\/g><\/svg>\t\t\t\t<\/span>\n\t\t\t<\/div>\n\t\t\t\n\t\t\t\t\t\t<div class=\"elementor-icon-box-content\">\n\n\t\t\t\t\t\t\t\t\t<h3 class=\"elementor-icon-box-title\">\n\t\t\t\t\t\t<span  >\n\t\t\t\t\t\t\tKontakta oss\t\t\t\t\t\t<\/span>\n\t\t\t\t\t<\/h3>\n\t\t\t\t\n\t\t\t\t\t\t\t\t\t<p class=\"elementor-icon-box-description\">\n\t\t\t\t\t\tHar du n\u00e5gra fr\u00e5gor eller vill du veta mer om dina m\u00f6jligheter p\u00e5 Nagel-Group? V\u00e4lkommen att kontakta oss!\n<\/br> <\/br>\n<a href=\"https:\/\/karriere.nagel-group.com\/sv\/?page_id=23696\" style=\"float: left\">Mer \u2192<\/a>\t\t\t\t\t<\/p>\n\t\t\t\t\n\t\t\t<\/div>\n\t\t\t\n\t\t<\/div>\n\t\t\t\t\t\t<\/div>\n\t\t\t\t<\/div>\n\t\t\t\t\t<\/div>\n\t\t\t\t<\/div>\n\t\t\t\t<\/div>\n\t\t\t\t<\/div>\n\t\t\t\t\t<\/div>\n\t\t\t\t<\/div>\n\t\t\t\t<\/div>","protected":false},"excerpt":{"rendered":"<p>Inside Nagel Von der Ausbildung zum Standortleiter KARRIERE IN DER LOGISTIK: FLORIAN SCHMITTS DYNAMISCHE REISE BEI DER NAGEL-GROUP In der Welt der Logistik, wo Ver\u00e4nderung und Dynamik an der Tagesordnung stehen, ist eine konstante Weiterentwicklung unerl\u00e4sslich. Florian Schmitt, der nun seit \u00fcber zwei Jahrzehnten bei der Nagel-Group t\u00e4tig ist, hat eine beeindruckende Karriere in der [&hellip;]<\/p>\n","protected":false},"author":246537661,"featured_media":0,"parent":0,"menu_order":0,"comment_status":"closed","ping_status":"closed","template":"elementor_header_footer","meta":{"_crdt_document":"","footnotes":""},"class_list":["post-26129","page","type-page","status-publish","hentry"],"yoast_head":"<!-- This site is optimized with the Yoast SEO plugin v27.4 - https:\/\/yoast.com\/product\/yoast-seo-wordpress\/ -->\n<title>Karriere in der Logistik: Vom Azubi zum Standortleiter<\/title>\n<meta name=\"description\" content=\"Mache Karriere in der Logistik. Erfahre, wie ein Auszubildender bei der Nagel-Group Standortleiter wurde \u2013 eine echte Erfolgsgeschichte!\" \/>\n<meta name=\"robots\" content=\"index, follow, max-snippet:-1, max-image-preview:large, max-video-preview:-1\" \/>\n<link rel=\"canonical\" href=\"https:\/\/karriere.nagel-group.com\/sv\/von-der-ausbildung-zum-standortleiter\/\" \/>\n<meta property=\"og:locale\" content=\"sv_SE\" \/>\n<meta property=\"og:type\" content=\"article\" \/>\n<meta property=\"og:title\" content=\"Karriere in der Logistik: Vom Azubi zum Standortleiter\" \/>\n<meta property=\"og:description\" content=\"Mache Karriere in der Logistik. Erfahre, wie ein Auszubildender bei der Nagel-Group Standortleiter wurde \u2013 eine echte Erfolgsgeschichte!\" \/>\n<meta property=\"og:url\" content=\"https:\/\/karriere.nagel-group.com\/sv\/von-der-ausbildung-zum-standortleiter\/\" \/>\n<meta property=\"og:site_name\" content=\"Nagel-Group Karriere\" \/>\n<meta property=\"article:modified_time\" content=\"2025-04-28T05:49:19+00:00\" \/>\n<meta property=\"og:image\" content=\"https:\/\/karriere.nagel-group.com\/wp-content\/uploads\/2024\/10\/Florian-Schmitt-249x300.jpg\" \/>\n<meta name=\"twitter:card\" content=\"summary_large_image\" \/>\n<meta name=\"twitter:label1\" content=\"Ber\u00e4knad l\u00e4stid\" \/>\n\t<meta name=\"twitter:data1\" content=\"6 minuter\" \/>\n<script type=\"application\/ld+json\" class=\"yoast-schema-graph\">{\"@context\":\"https:\\\/\\\/schema.org\",\"@graph\":[{\"@type\":\"WebPage\",\"@id\":\"https:\\\/\\\/karriere.nagel-group.com\\\/von-der-ausbildung-zum-standortleiter\\\/\",\"url\":\"https:\\\/\\\/karriere.nagel-group.com\\\/von-der-ausbildung-zum-standortleiter\\\/\",\"name\":\"Karriere in der Logistik: Vom Azubi zum Standortleiter\",\"isPartOf\":{\"@id\":\"https:\\\/\\\/karriere.nagel-group.com\\\/#website\"},\"primaryImageOfPage\":{\"@id\":\"https:\\\/\\\/karriere.nagel-group.com\\\/von-der-ausbildung-zum-standortleiter\\\/#primaryimage\"},\"image\":{\"@id\":\"https:\\\/\\\/karriere.nagel-group.com\\\/von-der-ausbildung-zum-standortleiter\\\/#primaryimage\"},\"thumbnailUrl\":\"https:\\\/\\\/karriere.nagel-group.com\\\/wp-content\\\/uploads\\\/2024\\\/10\\\/Florian-Schmitt-249x300.jpg\",\"datePublished\":\"2024-10-17T11:08:35+00:00\",\"dateModified\":\"2025-04-28T05:49:19+00:00\",\"description\":\"Mache Karriere in der Logistik. Erfahre, wie ein Auszubildender bei der Nagel-Group Standortleiter wurde \u2013 eine echte Erfolgsgeschichte!\",\"breadcrumb\":{\"@id\":\"https:\\\/\\\/karriere.nagel-group.com\\\/von-der-ausbildung-zum-standortleiter\\\/#breadcrumb\"},\"inLanguage\":\"sv-SE\",\"potentialAction\":[{\"@type\":\"ReadAction\",\"target\":[\"https:\\\/\\\/karriere.nagel-group.com\\\/von-der-ausbildung-zum-standortleiter\\\/\"]}]},{\"@type\":\"ImageObject\",\"inLanguage\":\"sv-SE\",\"@id\":\"https:\\\/\\\/karriere.nagel-group.com\\\/von-der-ausbildung-zum-standortleiter\\\/#primaryimage\",\"url\":\"https:\\\/\\\/karriere.nagel-group.com\\\/wp-content\\\/uploads\\\/2024\\\/10\\\/Florian-Schmitt-249x300.jpg\",\"contentUrl\":\"https:\\\/\\\/karriere.nagel-group.com\\\/wp-content\\\/uploads\\\/2024\\\/10\\\/Florian-Schmitt-249x300.jpg\"},{\"@type\":\"BreadcrumbList\",\"@id\":\"https:\\\/\\\/karriere.nagel-group.com\\\/von-der-ausbildung-zum-standortleiter\\\/#breadcrumb\",\"itemListElement\":[{\"@type\":\"ListItem\",\"position\":1,\"name\":\"Startseite\",\"item\":\"https:\\\/\\\/karriere.nagel-group.com\\\/\"},{\"@type\":\"ListItem\",\"position\":2,\"name\":\"Von der Ausbildung zum Standortleiter\"}]},{\"@type\":\"WebSite\",\"@id\":\"https:\\\/\\\/karriere.nagel-group.com\\\/#website\",\"url\":\"https:\\\/\\\/karriere.nagel-group.com\\\/\",\"name\":\"Nagel-Group Karriere\",\"description\":\"Deine Karriere. Unsere Zukunft.\",\"publisher\":{\"@id\":\"https:\\\/\\\/karriere.nagel-group.com\\\/#organization\"},\"potentialAction\":[{\"@type\":\"SearchAction\",\"target\":{\"@type\":\"EntryPoint\",\"urlTemplate\":\"https:\\\/\\\/karriere.nagel-group.com\\\/?s={search_term_string}\"},\"query-input\":{\"@type\":\"PropertyValueSpecification\",\"valueRequired\":true,\"valueName\":\"search_term_string\"}}],\"inLanguage\":\"sv-SE\"},{\"@type\":\"Organization\",\"@id\":\"https:\\\/\\\/karriere.nagel-group.com\\\/#organization\",\"name\":\"Nagel-Group Karriere\",\"url\":\"https:\\\/\\\/karriere.nagel-group.com\\\/\",\"logo\":{\"@type\":\"ImageObject\",\"inLanguage\":\"sv-SE\",\"@id\":\"https:\\\/\\\/karriere.nagel-group.com\\\/#\\\/schema\\\/logo\\\/image\\\/\",\"url\":\"https:\\\/\\\/i0.wp.com\\\/karriere.nagel-group.com\\\/wp-content\\\/uploads\\\/2018\\\/08\\\/cropped-Nagel-Group.png?fit=2161%2C598&ssl=1\",\"contentUrl\":\"https:\\\/\\\/i0.wp.com\\\/karriere.nagel-group.com\\\/wp-content\\\/uploads\\\/2018\\\/08\\\/cropped-Nagel-Group.png?fit=2161%2C598&ssl=1\",\"width\":2161,\"height\":598,\"caption\":\"Nagel-Group Karriere\"},\"image\":{\"@id\":\"https:\\\/\\\/karriere.nagel-group.com\\\/#\\\/schema\\\/logo\\\/image\\\/\"}}]}<\/script>\n<!-- \/ Yoast SEO plugin. -->","yoast_head_json":{"title":"En karri\u00e4r inom logistik: fr\u00e5n praktikant till platschef","description":"G\u00f6r karri\u00e4r inom logistik. Ta reda p\u00e5 hur en praktikant blev platschef p\u00e5 Nagel-Group - en riktig framg\u00e5ngssaga!","robots":{"index":"index","follow":"follow","max-snippet":"max-snippet:-1","max-image-preview":"max-image-preview:large","max-video-preview":"max-video-preview:-1"},"canonical":"https:\/\/karriere.nagel-group.com\/sv\/von-der-ausbildung-zum-standortleiter\/","og_locale":"sv_SE","og_type":"article","og_title":"Karriere in der Logistik: Vom Azubi zum Standortleiter","og_description":"Mache Karriere in der Logistik. Erfahre, wie ein Auszubildender bei der Nagel-Group Standortleiter wurde \u2013 eine echte Erfolgsgeschichte!","og_url":"https:\/\/karriere.nagel-group.com\/sv\/von-der-ausbildung-zum-standortleiter\/","og_site_name":"Nagel-Group Karriere","article_modified_time":"2025-04-28T05:49:19+00:00","og_image":[{"url":"https:\/\/karriere.nagel-group.com\/wp-content\/uploads\/2024\/10\/Florian-Schmitt-249x300.jpg","type":"","width":"","height":""}],"twitter_card":"summary_large_image","twitter_misc":{"Ber\u00e4knad l\u00e4stid":"6 minuter"},"schema":{"@context":"https:\/\/schema.org","@graph":[{"@type":"WebPage","@id":"https:\/\/karriere.nagel-group.com\/von-der-ausbildung-zum-standortleiter\/","url":"https:\/\/karriere.nagel-group.com\/von-der-ausbildung-zum-standortleiter\/","name":"En karri\u00e4r inom logistik: fr\u00e5n praktikant till platschef","isPartOf":{"@id":"https:\/\/karriere.nagel-group.com\/#website"},"primaryImageOfPage":{"@id":"https:\/\/karriere.nagel-group.com\/von-der-ausbildung-zum-standortleiter\/#primaryimage"},"image":{"@id":"https:\/\/karriere.nagel-group.com\/von-der-ausbildung-zum-standortleiter\/#primaryimage"},"thumbnailUrl":"https:\/\/karriere.nagel-group.com\/wp-content\/uploads\/2024\/10\/Florian-Schmitt-249x300.jpg","datePublished":"2024-10-17T11:08:35+00:00","dateModified":"2025-04-28T05:49:19+00:00","description":"G\u00f6r karri\u00e4r inom logistik. Ta reda p\u00e5 hur en praktikant blev platschef p\u00e5 Nagel-Group - en riktig framg\u00e5ngssaga!","breadcrumb":{"@id":"https:\/\/karriere.nagel-group.com\/von-der-ausbildung-zum-standortleiter\/#breadcrumb"},"inLanguage":"sv-SE","potentialAction":[{"@type":"ReadAction","target":["https:\/\/karriere.nagel-group.com\/von-der-ausbildung-zum-standortleiter\/"]}]},{"@type":"ImageObject","inLanguage":"sv-SE","@id":"https:\/\/karriere.nagel-group.com\/von-der-ausbildung-zum-standortleiter\/#primaryimage","url":"https:\/\/karriere.nagel-group.com\/wp-content\/uploads\/2024\/10\/Florian-Schmitt-249x300.jpg","contentUrl":"https:\/\/karriere.nagel-group.com\/wp-content\/uploads\/2024\/10\/Florian-Schmitt-249x300.jpg"},{"@type":"BreadcrumbList","@id":"https:\/\/karriere.nagel-group.com\/von-der-ausbildung-zum-standortleiter\/#breadcrumb","itemListElement":[{"@type":"ListItem","position":1,"name":"Startseite","item":"https:\/\/karriere.nagel-group.com\/"},{"@type":"ListItem","position":2,"name":"Von der Ausbildung zum Standortleiter"}]},{"@type":"WebSite","@id":"https:\/\/karriere.nagel-group.com\/#website","url":"https:\/\/karriere.nagel-group.com\/","name":"Nagel-Group Karri\u00e4r","description":"Din karri\u00e4r. V\u00e5r framtid.","publisher":{"@id":"https:\/\/karriere.nagel-group.com\/#organization"},"potentialAction":[{"@type":"SearchAction","target":{"@type":"EntryPoint","urlTemplate":"https:\/\/karriere.nagel-group.com\/?s={search_term_string}"},"query-input":{"@type":"PropertyValueSpecification","valueRequired":true,"valueName":"search_term_string"}}],"inLanguage":"sv-SE"},{"@type":"Organization","@id":"https:\/\/karriere.nagel-group.com\/#organization","name":"Nagel-Group Karri\u00e4r","url":"https:\/\/karriere.nagel-group.com\/","logo":{"@type":"ImageObject","inLanguage":"sv-SE","@id":"https:\/\/karriere.nagel-group.com\/#\/schema\/logo\/image\/","url":"https:\/\/i0.wp.com\/karriere.nagel-group.com\/wp-content\/uploads\/2018\/08\/cropped-Nagel-Group.png?fit=2161%2C598&ssl=1","contentUrl":"https:\/\/i0.wp.com\/karriere.nagel-group.com\/wp-content\/uploads\/2018\/08\/cropped-Nagel-Group.png?fit=2161%2C598&ssl=1","width":2161,"height":598,"caption":"Nagel-Group Karriere"},"image":{"@id":"https:\/\/karriere.nagel-group.com\/#\/schema\/logo\/image\/"}}]}},"jetpack_likes_enabled":true,"jetpack_sharing_enabled":true,"jetpack_shortlink":"https:\/\/wp.me\/Pfw6Wr-6Nr","_links":{"self":[{"href":"https:\/\/karriere.nagel-group.com\/sv\/wp-json\/wp\/v2\/pages\/26129","targetHints":{"allow":["GET"]}}],"collection":[{"href":"https:\/\/karriere.nagel-group.com\/sv\/wp-json\/wp\/v2\/pages"}],"about":[{"href":"https:\/\/karriere.nagel-group.com\/sv\/wp-json\/wp\/v2\/types\/page"}],"author":[{"embeddable":true,"href":"https:\/\/karriere.nagel-group.com\/sv\/wp-json\/wp\/v2\/users\/246537661"}],"replies":[{"embeddable":true,"href":"https:\/\/karriere.nagel-group.com\/sv\/wp-json\/wp\/v2\/comments?post=26129"}],"version-history":[{"count":52,"href":"https:\/\/karriere.nagel-group.com\/sv\/wp-json\/wp\/v2\/pages\/26129\/revisions"}],"predecessor-version":[{"id":30201,"href":"https:\/\/karriere.nagel-group.com\/sv\/wp-json\/wp\/v2\/pages\/26129\/revisions\/30201"}],"wp:attachment":[{"href":"https:\/\/karriere.nagel-group.com\/sv\/wp-json\/wp\/v2\/media?parent=26129"}],"curies":[{"name":"wp","href":"https:\/\/api.w.org\/{rel}","templated":true}]}}