{"id":30686,"date":"2026-01-14T09:22:28","date_gmt":"2026-01-14T08:22:28","guid":{"rendered":"https:\/\/karriere.nagel-group.com\/?page_id=30686"},"modified":"2026-01-14T09:34:23","modified_gmt":"2026-01-14T08:34:23","slug":"von-der-task-force-in-die-fuehrungsrolle","status":"publish","type":"page","link":"https:\/\/karriere.nagel-group.com\/pl\/von-der-task-force-in-die-fuehrungsrolle\/","title":{"rendered":"Od zespo\u0142u zadaniowego do roli kierowniczej"},"content":{"rendered":"<div data-elementor-type=\"wp-page\" data-elementor-id=\"30686\" class=\"elementor elementor-30686\" data-elementor-post-type=\"page\">\n\t\t\t\t<div class=\"elementor-element elementor-element-0c4248c e-flex e-con-boxed e-con e-parent\" data-id=\"0c4248c\" data-element_type=\"container\" data-e-type=\"container\" data-settings=\"{&quot;background_background&quot;:&quot;classic&quot;,&quot;jet_parallax_layout_list&quot;:[]}\">\n\t\t\t\t\t<div class=\"e-con-inner\">\n\t\t\t\t<div class=\"elementor-element elementor-element-e7fc7de elementor-widget elementor-widget-heading\" data-id=\"e7fc7de\" data-element_type=\"widget\" data-e-type=\"widget\" data-widget_type=\"heading.default\">\n\t\t\t\t<div class=\"elementor-widget-container\">\n\t\t\t\t\t<div class=\"elementor-heading-title elementor-size-default\">Nagel od \u015brodka<\/div>\t\t\t\t<\/div>\n\t\t\t\t<\/div>\n\t\t\t\t<div class=\"elementor-element elementor-element-4fbbe34 elementor-widget elementor-widget-heading\" data-id=\"4fbbe34\" data-element_type=\"widget\" data-e-type=\"widget\" data-widget_type=\"heading.default\">\n\t\t\t\t<div class=\"elementor-widget-container\">\n\t\t\t\t\t<h1 class=\"elementor-heading-title elementor-size-default\">Od grupy zadaniowej do roli lidera<\/h1>\t\t\t\t<\/div>\n\t\t\t\t<\/div>\n\t\t\t\t<div class=\"elementor-element elementor-element-da8e00e elementor-widget elementor-widget-spacer\" data-id=\"da8e00e\" data-element_type=\"widget\" data-e-type=\"widget\" data-widget_type=\"spacer.default\">\n\t\t\t\t<div class=\"elementor-widget-container\">\n\t\t\t\t\t\t\t<div class=\"elementor-spacer\">\n\t\t\t<div class=\"elementor-spacer-inner\"><\/div>\n\t\t<\/div>\n\t\t\t\t\t\t<\/div>\n\t\t\t\t<\/div>\n\t\t\t\t\t<\/div>\n\t\t\t\t<\/div>\n\t\t<div class=\"elementor-element elementor-element-7f01475 e-flex e-con-boxed e-con e-parent\" data-id=\"7f01475\" data-element_type=\"container\" data-e-type=\"container\" data-settings=\"{&quot;jet_parallax_layout_list&quot;:[]}\">\n\t\t\t\t\t<div class=\"e-con-inner\">\n\t\t\t\t<div class=\"elementor-element elementor-element-657f160 elementor-widget elementor-widget-spacer\" data-id=\"657f160\" data-element_type=\"widget\" data-e-type=\"widget\" data-widget_type=\"spacer.default\">\n\t\t\t\t<div class=\"elementor-widget-container\">\n\t\t\t\t\t\t\t<div class=\"elementor-spacer\">\n\t\t\t<div class=\"elementor-spacer-inner\"><\/div>\n\t\t<\/div>\n\t\t\t\t\t\t<\/div>\n\t\t\t\t<\/div>\n\t\t\t\t\t<\/div>\n\t\t\t\t<\/div>\n\t\t<div class=\"elementor-element elementor-element-8590fa9 e-flex e-con-boxed e-con e-parent\" data-id=\"8590fa9\" data-element_type=\"container\" data-e-type=\"container\" data-settings=\"{&quot;jet_parallax_layout_list&quot;:[]}\">\n\t\t\t\t\t<div class=\"e-con-inner\">\n\t\t\t\t<div class=\"elementor-element elementor-element-1e8fb86 elementor-widget elementor-widget-heading\" data-id=\"1e8fb86\" data-element_type=\"widget\" data-e-type=\"widget\" data-widget_type=\"heading.default\">\n\t\t\t\t<div class=\"elementor-widget-container\">\n\t\t\t\t\t<h2 class=\"elementor-heading-title elementor-size-default\">DWIE \u015aCIE\u017bKI, WIELE DO\u015aWIADCZE\u0143 <\/h2>\t\t\t\t<\/div>\n\t\t\t\t<\/div>\n\t\t\t\t\t<\/div>\n\t\t\t\t<\/div>\n\t\t<div class=\"elementor-element elementor-element-dbb3158 e-flex e-con-boxed e-con e-parent\" data-id=\"dbb3158\" data-element_type=\"container\" data-e-type=\"container\" data-settings=\"{&quot;jet_parallax_layout_list&quot;:[]}\">\n\t\t\t\t\t<div class=\"e-con-inner\">\n\t\t<div class=\"elementor-element elementor-element-dc79c52 e-con-full e-flex e-con e-child\" data-id=\"dc79c52\" data-element_type=\"container\" data-e-type=\"container\" data-settings=\"{&quot;jet_parallax_layout_list&quot;:[]}\">\n\t\t\t\t<div class=\"elementor-element elementor-element-697106d elementor-widget elementor-widget-text-editor\" data-id=\"697106d\" data-element_type=\"widget\" data-e-type=\"widget\" data-widget_type=\"text-editor.default\">\n\t\t\t\t<div class=\"elementor-widget-container\">\n\t\t\t\t\t\t\t\t\t<p>\u015awiat logistyki charakteryzuje si\u0119 dynamik\u0105 i zmianami, a aby zachowa\u0107 zdolno\u015b\u0107 do dzia\u0142ania przez ca\u0142y czas, potrzebujesz zespo\u0142\u00f3w, kt\u00f3re mog\u0105 elastycznie reagowa\u0107. Grupa zadaniowa Nagel-Group spe\u0142nia to wymaganie i zapewnia wsparcie tam, gdzie jest ono najpilniej potrzebne, od logistyki magazynowej po procesy handlowe i projekty.<\/p><p>Osoby pracuj\u0105ce w grupie zadaniowej poznaj\u0105 Nagel-Group z wielu perspektyw, buduj\u0105 sie\u0107 kontakt\u00f3w i dalej si\u0119 rozwijaj\u0105. Alexander R\u00f6hn i Max Loesche, kt\u00f3rzy niedawno obj\u0119li stanowiska kierownicze w innych obszarach Nagel-Group, pokazuj\u0105, \u017ce to do\u015bwiadczenie si\u0119 op\u0142aca. W tym wywiadzie opowiadaj\u0105 o swoich do\u015bwiadczeniach i o tym, jak grupa zadaniowa toruje drog\u0119 do rozwoju zawodowego i nowych perspektyw.<\/p>\t\t\t\t\t\t\t\t<\/div>\n\t\t\t\t<\/div>\n\t\t\t\t<\/div>\n\t\t\t\t\t<\/div>\n\t\t\t\t<\/div>\n\t\t<div class=\"elementor-element elementor-element-ce63de4 e-flex e-con-boxed e-con e-parent\" data-id=\"ce63de4\" data-element_type=\"container\" data-e-type=\"container\" data-settings=\"{&quot;jet_parallax_layout_list&quot;:[]}\">\n\t\t\t\t\t<div class=\"e-con-inner\">\n\t\t\t\t<div class=\"elementor-element elementor-element-41b97b0 elementor-widget elementor-widget-heading\" data-id=\"41b97b0\" data-element_type=\"widget\" data-e-type=\"widget\" data-widget_type=\"heading.default\">\n\t\t\t\t<div class=\"elementor-widget-container\">\n\t\t\t\t\t<h3 class=\"elementor-heading-title elementor-size-default\">Max Loesche <\/h3>\t\t\t\t<\/div>\n\t\t\t\t<\/div>\n\t\t\t\t\t<\/div>\n\t\t\t\t<\/div>\n\t\t<div class=\"elementor-element elementor-element-7ae3c3d e-flex e-con-boxed e-con e-parent\" data-id=\"7ae3c3d\" data-element_type=\"container\" data-e-type=\"container\" data-settings=\"{&quot;jet_parallax_layout_list&quot;:[]}\">\n\t\t\t\t\t<div class=\"e-con-inner\">\n\t\t<div class=\"elementor-element elementor-element-29f3a9f e-con-full e-flex e-con e-child\" data-id=\"29f3a9f\" data-element_type=\"container\" data-e-type=\"container\" data-settings=\"{&quot;jet_parallax_layout_list&quot;:[]}\">\n\t\t\t\t<div class=\"elementor-element elementor-element-08d812b elementor-widget elementor-widget-text-editor\" data-id=\"08d812b\" data-element_type=\"widget\" data-e-type=\"widget\" data-widget_type=\"text-editor.default\">\n\t\t\t\t<div class=\"elementor-widget-container\">\n\t\t\t\t\t\t\t\t\t<p><img fetchpriority=\"high\" decoding=\"async\" data-attachment-id=\"31010\" data-permalink=\"https:\/\/karriere.nagel-group.com\/pl\/max-3\/\" data-orig-file=\"https:\/\/i0.wp.com\/karriere.nagel-group.com\/wp-content\/uploads\/2026\/01\/Max-2.png?fit=2165%2C2887&amp;ssl=1\" data-orig-size=\"2165,2887\" data-comments-opened=\"1\" data-image-meta=\"{&quot;aperture&quot;:&quot;0&quot;,&quot;credit&quot;:&quot;&quot;,&quot;camera&quot;:&quot;&quot;,&quot;caption&quot;:&quot;&quot;,&quot;created_timestamp&quot;:&quot;0&quot;,&quot;copyright&quot;:&quot;&quot;,&quot;focal_length&quot;:&quot;0&quot;,&quot;iso&quot;:&quot;0&quot;,&quot;shutter_speed&quot;:&quot;0&quot;,&quot;title&quot;:&quot;&quot;,&quot;orientation&quot;:&quot;0&quot;}\" data-image-title=\"Max\" data-image-description=\"\" data-image-caption=\"\" data-large-file=\"https:\/\/i0.wp.com\/karriere.nagel-group.com\/wp-content\/uploads\/2026\/01\/Max-2.png?fit=768%2C1024&amp;ssl=1\" data-recalc-dims=\"1\" class=\"wp-image-31010  alignleft\" src=\"https:\/\/i0.wp.com\/karriere.nagel-group.com\/wp-content\/uploads\/2026\/01\/Max-2.png?resize=298%2C397&#038;ssl=1\" alt=\"\" width=\"298\" height=\"397\" srcset=\"https:\/\/i0.wp.com\/karriere.nagel-group.com\/wp-content\/uploads\/2026\/01\/Max-2.png?w=2165&amp;ssl=1 2165w, https:\/\/i0.wp.com\/karriere.nagel-group.com\/wp-content\/uploads\/2026\/01\/Max-2.png?resize=225%2C300&amp;ssl=1 225w, https:\/\/i0.wp.com\/karriere.nagel-group.com\/wp-content\/uploads\/2026\/01\/Max-2.png?resize=768%2C1024&amp;ssl=1 768w, https:\/\/i0.wp.com\/karriere.nagel-group.com\/wp-content\/uploads\/2026\/01\/Max-2.png?resize=1152%2C1536&amp;ssl=1 1152w, https:\/\/i0.wp.com\/karriere.nagel-group.com\/wp-content\/uploads\/2026\/01\/Max-2.png?resize=1536%2C2048&amp;ssl=1 1536w, https:\/\/i0.wp.com\/karriere.nagel-group.com\/wp-content\/uploads\/2026\/01\/Max-2.png?resize=9%2C12&amp;ssl=1 9w, https:\/\/i0.wp.com\/karriere.nagel-group.com\/wp-content\/uploads\/2026\/01\/Max-2.png?resize=600%2C800&amp;ssl=1 600w\" sizes=\"(max-width: 298px) 100vw, 298px\" \/><\/p><p><span class=\"highlight\"><b>Czy mo\u017cesz kr\u00f3tko opisa\u0107, jak wygl\u0105da\u0142a twoja droga do firmy, a p\u00f3\u017aniej do grupy zadaniowej?<\/b><\/span><\/p><p>Do\u0142\u0105czy\u0142em do Nagel-Group w 2018 roku po trudnym etapie mojego \u017cycia jako mini-jobber i pozna\u0142em firm\u0119 jako prawdziwego dostawc\u0119 mo\u017cliwo\u015bci. W 2019 roku rozpocz\u0105\u0142em szkolenie na specjalist\u0119 ds. logistyki magazynowej, kt\u00f3re uda\u0142o mi si\u0119 skr\u00f3ci\u0107 o sze\u015b\u0107 miesi\u0119cy. Wkr\u00f3tce potem obj\u0105\u0142em stanowisko kierownika zmiany.<\/p><p>Do\u0142\u0105czy\u0142em do grupy zadaniowej, poniewa\u017c chcia\u0142em si\u0119 dalej rozwija\u0107. Mia\u0142em ju\u017c okazj\u0119 pozna\u0107 grup\u0119 zadaniow\u0105 podczas mojego szkolenia, kiedy zg\u0142osi\u0142em si\u0119 na ochotnika do wspierania oddzia\u0142u przez tydzie\u0144. Od tego momentu by\u0142o dla mnie jasne, \u017ce chc\u0119 sta\u0107 si\u0119 cz\u0119\u015bci\u0105 tego zespo\u0142u.<\/p><p>Podczas mojego ostatniego roku w operacyjnej grupie zadaniowej zosta\u0142em przydzielony do zespo\u0142u LEAN, kt\u00f3ry specjalizuje si\u0119 w optymalizacji proces\u00f3w. Tam mog\u0142em po\u0142\u0105czy\u0107 moje praktyczne do\u015bwiadczenie z teoretyczn\u0105 wiedz\u0105 moich koleg\u00f3w.<\/p><p><span class=\"highlight\"><b>Przybli\u017c nam swoje codzienne \u017cycie w grupie zadaniowej: Jak wygl\u0105da typowe zadanie?<\/b><\/span><\/p><p>Nie ma \u201etypowego\u201c zadania w operacyjnej grupie zadaniowej i w\u0142a\u015bnie to sprawia, \u017ce praca jest tak ekscytuj\u0105ca. Ka\u017cde zadanie niesie ze sob\u0105 nowych ludzi, nowe sytuacje i nowe wyzwania. Naprawd\u0119 doceniam t\u0119 r\u00f3\u017cnorodno\u015b\u0107.<\/p><p><span class=\"highlight\"><b>Co do tej pory by\u0142o dla ciebie najlepszym lub najbardziej ekscytuj\u0105cym do\u015bwiadczeniem w grupie zadaniowej?<\/b><\/span><\/p><p>By\u0142o wiele zada\u0144, kt\u00f3re przychodzi\u0142y mi do g\u0142owy. Najbardziej stresuj\u0105ce zadania by\u0142y cz\u0119sto najbardziej przyjemne. To niesamowite, jak bardzo mo\u017cna si\u0119 razem \u015bmia\u0107, nawet gdy sytuacja jest naprawd\u0119 trudna.<\/p><p><span class=\"highlight\"><b>Jak potoczy si\u0119 teraz Twoja kariera w Nagel-Group?<\/b><\/span><\/p><p>Od 1 stycznia 2026 r. wr\u00f3ci\u0142em do mojego macierzystego oddzia\u0142u w Ottendorf-Okrilla, teraz w roli kierownika magazynu prze\u0142adunkowego. Z niecierpliwo\u015bci\u0105 czekam na nowe wyzwanie i aktywne rozwi\u0105zywanie przysz\u0142ych problem\u00f3w.<\/p><p><span class=\"highlight\"><b>W jakich obszarach najbardziej rozwin\u0105\u0142e\u015b si\u0119 zawodowo i osobi\u015bcie dzi\u0119ki pracy w grupie zadaniowej i w jaki spos\u00f3b pomaga ci to w nowej roli?<\/b><\/span><\/p><p>W grupie zadaniowej nauczy\u0142em si\u0119 rozpoznawa\u0107 i rozwi\u0105zywa\u0107 problemy tam, gdzie si\u0119 pojawiaj\u0105, a nie tylko tam, gdzie staj\u0105 si\u0119 oczywiste. Z ka\u017cdego oddzia\u0142u wynosisz r\u00f3wnie\u017c cenne do\u015bwiadczenie, czy to dzi\u0119ki szczeg\u00f3lnie dobrym procesom, czy te\u017c rzeczom, kt\u00f3re mo\u017cna poprawi\u0107. Praca z zespo\u0142em LEAN da\u0142a mi dodatkowe wsparcie. Pozna\u0142em narz\u0119dzia do optymalizacji i analizy proces\u00f3w i jestem wdzi\u0119czny, \u017ce zosta\u0142em tak dobrze przyj\u0119ty. Du\u017co skorzysta\u0142em r\u00f3wnie\u017c na wsp\u00f3\u0142pracy z kolegami z dzia\u0142u transportu, mog\u0142em si\u0119 wiele nauczy\u0107, co pomo\u017ce mi na nowym stanowisku.<\/p><p>Chcia\u0142bym skorzysta\u0107 z okazji i podzi\u0119kowa\u0107 wszystkim, kt\u00f3rzy wspierali mnie przez ostatnie dwa lata. Czas sp\u0119dzony z Wami by\u0142 bardzo wzbogacaj\u0105cy!<\/p><p><span class=\"highlight\"><b>Jak my\u015blisz, dla kt\u00f3rych os\u00f3b grupa zadaniowa jest w\u0142a\u015bciwym kolejnym krokiem i dlaczego?<\/b><\/span><\/p><p class=\"Text\">Task Force jest idealny dla ka\u017cdego, kto chce wyj\u015b\u0107 ze swojej strefy komfortu i dalej si\u0119 rozwija\u0107. Je\u015bli chcesz poszerzy\u0107 swoje horyzonty i nauczy\u0107 si\u0119 wi\u0119cej zawodowo, to jest to odpowiednie miejsce dla Ciebie. Mog\u0119 poleci\u0107 je ka\u017cdemu, kto chce zrobi\u0107 kolejny krok.<\/p><p><span class=\"highlight\"><b>Jakiej rady udzieli\u0142by\u015b kolegom, kt\u00f3rzy rozwa\u017caj\u0105 do\u0142\u0105czenie do grupy zadaniowej?<\/b><\/span><\/p><p>Porozmawiaj otwarcie ze swoim prze\u0142o\u017conym o swoich celach rozwojowych. A je\u015bli nie masz pewno\u015bci, porozmawiaj z kolegami, kt\u00f3rzy byli ju\u017c cz\u0119\u015bci\u0105 grupy zadaniowej, poniewa\u017c ich do\u015bwiadczenia mog\u0105 da\u0107 ci cenne spostrze\u017cenia.<\/p>\t\t\t\t\t\t\t\t<\/div>\n\t\t\t\t<\/div>\n\t\t\t\t<\/div>\n\t\t\t\t\t<\/div>\n\t\t\t\t<\/div>\n\t\t<div class=\"elementor-element elementor-element-4dcaf3b e-flex e-con-boxed e-con e-parent\" data-id=\"4dcaf3b\" data-element_type=\"container\" data-e-type=\"container\" data-settings=\"{&quot;jet_parallax_layout_list&quot;:[]}\">\n\t\t\t\t\t<div class=\"e-con-inner\">\n\t\t\t\t<div class=\"elementor-element elementor-element-e4539c9 elementor-widget elementor-widget-heading\" data-id=\"e4539c9\" data-element_type=\"widget\" data-e-type=\"widget\" data-widget_type=\"heading.default\">\n\t\t\t\t<div class=\"elementor-widget-container\">\n\t\t\t\t\t<h3 class=\"elementor-heading-title elementor-size-default\">Alexander R\u00f6hn <\/h3>\t\t\t\t<\/div>\n\t\t\t\t<\/div>\n\t\t\t\t\t<\/div>\n\t\t\t\t<\/div>\n\t\t<div class=\"elementor-element elementor-element-00e41a2 e-flex e-con-boxed e-con e-parent\" data-id=\"00e41a2\" data-element_type=\"container\" data-e-type=\"container\" data-settings=\"{&quot;jet_parallax_layout_list&quot;:[]}\">\n\t\t\t\t\t<div class=\"e-con-inner\">\n\t\t<div class=\"elementor-element elementor-element-d7e1a48 e-con-full e-flex e-con e-child\" data-id=\"d7e1a48\" data-element_type=\"container\" data-e-type=\"container\" data-settings=\"{&quot;jet_parallax_layout_list&quot;:[]}\">\n\t\t\t\t<div class=\"elementor-element elementor-element-7b1a875 elementor-widget elementor-widget-text-editor\" data-id=\"7b1a875\" data-element_type=\"widget\" data-e-type=\"widget\" data-widget_type=\"text-editor.default\">\n\t\t\t\t<div class=\"elementor-widget-container\">\n\t\t\t\t\t\t\t\t\t<p><img decoding=\"async\" data-attachment-id=\"31007\" data-permalink=\"https:\/\/karriere.nagel-group.com\/pl\/design-ohne-titel-16\/\" data-orig-file=\"https:\/\/i0.wp.com\/karriere.nagel-group.com\/wp-content\/uploads\/2026\/01\/Design-ohne-Titel-16.png?fit=2165%2C2887&amp;ssl=1\" data-orig-size=\"2165,2887\" data-comments-opened=\"1\" data-image-meta=\"{&quot;aperture&quot;:&quot;0&quot;,&quot;credit&quot;:&quot;&quot;,&quot;camera&quot;:&quot;&quot;,&quot;caption&quot;:&quot;&quot;,&quot;created_timestamp&quot;:&quot;0&quot;,&quot;copyright&quot;:&quot;&quot;,&quot;focal_length&quot;:&quot;0&quot;,&quot;iso&quot;:&quot;0&quot;,&quot;shutter_speed&quot;:&quot;0&quot;,&quot;title&quot;:&quot;&quot;,&quot;orientation&quot;:&quot;0&quot;}\" data-image-title=\"Design ohne Titel (16)\" data-image-description=\"\" data-image-caption=\"\" data-large-file=\"https:\/\/i0.wp.com\/karriere.nagel-group.com\/wp-content\/uploads\/2026\/01\/Design-ohne-Titel-16.png?fit=768%2C1024&amp;ssl=1\" data-recalc-dims=\"1\" class=\"wp-image-31007  alignleft\" src=\"https:\/\/i0.wp.com\/karriere.nagel-group.com\/wp-content\/uploads\/2026\/01\/Design-ohne-Titel-16.png?resize=306%2C408&#038;ssl=1\" alt=\"\" width=\"306\" height=\"408\" srcset=\"https:\/\/i0.wp.com\/karriere.nagel-group.com\/wp-content\/uploads\/2026\/01\/Design-ohne-Titel-16.png?w=2165&amp;ssl=1 2165w, https:\/\/i0.wp.com\/karriere.nagel-group.com\/wp-content\/uploads\/2026\/01\/Design-ohne-Titel-16.png?resize=225%2C300&amp;ssl=1 225w, https:\/\/i0.wp.com\/karriere.nagel-group.com\/wp-content\/uploads\/2026\/01\/Design-ohne-Titel-16.png?resize=768%2C1024&amp;ssl=1 768w, https:\/\/i0.wp.com\/karriere.nagel-group.com\/wp-content\/uploads\/2026\/01\/Design-ohne-Titel-16.png?resize=1152%2C1536&amp;ssl=1 1152w, https:\/\/i0.wp.com\/karriere.nagel-group.com\/wp-content\/uploads\/2026\/01\/Design-ohne-Titel-16.png?resize=1536%2C2048&amp;ssl=1 1536w, https:\/\/i0.wp.com\/karriere.nagel-group.com\/wp-content\/uploads\/2026\/01\/Design-ohne-Titel-16.png?resize=9%2C12&amp;ssl=1 9w, https:\/\/i0.wp.com\/karriere.nagel-group.com\/wp-content\/uploads\/2026\/01\/Design-ohne-Titel-16.png?resize=600%2C800&amp;ssl=1 600w\" sizes=\"(max-width: 306px) 100vw, 306px\" \/><\/p><p><span class=\"highlight\"><b>Czy mo\u017cesz kr\u00f3tko opisa\u0107, jak wygl\u0105da\u0142a twoja droga do firmy, a p\u00f3\u017aniej do grupy zadaniowej?<\/b><\/span><\/p><p class=\"Text\">W 2017 roku rozpocz\u0105\u0142em szkolenie na specjalist\u0119 ds. logistyki magazynowej w Bochum. Po uko\u0144czeniu szkolenia pracowa\u0142em zar\u00f3wno na porannej, jak i nocnej zmianie. Po oko\u0142o trzech miesi\u0105cach obj\u0105\u0142em stanowisko kierownika zespo\u0142u i by\u0142em odpowiedzialny za za\u0142adunek drobnicowy i przygotowanie przychodz\u0105cych towar\u00f3w. Cz\u0119\u015bciej pomaga\u0142em w zak\u0142adzie w M\u00fclheim i po raz pierwszy zetkn\u0105\u0142em si\u0119 z grup\u0105 zadaniow\u0105. Zapytano mnie wtedy, czy wyobra\u017cam sobie przeniesienie si\u0119 tam i w ten spos\u00f3b nawi\u0105zano kontakt. Ostatecznie doprowadzi\u0142o to do mojego przeniesienia do grupy zadaniowej.<\/p><p><span class=\"highlight\"><b>Przybli\u017c nam swoje codzienne \u017cycie w grupie zadaniowej: Jak wygl\u0105da typowe zadanie?<\/b><\/span><\/p><p>Jako pe\u0142noetatowy przedstawiciel handlowy, poniedzia\u0142ek zaczyna si\u0119 od podr\u00f3\u017cy, a podczas zada\u0144 naprawd\u0119 \u017cyjesz z walizki przez wi\u0119kszo\u015b\u0107 czasu. Moje zadania obj\u0119\u0142y ju\u017c ca\u0142e Niemcy, Austri\u0119 i Polsk\u0119. Zasadniczo pracujemy w prawie ca\u0142ej Europie. Kiedy przyje\u017cd\u017camy do ka\u017cdego miejsca, najpierw zapoznajemy si\u0119 z sytuacj\u0105 i od razu jeste\u015bmy gotowi do dzia\u0142ania. W zale\u017cno\u015bci od sytuacji, pracujemy nad przezwyci\u0119\u017ceniem problem\u00f3w poprzez optymalizacj\u0119 proces\u00f3w lub inne dzia\u0142ania. W niekt\u00f3rych przypadkach sam wdra\u017ca\u0142em projekty i wspiera\u0142em r\u00f3\u017cne kwestie handlowe, na przyk\u0142ad w obszarze Service-Now.<\/p><p><span class=\"highlight\"><b>Co do tej pory by\u0142o dla ciebie najlepszym lub najbardziej ekscytuj\u0105cym do\u015bwiadczeniem w grupie zadaniowej?<\/b><\/span><\/p><p>Moim najbardziej ekscytuj\u0105cym do\u015bwiadczeniem by\u0142 m\u00f3j pierwszy du\u017cy projekt w Alzenau. Pracowali\u015bmy tam przez d\u0142u\u017cszy czas i byli\u015bmy w stanie dostosowa\u0107 wiele proces\u00f3w. W szczeg\u00f3lno\u015bci sesje szkoleniowe na miejscu z pracownikami znacznie u\u0142atwi\u0142y te procesy. Dzi\u0119ki naszym wysi\u0142kom uda\u0142o nam si\u0119 znacznie poprawi\u0107 sytuacj\u0119 i uzyska\u0107 dobre rozwi\u0105zanie dla klienta.<\/p><p><span class=\"highlight\"><b>Jak potoczy si\u0119 teraz Twoja kariera w Nagel-Group?<\/b><\/span><\/p><p class=\"Text\">Jestem kierownikiem operacyjnym ds. logistyki kontraktowej w Bochum od 01.01.2026.<\/p><p><span class=\"highlight\"><b>W jakich obszarach najbardziej rozwin\u0105\u0142e\u015b si\u0119 zawodowo i osobi\u015bcie dzi\u0119ki pracy w grupie zadaniowej i w jaki spos\u00f3b pomaga ci to w nowej roli?<\/b><\/span><\/p><p>Liczne zadania w Europie i r\u00f3\u017cne sposoby pracy pozwoli\u0142y mi znacznie poszerzy\u0107 moj\u0105 wiedz\u0119. Pomocne by\u0142o r\u00f3wnie\u017c poznanie innych aspekt\u00f3w. Pracowa\u0142em we wszystkich rodzajach magazyn\u00f3w, od mro\u017ani po magazyny suche. W ci\u0105gu ostatnich dw\u00f3ch lat pracowa\u0142em g\u0142\u00f3wnie w obszarze handlowym. By\u0142em w stanie zidentyfikowa\u0107 i naprawi\u0107 wiele \u017ar\u00f3de\u0142 b\u0142\u0119d\u00f3w, co znacznie poszerzy\u0142o moj\u0105 wiedz\u0119.\u00a0\u00a0\u00a0\u00a0\u00a0\u00a0\u00a0\u00a0<\/p><p><span class=\"highlight\"><b>Jak my\u015blisz, dla kt\u00f3rych os\u00f3b grupa zadaniowa jest w\u0142a\u015bciwym kolejnym krokiem i dlaczego?<\/b><\/span><\/p><p class=\"Text\">Grupa zadaniowa jest idealna dla m\u0142odych ludzi, kt\u00f3rzy szukaj\u0105 nowych wyzwa\u0144 i dla ka\u017cdego, kto chce poszerzy\u0107 swoj\u0105 wiedz\u0119 zawodow\u0105.<\/p><p><span class=\"highlight\"><b>Jakiej rady udzieli\u0142by\u015b kolegom, kt\u00f3rzy rozwa\u017caj\u0105 do\u0142\u0105czenie do grupy zadaniowej?<\/b><\/span><\/p><p class=\"Text\">Poch\u0142aniaj ca\u0142\u0105 wiedz\u0119 i procesy, jakie tylko mo\u017cesz. Powiniene\u015b tak\u017ce by\u0107 gotowy do podr\u00f3\u017cowania.<\/p>\t\t\t\t\t\t\t\t<\/div>\n\t\t\t\t<\/div>\n\t\t\t\t<\/div>\n\t\t\t\t\t<\/div>\n\t\t\t\t<\/div>\n\t\t<div class=\"elementor-element elementor-element-feebeb4 e-flex e-con-boxed e-con e-parent\" data-id=\"feebeb4\" data-element_type=\"container\" data-e-type=\"container\" data-settings=\"{&quot;jet_parallax_layout_list&quot;:[]}\">\n\t\t\t\t\t<div class=\"e-con-inner\">\n\t\t\t\t<div class=\"elementor-element elementor-element-d6c3978 elementor-widget__width-inherit elementor-widget-divider--view-line elementor-invisible elementor-widget elementor-widget-divider\" data-id=\"d6c3978\" data-element_type=\"widget\" data-e-type=\"widget\" data-settings=\"{&quot;_animation&quot;:&quot;fadeInLeft&quot;}\" data-widget_type=\"divider.default\">\n\t\t\t\t<div class=\"elementor-widget-container\">\n\t\t\t\t\t\t\t<div class=\"elementor-divider\">\n\t\t\t<span class=\"elementor-divider-separator\">\n\t\t\t\t\t\t<\/span>\n\t\t<\/div>\n\t\t\t\t\t\t<\/div>\n\t\t\t\t<\/div>\n\t\t\t\t\t<\/div>\n\t\t\t\t<\/div>\n\t\t<div class=\"elementor-element elementor-element-aeb34fd e-flex e-con-boxed e-con e-parent\" data-id=\"aeb34fd\" data-element_type=\"container\" data-e-type=\"container\" data-settings=\"{&quot;jet_parallax_layout_list&quot;:[]}\">\n\t\t\t\t\t<div class=\"e-con-inner\">\n\t\t<div class=\"elementor-element elementor-element-e892f6d e-con-full e-flex e-con e-child\" data-id=\"e892f6d\" data-element_type=\"container\" data-e-type=\"container\" data-settings=\"{&quot;jet_parallax_layout_list&quot;:[]}\">\n\t\t\t\t<div class=\"elementor-element elementor-element-738b886 elementor-widget elementor-widget-text-editor\" data-id=\"738b886\" data-element_type=\"widget\" data-e-type=\"widget\" data-widget_type=\"text-editor.default\">\n\t\t\t\t<div class=\"elementor-widget-container\">\n\t\t\t\t\t\t\t\t\t<p>\u00a0<strong>Task Force oznacza elastyczno\u015b\u0107, odpowiedzialno\u015b\u0107 i rozw\u00f3j: rola dla ludzi, kt\u00f3rzy s\u0105 gotowi odkrywa\u0107 nowe rzeczy i przekracza\u0107 siebie.<\/strong><\/p>\t\t\t\t\t\t\t\t<\/div>\n\t\t\t\t<\/div>\n\t\t\t\t<\/div>\n\t\t\t\t\t<\/div>\n\t\t\t\t<\/div>\n\t\t<div class=\"elementor-element elementor-element-1f6482f e-flex e-con-boxed e-con e-parent\" data-id=\"1f6482f\" data-element_type=\"container\" data-e-type=\"container\" data-settings=\"{&quot;jet_parallax_layout_list&quot;:[]}\">\n\t\t\t\t\t<div class=\"e-con-inner\">\n\t\t\t\t<div class=\"elementor-element elementor-element-db3075a elementor-widget elementor-widget-spacer\" data-id=\"db3075a\" data-element_type=\"widget\" data-e-type=\"widget\" data-widget_type=\"spacer.default\">\n\t\t\t\t<div class=\"elementor-widget-container\">\n\t\t\t\t\t\t\t<div class=\"elementor-spacer\">\n\t\t\t<div class=\"elementor-spacer-inner\"><\/div>\n\t\t<\/div>\n\t\t\t\t\t\t<\/div>\n\t\t\t\t<\/div>\n\t\t\t\t<div class=\"elementor-element elementor-element-5e34033 elementor-widget__width-inherit elementor-widget-divider--view-line elementor-invisible elementor-widget elementor-widget-divider\" data-id=\"5e34033\" data-element_type=\"widget\" data-e-type=\"widget\" data-settings=\"{&quot;_animation&quot;:&quot;fadeInLeft&quot;}\" data-widget_type=\"divider.default\">\n\t\t\t\t<div class=\"elementor-widget-container\">\n\t\t\t\t\t\t\t<div class=\"elementor-divider\">\n\t\t\t<span class=\"elementor-divider-separator\">\n\t\t\t\t\t\t<\/span>\n\t\t<\/div>\n\t\t\t\t\t\t<\/div>\n\t\t\t\t<\/div>\n\t\t\t\t\t<\/div>\n\t\t\t\t<\/div>\n\t\t<div class=\"elementor-element elementor-element-de72206 e-flex e-con-boxed e-con e-parent\" data-id=\"de72206\" data-element_type=\"container\" data-e-type=\"container\" data-settings=\"{&quot;jet_parallax_layout_list&quot;:[]}\">\n\t\t\t\t\t<div class=\"e-con-inner\">\n\t\t<div class=\"elementor-element elementor-element-4e6ff1e e-con-full e-flex e-con e-child\" data-id=\"4e6ff1e\" data-element_type=\"container\" data-e-type=\"container\" data-settings=\"{&quot;background_background&quot;:&quot;classic&quot;,&quot;jet_parallax_layout_list&quot;:[]}\">\n\t\t\t\t<div class=\"elementor-element elementor-element-cbd0ee2 elementor-cta--skin-cover elementor-cta--valign-bottom elementor-widget__width-initial elementor-invisible elementor-widget elementor-widget-call-to-action\" data-id=\"cbd0ee2\" data-element_type=\"widget\" data-e-type=\"widget\" data-settings=\"{&quot;_animation&quot;:&quot;fadeInUp&quot;}\" data-widget_type=\"call-to-action.default\">\n\t\t\t\t<div class=\"elementor-widget-container\">\n\t\t\t\t\t\t\t<a class=\"elementor-cta\" href=\"https:\/\/karriere.nagel-group.com\/pl\/als-standortleiterin-in-der-logistik\/\">\n\t\t\t\t\t<div class=\"elementor-cta__bg-wrapper\">\n\t\t\t\t<div class=\"elementor-cta__bg elementor-bg\" style=\"background-image: url(https:\/\/i0.wp.com\/karriere.nagel-group.com\/wp-content\/uploads\/2024\/10\/Hella-Koenigsmann.png?fit=850%2C924&#038;ssl=1);\" role=\"img\" aria-label=\"Pracownik w nowoczesnym biurze, siedz\u0105cy przy stole z widokiem za oknem\"><\/div>\n\t\t\t\t<div class=\"elementor-cta__bg-overlay\"><\/div>\n\t\t\t<\/div>\n\t\t\t\t\t\t\t<div class=\"elementor-cta__content\">\n\t\t\t\t\n\t\t\t\t\t\t\t\t\t<span class=\"elementor-cta__title elementor-cta__content-item elementor-content-item\">\n\t\t\t\t\t\tJako kierownik budowy w dziale logistyki\t\t\t\t\t<\/span>\n\t\t\t\t\n\t\t\t\t\t\t\t\t\t<div class=\"elementor-cta__description elementor-cta__content-item elementor-content-item\">\n\t\t\t\t\t\tHella K\u00f6nigsmann\t\t\t\t\t<\/div>\n\t\t\t\t\n\t\t\t\t\t\t\t<\/div>\n\t\t\t\t\t\t<\/a>\n\t\t\t\t\t\t<\/div>\n\t\t\t\t<\/div>\n\t\t\t\t<div class=\"elementor-element elementor-element-25a2d74 elementor-cta--skin-cover elementor-cta--valign-bottom elementor-widget__width-initial elementor-invisible elementor-widget elementor-widget-call-to-action\" data-id=\"25a2d74\" data-element_type=\"widget\" data-e-type=\"widget\" data-settings=\"{&quot;_animation&quot;:&quot;fadeInUp&quot;}\" data-widget_type=\"call-to-action.default\">\n\t\t\t\t<div class=\"elementor-widget-container\">\n\t\t\t\t\t\t\t<a class=\"elementor-cta\" href=\"https:\/\/karriere.nagel-group.com\/pl\/von-bad-groenenbach-nach-irland\/\">\n\t\t\t\t\t<div class=\"elementor-cta__bg-wrapper\">\n\t\t\t\t<div class=\"elementor-cta__bg elementor-bg\" style=\"background-image: url(https:\/\/i0.wp.com\/karriere.nagel-group.com\/wp-content\/uploads\/2024\/10\/Nico-Baumann.jpg?fit=404%2C495&#038;ssl=1);\" role=\"img\" aria-label=\"Pracownik w\u0119druje nadmorsk\u0105 \u015bcie\u017ck\u0105 pod pochmurnym niebem\"><\/div>\n\t\t\t\t<div class=\"elementor-cta__bg-overlay\"><\/div>\n\t\t\t<\/div>\n\t\t\t\t\t\t\t<div class=\"elementor-cta__content\">\n\t\t\t\t\n\t\t\t\t\t\t\t\t\t<span class=\"elementor-cta__title elementor-cta__content-item elementor-content-item\">\n\t\t\t\t\t\tZ Bad Gr\u00f6nebach do Irlandii\t\t\t\t\t<\/span>\n\t\t\t\t\n\t\t\t\t\t\t\t\t\t<div class=\"elementor-cta__description elementor-cta__content-item elementor-content-item\">\n\t\t\t\t\t\tNico Baumann\t\t\t\t\t<\/div>\n\t\t\t\t\n\t\t\t\t\t\t\t<\/div>\n\t\t\t\t\t\t<\/a>\n\t\t\t\t\t\t<\/div>\n\t\t\t\t<\/div>\n\t\t\t\t<div class=\"elementor-element elementor-element-743fd33 elementor-cta--skin-cover elementor-cta--valign-bottom elementor-widget__width-initial elementor-invisible elementor-widget elementor-widget-call-to-action\" data-id=\"743fd33\" data-element_type=\"widget\" data-e-type=\"widget\" data-settings=\"{&quot;_animation&quot;:&quot;fadeInUp&quot;}\" data-widget_type=\"call-to-action.default\">\n\t\t\t\t<div class=\"elementor-widget-container\">\n\t\t\t\t\t\t\t<a class=\"elementor-cta\" href=\"https:\/\/karriere.nagel-group.com\/pl\/ausbildung-in-teilzeit\/\">\n\t\t\t\t\t<div class=\"elementor-cta__bg-wrapper\">\n\t\t\t\t<div class=\"elementor-cta__bg elementor-bg\" style=\"background-image: url(https:\/\/i0.wp.com\/karriere.nagel-group.com\/wp-content\/uploads\/2024\/10\/Derya-Ferhan-Usluoglu.jpg?fit=2508%2C3609&#038;ssl=1);\" role=\"img\" aria-label=\"Pracownicy przed map\u0105 \u015bwiata w biurze\"><\/div>\n\t\t\t\t<div class=\"elementor-cta__bg-overlay\"><\/div>\n\t\t\t<\/div>\n\t\t\t\t\t\t\t<div class=\"elementor-cta__content\">\n\t\t\t\t\n\t\t\t\t\t\t\t\t\t<span class=\"elementor-cta__title elementor-cta__content-item elementor-content-item\">\n\t\t\t\t\t\tSzkolenie w niepe\u0142nym wymiarze\t\t\t\t\t<\/span>\n\t\t\t\t\n\t\t\t\t\t\t\t\t\t<div class=\"elementor-cta__description elementor-cta__content-item elementor-content-item\">\n\t\t\t\t\t\tDerya-Ferhan Usluoglu\t\t\t\t\t<\/div>\n\t\t\t\t\n\t\t\t\t\t\t\t<\/div>\n\t\t\t\t\t\t<\/a>\n\t\t\t\t\t\t<\/div>\n\t\t\t\t<\/div>\n\t\t\t\t<\/div>\n\t\t<div class=\"elementor-element elementor-element-5360e80 e-con-full e-flex e-con e-child\" data-id=\"5360e80\" data-element_type=\"container\" data-e-type=\"container\" data-settings=\"{&quot;background_background&quot;:&quot;classic&quot;,&quot;jet_parallax_layout_list&quot;:[]}\">\n\t\t<div class=\"elementor-element elementor-element-4463cec e-con-full e-flex elementor-invisible e-con e-child\" data-id=\"4463cec\" data-element_type=\"container\" data-e-type=\"container\" data-settings=\"{&quot;jet_parallax_layout_list&quot;:[],&quot;animation&quot;:&quot;fadeIn&quot;}\">\n\t\t\t\t<div class=\"elementor-element elementor-element-442ae2a elementor-widget__width-inherit elementor-widget-divider--view-line elementor-invisible elementor-widget elementor-widget-divider\" data-id=\"442ae2a\" data-element_type=\"widget\" data-e-type=\"widget\" data-settings=\"{&quot;_animation&quot;:&quot;fadeInLeft&quot;}\" data-widget_type=\"divider.default\">\n\t\t\t\t<div class=\"elementor-widget-container\">\n\t\t\t\t\t\t\t<div class=\"elementor-divider\">\n\t\t\t<span class=\"elementor-divider-separator\">\n\t\t\t\t\t\t<\/span>\n\t\t<\/div>\n\t\t\t\t\t\t<\/div>\n\t\t\t\t<\/div>\n\t\t<div class=\"elementor-element elementor-element-6aaa0cd e-flex e-con-boxed e-con e-child\" data-id=\"6aaa0cd\" data-element_type=\"container\" data-e-type=\"container\" data-settings=\"{&quot;jet_parallax_layout_list&quot;:[]}\">\n\t\t\t\t\t<div class=\"e-con-inner\">\n\t\t\t\t<div class=\"elementor-element elementor-element-e593dd9 elementor-widget__width-initial elementor-view-default elementor-position-block-start elementor-mobile-position-block-start elementor-invisible elementor-widget elementor-widget-icon-box\" data-id=\"e593dd9\" data-element_type=\"widget\" data-e-type=\"widget\" data-settings=\"{&quot;_animation&quot;:&quot;fadeInUp&quot;}\" data-widget_type=\"icon-box.default\">\n\t\t\t\t<div class=\"elementor-widget-container\">\n\t\t\t\t\t\t\t<div class=\"elementor-icon-box-wrapper\">\n\n\t\t\t\t\t\t<div class=\"elementor-icon-box-icon\">\n\t\t\t\t<span  class=\"elementor-icon\">\n\t\t\t\t<svg xmlns=\"http:\/\/www.w3.org\/2000\/svg\" xmlns:xlink=\"http:\/\/www.w3.org\/1999\/xlink\" width=\"512\" height=\"512\" x=\"0\" y=\"0\" viewbox=\"0 0 74 74\" style=\"enable-background:new 0 0 512 512\" xml:space=\"preserve\" class=\"\"><g><path d=\"M41 22.1h-.07A1 1 0 0 1 40 21l.12-1.73c-4.31.5-6.7-.84-8-2.13a2.79 2.79 0 0 1-.68-2.83 2.85 2.85 0 0 1 2.21-2L45 10.2a3.53 3.53 0 0 1 4 2.31l2.1 6a1 1 0 1 1-1.89.67l-2.1-6a1.55 1.55 0 0 0-1.77-1l-11.28 2.15a.87.87 0 0 0-.67.61.78.78 0 0 0 .19.82c1.51 1.53 4.08 2 7.45 1.38a1 1 0 0 1 .84.24 1 1 0 0 1 .34.81l-.2 3a1 1 0 0 1-1.01.91z\" fill=\"#e26b53\" opacity=\"1\" data-original=\"#000000\"><\/path><path d=\"M46.53 28.92a1 1 0 0 1-.32-1.92l8.24-2.84a1.92 1.92 0 0 0 1.21-2.41l-.42-1.31a1.93 1.93 0 0 0-2.3-1.29l-14.61 3.57a1 1 0 1 1-.47-1.94l14.6-3.59a3.93 3.93 0 0 1 4.69 2.63l.42 1.3A3.92 3.92 0 0 1 55.1 26l-8.24 2.84a1 1 0 0 1-.33.08z\" fill=\"#e26b53\" opacity=\"1\" data-original=\"#000000\"><\/path><path d=\"M47 36.17a1 1 0 0 1-.92-.6 1 1 0 0 1 .52-1.32l8.09-3.51a1.93 1.93 0 0 0 1-2.44l-.16-.45a2 2 0 0 0-2.44-1.15l-6.29 2.17a1 1 0 0 1-.59-1.87l6.29-2.17a3.9 3.9 0 0 1 5 2.35l.17.44a3.94 3.94 0 0 1-2.12 5l-8.1 3.51a.91.91 0 0 1-.45.04z\" fill=\"#e26b53\" opacity=\"1\" data-original=\"#000000\"><\/path><path d=\"M49.58 43a1 1 0 0 1-.47-1.88l7.55-4a1.92 1.92 0 0 0 .87-2.45l-.29-.67a2 2 0 0 0-1.07-1.05 2 2 0 0 0-1.48 0L49 35.39a1 1 0 0 1-.8-1.84l5.66-2.45a3.94 3.94 0 0 1 5.19 2.08l.29.7a3.92 3.92 0 0 1-1.77 5l-7.55 4a1 1 0 0 1-.44.12z\" fill=\"#e26b53\" opacity=\"1\" data-original=\"#000000\"><\/path><path d=\"M17.16 67.62a1 1 0 0 1-.5-1.87l21.16-12.19L58 43a1.94 1.94 0 0 0 .83-2.6 1.92 1.92 0 0 0-1.14-.95 1.89 1.89 0 0 0-1.49.14l-5.36 2.86a1 1 0 1 1-.94-1.76l5.36-2.87a3.94 3.94 0 0 1 5.34 1.66 3.92 3.92 0 0 1-1.67 5.29L38.78 55.31 17.65 67.49a1 1 0 0 1-.49.13zM25.18 19.69a1 1 0 0 1-.43-.1 1 1 0 0 1-.47-1.33l3-6.27a3.56 3.56 0 0 1 3.64-2l9.54 1.13a1 1 0 1 1-.23 2L30.68 12a1.58 1.58 0 0 0-1.59.88l-3 6.27a1 1 0 0 1-.91.54z\" fill=\"#e26b53\" opacity=\"1\" data-original=\"#000000\"><\/path><path d=\"M30.43 28.8a4.24 4.24 0 0 1-1.43-.25L19.26 25a4.23 4.23 0 0 1-2.49-5.48l.26-.68a4.14 4.14 0 0 1 2.25-2.36 4.21 4.21 0 0 1 3.27-.06l9.62 3.84a4.24 4.24 0 0 1 2.38 5.43l-.16.41a4.25 4.25 0 0 1-3.96 2.7zM18.9 19.53l-.26.69a2.16 2.16 0 0 0 .05 1.71A2.23 2.23 0 0 0 20 23.1l9.72 3.57a2.25 2.25 0 0 0 2.85-1.3l.16-.41a2.24 2.24 0 0 0-1.26-2.87l-9.67-3.83a2.23 2.23 0 0 0-1.72 0 2.18 2.18 0 0 0-1.18 1.24z\" fill=\"#e26b53\" opacity=\"1\" data-original=\"#000000\"><\/path><path d=\"M28.77 35.07a4.11 4.11 0 0 1-1.24-.19l-10-3.06a4.23 4.23 0 0 1-2.71-5.57l.18-.55a4.24 4.24 0 0 1 5.4-2.44l9.83 3.61a4.23 4.23 0 0 1-1.44 8.2zM18.93 25a2.23 2.23 0 0 0-2.08 1.42l-.22.55a2.24 2.24 0 0 0 1.43 2.94L28.11 33a2.23 2.23 0 0 0 1.42-4.23l-9.84-3.6a2 2 0 0 0-.76-.17z\" fill=\"#e26b53\" opacity=\"1\" data-original=\"#000000\"><\/path><path d=\"M27.42 41.71h-.39a27.89 27.89 0 0 1-11.09-3.51 4.32 4.32 0 0 1 3.43-7.87l9.3 2.83a4.33 4.33 0 0 1 2.83 5.54v.11a4.29 4.29 0 0 1-4.08 2.9zm-9.3-9.59A2.35 2.35 0 0 0 16 33.59a2.3 2.3 0 0 0 1 2.85 26 26 0 0 0 10.21 3.26 2.29 2.29 0 0 0 2.36-1.56v-.11a2.33 2.33 0 0 0-1.52-3l-9.3-2.83a2.22 2.22 0 0 0-.63-.08z\" fill=\"#e26b53\" opacity=\"1\" data-original=\"#000000\"><\/path><path d=\"M22.93 46a21.18 21.18 0 0 1-6.34-1A3.89 3.89 0 0 1 14 40.28a3.93 3.93 0 0 1 2.08-2.59 3.84 3.84 0 0 1 3.23-.07A25.07 25.07 0 0 0 26 39.56 3.09 3.09 0 0 1 28.64 43a3.06 3.06 0 0 1-2.46 2.64 18.53 18.53 0 0 1-3.25.36zm-5.15-6.7a1.81 1.81 0 0 0-.81.19 1.92 1.92 0 0 0-1 1.27A1.89 1.89 0 0 0 17.18 43a18.18 18.18 0 0 0 8.65.66 1.06 1.06 0 0 0 .83-.93 1.1 1.1 0 0 0-.93-1.22 26.67 26.67 0 0 1-7.22-2.09 1.83 1.83 0 0 0-.73-.12z\" fill=\"#e26b53\" opacity=\"1\" data-original=\"#000000\"><\/path><path d=\"M4 52.14a1 1 0 0 1-.87-.51 1 1 0 0 1 .38-1.36l12.89-7.16a1 1 0 0 1 1 1.75L4.49 52a1.07 1.07 0 0 1-.49.14zM72 52.79a1 1 0 0 1-.46-.12l-14.32-7.46a1 1 0 1 1 .92-1.77l14.32 7.46a1 1 0 0 1-.46 1.89zM61.2 67.44a1 1 0 0 1-.46-.12l-22.88-12a1 1 0 0 1-.42-1.32 1 1 0 0 1 1.35-.42l22.88 12a1 1 0 0 1-.47 1.89z\" fill=\"#e26b53\" opacity=\"1\" data-original=\"#000000\"><\/path><\/g><\/svg>\t\t\t\t<\/span>\n\t\t\t<\/div>\n\t\t\t\n\t\t\t\t\t\t<div class=\"elementor-icon-box-content\">\n\n\t\t\t\t\t\t\t\t\t<h3 class=\"elementor-icon-box-title\">\n\t\t\t\t\t\t<span  >\n\t\t\t\t\t\t\tNagel jako pracodawca\t\t\t\t\t\t<\/span>\n\t\t\t\t\t<\/h3>\n\t\t\t\t\n\t\t\t\t\t\t\t\t\t<p class=\"elementor-icon-box-description\">\n\t\t\t\t\t\tDowiedz si\u0119 wi\u0119cej o naszych warto\u015bciach, kulturze pracy i o tym, co wyr\u00f3\u017cnia Nagel-Group jako pracodawc\u0119.\n<\/br>\n<a href=\"https:\/\/karriere.nagel-group.com\/pl\/?page_id=23090\" style=\"float: left\">Wi\u0119cej \u2192<\/a>\t\t\t\t\t<\/p>\n\t\t\t\t\n\t\t\t<\/div>\n\t\t\t\n\t\t<\/div>\n\t\t\t\t\t\t<\/div>\n\t\t\t\t<\/div>\n\t\t\t\t<div class=\"elementor-element elementor-element-f30710f elementor-widget__width-initial elementor-view-default elementor-position-block-start elementor-mobile-position-block-start elementor-invisible elementor-widget elementor-widget-icon-box\" data-id=\"f30710f\" data-element_type=\"widget\" data-e-type=\"widget\" data-settings=\"{&quot;_animation&quot;:&quot;fadeInUp&quot;}\" data-widget_type=\"icon-box.default\">\n\t\t\t\t<div class=\"elementor-widget-container\">\n\t\t\t\t\t\t\t<div class=\"elementor-icon-box-wrapper\">\n\n\t\t\t\t\t\t<div class=\"elementor-icon-box-icon\">\n\t\t\t\t<span  class=\"elementor-icon\">\n\t\t\t\t<svg xmlns=\"http:\/\/www.w3.org\/2000\/svg\" xmlns:xlink=\"http:\/\/www.w3.org\/1999\/xlink\" width=\"512\" height=\"512\" x=\"0\" y=\"0\" viewbox=\"0 0 24 24\" style=\"enable-background:new 0 0 512 512\" xml:space=\"preserve\"><g><path d=\"M11.834 10.754a3.51 3.51 0 0 0 5.758-.013 1.3 1.3 0 0 0 .127-.271v-.005a1.079 1.079 0 0 0-.136-.946 3.328 3.328 0 0 0-1.426-1.175.41.41 0 0 0-.054-.03c-.069-.031-.147-.043-.219-.07A1.57 1.57 0 0 0 16.3 7.19a1.585 1.585 0 1 0-2.757 1.058c-.083.03-.173.047-.252.084a3.332 3.332 0 0 0-1.455 1.191 1.043 1.043 0 0 0-.146.885.94.94 0 0 0 .144.346zm2.876-4.4a.835.835 0 1 1-.835.835.836.836 0 0 1 .835-.834zm-2.259 3.59a2.59 2.59 0 0 1 1.14-.928 2.729 2.729 0 0 1 2.147-.044.478.478 0 0 0 .071.038 2.581 2.581 0 0 1 1.156.931.336.336 0 0 1 .043.29.715.715 0 0 1-.041.1 2.728 2.728 0 0 1-2.254 1.169 2.5 2.5 0 0 1-2.262-1.171c-.014-.027-.042-.113-.042-.113a.324.324 0 0 1 .042-.271zM18.5 2.625h-8a2.953 2.953 0 0 0-2.874 3.021V11.1H4.985a2.423 2.423 0 0 0-2.359 2.477v4.781A2.954 2.954 0 0 0 5.5 21.375h.033l12.988-.08a2.959 2.959 0 0 0 2.854-3.02V5.646A2.953 2.953 0 0 0 18.5 2.625zm-12.976 18H5.5a2.2 2.2 0 0 1-2.124-2.272v-4.781a1.673 1.673 0 0 1 1.609-1.727h2.641v6.508a2.207 2.207 0 0 1-2.1 2.272zm15.1-2.35a2.208 2.208 0 0 1-2.109 2.27l-11.11.068a3.082 3.082 0 0 0 .969-2.26V5.646A2.2 2.2 0 0 1 10.5 3.375h8a2.2 2.2 0 0 1 2.124 2.271zm-1.541-4.42a.375.375 0 0 1-.375.375h-8a.375.375 0 0 1 0-.75h8a.375.375 0 0 1 .377.375zm0 1.981a.375.375 0 0 1-.375.375h-8a.375.375 0 0 1 0-.75h8a.375.375 0 0 1 .377.375zm0 1.982a.375.375 0 0 1-.375.375h-8a.375.375 0 0 1 0-.75h8a.375.375 0 0 1 .377.375z\" fill=\"#e26b53\" opacity=\"1\" data-original=\"#000000\"><\/path><\/g><\/svg>\t\t\t\t<\/span>\n\t\t\t<\/div>\n\t\t\t\n\t\t\t\t\t\t<div class=\"elementor-icon-box-content\">\n\n\t\t\t\t\t\t\t\t\t<h3 class=\"elementor-icon-box-title\">\n\t\t\t\t\t\t<span  >\n\t\t\t\t\t\t\tAplikuj teraz\t\t\t\t\t\t<\/span>\n\t\t\t\t\t<\/h3>\n\t\t\t\t\n\t\t\t\t\t\t\t\t\t<p class=\"elementor-icon-box-description\">\n\t\t\t\t\t\tGotowy na kolejny krok w swojej karierze? Sprawd\u017a nasze aktualne oferty pracy.\n<\/br>\n<a href=\"https:\/\/careers.nagel-group.com\/search\" target=\"_blank\" rel=\"noopener noreferrer\" style=\"float: left\">Wi\u0119cej \u2192<\/a>\n\t\t\t\t\t<\/p>\n\t\t\t\t\n\t\t\t<\/div>\n\t\t\t\n\t\t<\/div>\n\t\t\t\t\t\t<\/div>\n\t\t\t\t<\/div>\n\t\t\t\t<div class=\"elementor-element elementor-element-5af5c09 elementor-widget__width-initial elementor-view-default elementor-position-block-start elementor-mobile-position-block-start elementor-invisible elementor-widget elementor-widget-icon-box\" data-id=\"5af5c09\" data-element_type=\"widget\" data-e-type=\"widget\" data-settings=\"{&quot;_animation&quot;:&quot;fadeInUp&quot;}\" data-widget_type=\"icon-box.default\">\n\t\t\t\t<div class=\"elementor-widget-container\">\n\t\t\t\t\t\t\t<div class=\"elementor-icon-box-wrapper\">\n\n\t\t\t\t\t\t<div class=\"elementor-icon-box-icon\">\n\t\t\t\t<span  class=\"elementor-icon\">\n\t\t\t\t<svg xmlns=\"http:\/\/www.w3.org\/2000\/svg\" xmlns:xlink=\"http:\/\/www.w3.org\/1999\/xlink\" width=\"512\" height=\"512\" x=\"0\" y=\"0\" viewbox=\"0 0 511.874 511.874\" style=\"enable-background:new 0 0 512 512\" xml:space=\"preserve\" class=\"\"><g><path d=\"M490.114 12.813H132.568c-12.012.014-21.746 9.748-21.76 21.76v98.62l-16.35-24.525c-7.484-11.289-22.535-14.676-34.133-7.68l-33.638 20.224a49.355 49.355 0 0 0-22.545 29.244C-8.129 195.137.976 272.116 113.966 385.123c89.855 89.762 156.85 113.937 203.024 113.937 10.69.049 21.339-1.34 31.659-4.13a49.44 49.44 0 0 0 29.252-22.519l20.198-33.673c6.968-11.589 3.584-26.609-7.68-34.091l-80.546-53.692c-11.049-7.308-25.859-4.905-34.031 5.521l-23.45 30.148a8.166 8.166 0 0 1-10.445 2.21l-4.463-2.458c-14.686-8.004-32.964-17.971-69.879-54.886a605.694 605.694 0 0 1-11.008-11.307h333.517c11.982.009 21.713-9.676 21.76-21.658V34.573c-.014-12.012-9.748-21.746-21.76-21.76zM229.318 401.362l4.335 2.381c10.897 6.093 24.614 3.266 32.213-6.639l23.45-30.148a8.294 8.294 0 0 1 11.093-1.801l80.546 53.692a8.243 8.243 0 0 1 2.5 11.093l-20.198 33.673a32.425 32.425 0 0 1-19.123 14.848c-40.337 11.093-110.933 1.707-218.078-105.446S9.56 195.273 20.627 154.97a32.427 32.427 0 0 1 14.839-19.123l33.673-20.207a8.251 8.251 0 0 1 11.093 2.5l53.717 80.546a8.285 8.285 0 0 1-1.801 11.093l-30.157 23.458c-9.903 7.597-12.731 21.311-6.639 32.205l2.389 4.335c8.533 15.65 19.14 35.123 57.805 73.779 38.666 38.657 58.131 49.272 73.772 57.806zm265.49-102.836a4.659 4.659 0 0 1-4.693 4.608H141.203a215.204 215.204 0 0 1-28.476-41.506l-2.458-4.48a8.14 8.14 0 0 1 2.202-10.428l30.157-23.458c10.43-8.17 12.833-22.982 5.521-34.031l-20.275-30.43V34.573a4.642 4.642 0 0 1 4.693-4.693h357.547a4.642 4.642 0 0 1 4.693 4.693v263.953z\" fill=\"#e26b53\" opacity=\"1\" data-original=\"#000000\" class=\"\"><\/path><path d=\"m460.725 52.323-142.618 108.16a11.512 11.512 0 0 1-13.534 0L162.008 52.323a8.535 8.535 0 0 0-11.959 1.643 8.535 8.535 0 0 0 1.643 11.959l142.583 108.151a28.721 28.721 0 0 0 34.133 0L471.034 65.925a8.53 8.53 0 0 0 1.638-11.963 8.532 8.532 0 0 0-11.947-1.639zM238.517 174.793l-87.415 93.611a8.535 8.535 0 0 0 12.484 11.64l87.416-93.653a8.535 8.535 0 0 0-12.485-11.598zM384.728 174.793a8.534 8.534 0 0 0-12.062-.422 8.534 8.534 0 0 0-.422 12.062l87.39 93.611a8.534 8.534 0 0 0 12.062.422 8.534 8.534 0 0 0 .422-12.062l-87.39-93.611z\" fill=\"#e26b53\" opacity=\"1\" data-original=\"#000000\" class=\"\"><\/path><\/g><\/svg>\t\t\t\t<\/span>\n\t\t\t<\/div>\n\t\t\t\n\t\t\t\t\t\t<div class=\"elementor-icon-box-content\">\n\n\t\t\t\t\t\t\t\t\t<h3 class=\"elementor-icon-box-title\">\n\t\t\t\t\t\t<span  >\n\t\t\t\t\t\t\tKontakt\t\t\t\t\t\t<\/span>\n\t\t\t\t\t<\/h3>\n\t\t\t\t\n\t\t\t\t\t\t\t\t\t<p class=\"elementor-icon-box-description\">\n\t\t\t\t\t\tMasz pytania lub chcesz dowiedzie\u0107 si\u0119 wi\u0119cej o pracy w Nagel-Group? Skontaktuj si\u0119 z nami.\n<\/br>\n<a href=\"https:\/\/karriere.nagel-group.com\/pl\/?page_id=23696\" style=\"float: left\">Wi\u0119cej \u2192<\/a>\t\t\t\t\t<\/p>\n\t\t\t\t\n\t\t\t<\/div>\n\t\t\t\n\t\t<\/div>\n\t\t\t\t\t\t<\/div>\n\t\t\t\t<\/div>\n\t\t\t\t\t<\/div>\n\t\t\t\t<\/div>\n\t\t\t\t<\/div>\n\t\t\t\t<\/div>\n\t\t\t\t\t<\/div>\n\t\t\t\t<\/div>\n\t\t\t\t<\/div>","protected":false},"excerpt":{"rendered":"<p>Inside Nagel Von der Task force in die F\u00fchrungsrolle ZWEI WEGE, VIELE ERFAHRUNGEN Die Welt der Logistik ist gepr\u00e4gt von Dynamik und Wandel und um jederzeit handlungsf\u00e4hig zu bleiben, braucht es Teams, die flexibel reagieren. Die Task Force der Nagel-Group lebt diesen Anspruch und unterst\u00fctzt dort, wo es gerade am dringendsten gebraucht wird, von der [&hellip;]<\/p>\n","protected":false},"author":246537664,"featured_media":0,"parent":0,"menu_order":0,"comment_status":"closed","ping_status":"closed","template":"elementor_header_footer","meta":{"_crdt_document":"","footnotes":""},"class_list":["post-30686","page","type-page","status-publish","hentry"],"yoast_head":"<!-- This site is optimized with the Yoast SEO plugin v27.4 - https:\/\/yoast.com\/product\/yoast-seo-wordpress\/ -->\n<title>Von der Task Force in die F\u00fchrungsrolle \u2013 Karriere in der Logistik<\/title>\n<meta name=\"description\" content=\"Von der Task Force in die F\u00fchrungsrolle: Die Task Force der Nagel-Group unterst\u00fctzt dort, wo es gerade am dringendsten gebraucht wird.\" \/>\n<meta name=\"robots\" content=\"index, follow, max-snippet:-1, max-image-preview:large, max-video-preview:-1\" \/>\n<link rel=\"canonical\" href=\"https:\/\/karriere.nagel-group.com\/pl\/von-der-task-force-in-die-fuehrungsrolle\/\" \/>\n<meta property=\"og:locale\" content=\"pl_PL\" \/>\n<meta property=\"og:type\" content=\"article\" \/>\n<meta property=\"og:title\" content=\"Von der Task Force in die F\u00fchrungsrolle \u2013 Karriere in der Logistik\" \/>\n<meta property=\"og:description\" content=\"Von der Task Force in die F\u00fchrungsrolle: Die Task Force der Nagel-Group unterst\u00fctzt dort, wo es gerade am dringendsten gebraucht wird.\" \/>\n<meta property=\"og:url\" content=\"https:\/\/karriere.nagel-group.com\/pl\/von-der-task-force-in-die-fuehrungsrolle\/\" \/>\n<meta property=\"og:site_name\" content=\"Nagel-Group Karriere\" \/>\n<meta property=\"article:modified_time\" content=\"2026-01-14T08:34:23+00:00\" \/>\n<meta property=\"og:image\" content=\"https:\/\/karriere.nagel-group.com\/wp-content\/uploads\/2026\/01\/Max-2-225x300.png\" \/>\n<meta name=\"twitter:card\" content=\"summary_large_image\" \/>\n<meta name=\"twitter:label1\" content=\"Szacowany czas czytania\" \/>\n\t<meta name=\"twitter:data1\" content=\"7 minut\" \/>\n<script type=\"application\/ld+json\" class=\"yoast-schema-graph\">{\"@context\":\"https:\\\/\\\/schema.org\",\"@graph\":[{\"@type\":\"WebPage\",\"@id\":\"https:\\\/\\\/karriere.nagel-group.com\\\/von-der-task-force-in-die-fuehrungsrolle\\\/\",\"url\":\"https:\\\/\\\/karriere.nagel-group.com\\\/von-der-task-force-in-die-fuehrungsrolle\\\/\",\"name\":\"Von der Task Force in die F\u00fchrungsrolle \u2013 Karriere in der Logistik\",\"isPartOf\":{\"@id\":\"https:\\\/\\\/karriere.nagel-group.com\\\/#website\"},\"primaryImageOfPage\":{\"@id\":\"https:\\\/\\\/karriere.nagel-group.com\\\/von-der-task-force-in-die-fuehrungsrolle\\\/#primaryimage\"},\"image\":{\"@id\":\"https:\\\/\\\/karriere.nagel-group.com\\\/von-der-task-force-in-die-fuehrungsrolle\\\/#primaryimage\"},\"thumbnailUrl\":\"https:\\\/\\\/karriere.nagel-group.com\\\/wp-content\\\/uploads\\\/2026\\\/01\\\/Max-2-225x300.png\",\"datePublished\":\"2026-01-14T08:22:28+00:00\",\"dateModified\":\"2026-01-14T08:34:23+00:00\",\"description\":\"Von der Task Force in die F\u00fchrungsrolle: Die Task Force der Nagel-Group unterst\u00fctzt dort, wo es gerade am dringendsten gebraucht wird.\",\"breadcrumb\":{\"@id\":\"https:\\\/\\\/karriere.nagel-group.com\\\/von-der-task-force-in-die-fuehrungsrolle\\\/#breadcrumb\"},\"inLanguage\":\"pl-PL\",\"potentialAction\":[{\"@type\":\"ReadAction\",\"target\":[\"https:\\\/\\\/karriere.nagel-group.com\\\/von-der-task-force-in-die-fuehrungsrolle\\\/\"]}]},{\"@type\":\"ImageObject\",\"inLanguage\":\"pl-PL\",\"@id\":\"https:\\\/\\\/karriere.nagel-group.com\\\/von-der-task-force-in-die-fuehrungsrolle\\\/#primaryimage\",\"url\":\"https:\\\/\\\/karriere.nagel-group.com\\\/wp-content\\\/uploads\\\/2026\\\/01\\\/Max-2-225x300.png\",\"contentUrl\":\"https:\\\/\\\/karriere.nagel-group.com\\\/wp-content\\\/uploads\\\/2026\\\/01\\\/Max-2-225x300.png\"},{\"@type\":\"BreadcrumbList\",\"@id\":\"https:\\\/\\\/karriere.nagel-group.com\\\/von-der-task-force-in-die-fuehrungsrolle\\\/#breadcrumb\",\"itemListElement\":[{\"@type\":\"ListItem\",\"position\":1,\"name\":\"Startseite\",\"item\":\"https:\\\/\\\/karriere.nagel-group.com\\\/\"},{\"@type\":\"ListItem\",\"position\":2,\"name\":\"Von der Task Force in die F\u00fchrungsrolle\"}]},{\"@type\":\"WebSite\",\"@id\":\"https:\\\/\\\/karriere.nagel-group.com\\\/#website\",\"url\":\"https:\\\/\\\/karriere.nagel-group.com\\\/\",\"name\":\"Nagel-Group Karriere\",\"description\":\"Deine Karriere. Unsere Zukunft.\",\"publisher\":{\"@id\":\"https:\\\/\\\/karriere.nagel-group.com\\\/#organization\"},\"potentialAction\":[{\"@type\":\"SearchAction\",\"target\":{\"@type\":\"EntryPoint\",\"urlTemplate\":\"https:\\\/\\\/karriere.nagel-group.com\\\/?s={search_term_string}\"},\"query-input\":{\"@type\":\"PropertyValueSpecification\",\"valueRequired\":true,\"valueName\":\"search_term_string\"}}],\"inLanguage\":\"pl-PL\"},{\"@type\":\"Organization\",\"@id\":\"https:\\\/\\\/karriere.nagel-group.com\\\/#organization\",\"name\":\"Nagel-Group Karriere\",\"url\":\"https:\\\/\\\/karriere.nagel-group.com\\\/\",\"logo\":{\"@type\":\"ImageObject\",\"inLanguage\":\"pl-PL\",\"@id\":\"https:\\\/\\\/karriere.nagel-group.com\\\/#\\\/schema\\\/logo\\\/image\\\/\",\"url\":\"https:\\\/\\\/i0.wp.com\\\/karriere.nagel-group.com\\\/wp-content\\\/uploads\\\/2018\\\/08\\\/cropped-Nagel-Group.png?fit=2161%2C598&ssl=1\",\"contentUrl\":\"https:\\\/\\\/i0.wp.com\\\/karriere.nagel-group.com\\\/wp-content\\\/uploads\\\/2018\\\/08\\\/cropped-Nagel-Group.png?fit=2161%2C598&ssl=1\",\"width\":2161,\"height\":598,\"caption\":\"Nagel-Group Karriere\"},\"image\":{\"@id\":\"https:\\\/\\\/karriere.nagel-group.com\\\/#\\\/schema\\\/logo\\\/image\\\/\"}}]}<\/script>\n<!-- \/ Yoast SEO plugin. -->","yoast_head_json":{"title":"Od zespo\u0142u zadaniowego do roli kierowniczej - kariera w logistyce","description":"Od grupy zadaniowej do roli lidera: Grupa zadaniowa Nagel-Group zapewnia wsparcie tam, gdzie jest ono najpilniej potrzebne.","robots":{"index":"index","follow":"follow","max-snippet":"max-snippet:-1","max-image-preview":"max-image-preview:large","max-video-preview":"max-video-preview:-1"},"canonical":"https:\/\/karriere.nagel-group.com\/pl\/von-der-task-force-in-die-fuehrungsrolle\/","og_locale":"pl_PL","og_type":"article","og_title":"Von der Task Force in die F\u00fchrungsrolle \u2013 Karriere in der Logistik","og_description":"Von der Task Force in die F\u00fchrungsrolle: Die Task Force der Nagel-Group unterst\u00fctzt dort, wo es gerade am dringendsten gebraucht wird.","og_url":"https:\/\/karriere.nagel-group.com\/pl\/von-der-task-force-in-die-fuehrungsrolle\/","og_site_name":"Nagel-Group Karriere","article_modified_time":"2026-01-14T08:34:23+00:00","og_image":[{"url":"https:\/\/karriere.nagel-group.com\/wp-content\/uploads\/2026\/01\/Max-2-225x300.png","type":"","width":"","height":""}],"twitter_card":"summary_large_image","twitter_misc":{"Szacowany czas czytania":"7 minut"},"schema":{"@context":"https:\/\/schema.org","@graph":[{"@type":"WebPage","@id":"https:\/\/karriere.nagel-group.com\/von-der-task-force-in-die-fuehrungsrolle\/","url":"https:\/\/karriere.nagel-group.com\/von-der-task-force-in-die-fuehrungsrolle\/","name":"Od zespo\u0142u zadaniowego do roli kierowniczej - kariera w logistyce","isPartOf":{"@id":"https:\/\/karriere.nagel-group.com\/#website"},"primaryImageOfPage":{"@id":"https:\/\/karriere.nagel-group.com\/von-der-task-force-in-die-fuehrungsrolle\/#primaryimage"},"image":{"@id":"https:\/\/karriere.nagel-group.com\/von-der-task-force-in-die-fuehrungsrolle\/#primaryimage"},"thumbnailUrl":"https:\/\/karriere.nagel-group.com\/wp-content\/uploads\/2026\/01\/Max-2-225x300.png","datePublished":"2026-01-14T08:22:28+00:00","dateModified":"2026-01-14T08:34:23+00:00","description":"Od grupy zadaniowej do roli lidera: Grupa zadaniowa Nagel-Group zapewnia wsparcie tam, gdzie jest ono najpilniej potrzebne.","breadcrumb":{"@id":"https:\/\/karriere.nagel-group.com\/von-der-task-force-in-die-fuehrungsrolle\/#breadcrumb"},"inLanguage":"pl-PL","potentialAction":[{"@type":"ReadAction","target":["https:\/\/karriere.nagel-group.com\/von-der-task-force-in-die-fuehrungsrolle\/"]}]},{"@type":"ImageObject","inLanguage":"pl-PL","@id":"https:\/\/karriere.nagel-group.com\/von-der-task-force-in-die-fuehrungsrolle\/#primaryimage","url":"https:\/\/karriere.nagel-group.com\/wp-content\/uploads\/2026\/01\/Max-2-225x300.png","contentUrl":"https:\/\/karriere.nagel-group.com\/wp-content\/uploads\/2026\/01\/Max-2-225x300.png"},{"@type":"BreadcrumbList","@id":"https:\/\/karriere.nagel-group.com\/von-der-task-force-in-die-fuehrungsrolle\/#breadcrumb","itemListElement":[{"@type":"ListItem","position":1,"name":"Startseite","item":"https:\/\/karriere.nagel-group.com\/"},{"@type":"ListItem","position":2,"name":"Von der Task Force in die F\u00fchrungsrolle"}]},{"@type":"WebSite","@id":"https:\/\/karriere.nagel-group.com\/#website","url":"https:\/\/karriere.nagel-group.com\/","name":"Kariera w Nagel-Group","description":"Twoja kariera. Nasza przysz\u0142o\u015b\u0107.","publisher":{"@id":"https:\/\/karriere.nagel-group.com\/#organization"},"potentialAction":[{"@type":"SearchAction","target":{"@type":"EntryPoint","urlTemplate":"https:\/\/karriere.nagel-group.com\/?s={search_term_string}"},"query-input":{"@type":"PropertyValueSpecification","valueRequired":true,"valueName":"search_term_string"}}],"inLanguage":"pl-PL"},{"@type":"Organization","@id":"https:\/\/karriere.nagel-group.com\/#organization","name":"Kariera w Nagel-Group","url":"https:\/\/karriere.nagel-group.com\/","logo":{"@type":"ImageObject","inLanguage":"pl-PL","@id":"https:\/\/karriere.nagel-group.com\/#\/schema\/logo\/image\/","url":"https:\/\/i0.wp.com\/karriere.nagel-group.com\/wp-content\/uploads\/2018\/08\/cropped-Nagel-Group.png?fit=2161%2C598&ssl=1","contentUrl":"https:\/\/i0.wp.com\/karriere.nagel-group.com\/wp-content\/uploads\/2018\/08\/cropped-Nagel-Group.png?fit=2161%2C598&ssl=1","width":2161,"height":598,"caption":"Nagel-Group Karriere"},"image":{"@id":"https:\/\/karriere.nagel-group.com\/#\/schema\/logo\/image\/"}}]}},"jetpack_likes_enabled":true,"jetpack_sharing_enabled":true,"jetpack_shortlink":"https:\/\/wp.me\/Pfw6Wr-7YW","_links":{"self":[{"href":"https:\/\/karriere.nagel-group.com\/pl\/wp-json\/wp\/v2\/pages\/30686","targetHints":{"allow":["GET"]}}],"collection":[{"href":"https:\/\/karriere.nagel-group.com\/pl\/wp-json\/wp\/v2\/pages"}],"about":[{"href":"https:\/\/karriere.nagel-group.com\/pl\/wp-json\/wp\/v2\/types\/page"}],"author":[{"embeddable":true,"href":"https:\/\/karriere.nagel-group.com\/pl\/wp-json\/wp\/v2\/users\/246537664"}],"replies":[{"embeddable":true,"href":"https:\/\/karriere.nagel-group.com\/pl\/wp-json\/wp\/v2\/comments?post=30686"}],"version-history":[{"count":16,"href":"https:\/\/karriere.nagel-group.com\/pl\/wp-json\/wp\/v2\/pages\/30686\/revisions"}],"predecessor-version":[{"id":31030,"href":"https:\/\/karriere.nagel-group.com\/pl\/wp-json\/wp\/v2\/pages\/30686\/revisions\/31030"}],"wp:attachment":[{"href":"https:\/\/karriere.nagel-group.com\/pl\/wp-json\/wp\/v2\/media?parent=30686"}],"curies":[{"name":"wp","href":"https:\/\/api.w.org\/{rel}","templated":true}]}}