{"id":31067,"date":"2026-02-04T10:52:54","date_gmt":"2026-02-04T09:52:54","guid":{"rendered":"https:\/\/karriere.nagel-group.com\/?page_id=31067"},"modified":"2026-02-05T09:55:32","modified_gmt":"2026-02-05T08:55:32","slug":"vom-dualen-studenten-zur-bereichsleitung","status":"publish","type":"page","link":"https:\/\/karriere.nagel-group.com\/hu\/vom-dualen-studenten-zur-bereichsleitung\/","title":{"rendered":"A du\u00e1lis hallgat\u00f3t\u00f3l a div\u00edzi\u00f3vezet\u0151ig"},"content":{"rendered":"<div data-elementor-type=\"wp-page\" data-elementor-id=\"31067\" class=\"elementor elementor-31067\" data-elementor-post-type=\"page\">\n\t\t\t\t<div class=\"elementor-element elementor-element-0c4248c e-flex e-con-boxed e-con e-parent\" data-id=\"0c4248c\" data-element_type=\"container\" data-e-type=\"container\" data-settings=\"{&quot;background_background&quot;:&quot;classic&quot;,&quot;jet_parallax_layout_list&quot;:[]}\">\n\t\t\t\t\t<div class=\"e-con-inner\">\n\t\t\t\t<div class=\"elementor-element elementor-element-e7fc7de elementor-widget elementor-widget-heading\" data-id=\"e7fc7de\" data-element_type=\"widget\" data-e-type=\"widget\" data-widget_type=\"heading.default\">\n\t\t\t\t<div class=\"elementor-widget-container\">\n\t\t\t\t\t<div class=\"elementor-heading-title elementor-size-default\">A Nagelen bel\u00fcl<\/div>\t\t\t\t<\/div>\n\t\t\t\t<\/div>\n\t\t\t\t<div class=\"elementor-element elementor-element-4fbbe34 elementor-widget elementor-widget-heading\" data-id=\"4fbbe34\" data-element_type=\"widget\" data-e-type=\"widget\" data-widget_type=\"heading.default\">\n\t\t\t\t<div class=\"elementor-widget-container\">\n\t\t\t\t\t<h1 class=\"elementor-heading-title elementor-size-default\">A du\u00e1lis k\u00e9pz\u00e9sben r\u00e9szt vev\u0151 hallgat\u00f3t\u00f3l a r\u00e9szlegvezet\u00e9sig <\/h1>\t\t\t\t<\/div>\n\t\t\t\t<\/div>\n\t\t\t\t<div class=\"elementor-element elementor-element-da8e00e elementor-widget elementor-widget-spacer\" data-id=\"da8e00e\" data-element_type=\"widget\" data-e-type=\"widget\" data-widget_type=\"spacer.default\">\n\t\t\t\t<div class=\"elementor-widget-container\">\n\t\t\t\t\t\t\t<div class=\"elementor-spacer\">\n\t\t\t<div class=\"elementor-spacer-inner\"><\/div>\n\t\t<\/div>\n\t\t\t\t\t\t<\/div>\n\t\t\t\t<\/div>\n\t\t\t\t\t<\/div>\n\t\t\t\t<\/div>\n\t\t<div class=\"elementor-element elementor-element-7f01475 e-flex e-con-boxed e-con e-parent\" data-id=\"7f01475\" data-element_type=\"container\" data-e-type=\"container\" data-settings=\"{&quot;jet_parallax_layout_list&quot;:[]}\">\n\t\t\t\t\t<div class=\"e-con-inner\">\n\t\t\t\t<div class=\"elementor-element elementor-element-657f160 elementor-widget elementor-widget-spacer\" data-id=\"657f160\" data-element_type=\"widget\" data-e-type=\"widget\" data-widget_type=\"spacer.default\">\n\t\t\t\t<div class=\"elementor-widget-container\">\n\t\t\t\t\t\t\t<div class=\"elementor-spacer\">\n\t\t\t<div class=\"elementor-spacer-inner\"><\/div>\n\t\t<\/div>\n\t\t\t\t\t\t<\/div>\n\t\t\t\t<\/div>\n\t\t\t\t\t<\/div>\n\t\t\t\t<\/div>\n\t\t<div class=\"elementor-element elementor-element-8590fa9 e-flex e-con-boxed e-con e-parent\" data-id=\"8590fa9\" data-element_type=\"container\" data-e-type=\"container\" data-settings=\"{&quot;jet_parallax_layout_list&quot;:[]}\">\n\t\t\t\t\t<div class=\"e-con-inner\">\n\t\t\t\t<div class=\"elementor-element elementor-element-1e8fb86 elementor-widget elementor-widget-heading\" data-id=\"1e8fb86\" data-element_type=\"widget\" data-e-type=\"widget\" data-widget_type=\"heading.default\">\n\t\t\t\t<div class=\"elementor-widget-container\">\n\t\t\t\t\t<h2 class=\"elementor-heading-title elementor-size-default\">J\u00d6V\u0150BE N\u00c9Z\u0150 KARRIERP\u00c1LYA<\/h2>\t\t\t\t<\/div>\n\t\t\t\t<\/div>\n\t\t\t\t\t<\/div>\n\t\t\t\t<\/div>\n\t\t<div class=\"elementor-element elementor-element-dbb3158 e-flex e-con-boxed e-con e-parent\" data-id=\"dbb3158\" data-element_type=\"container\" data-e-type=\"container\" data-settings=\"{&quot;jet_parallax_layout_list&quot;:[]}\">\n\t\t\t\t\t<div class=\"e-con-inner\">\n\t\t<div class=\"elementor-element elementor-element-dc79c52 e-con-full e-flex e-con e-child\" data-id=\"dc79c52\" data-element_type=\"container\" data-e-type=\"container\" data-settings=\"{&quot;jet_parallax_layout_list&quot;:[]}\">\n\t\t\t\t<div class=\"elementor-element elementor-element-697106d elementor-widget elementor-widget-text-editor\" data-id=\"697106d\" data-element_type=\"widget\" data-e-type=\"widget\" data-widget_type=\"text-editor.default\">\n\t\t\t\t<div class=\"elementor-widget-container\">\n\t\t\t\t\t\t\t\t\t<p class=\"Text\">Amikor Luca Hafermann 2022-ben megkezdte du\u00e1lis tanulm\u00e1nyait a Nagel-Groupn\u00e1l, m\u00e9g nem lehetett el\u0151re l\u00e1tni, hogy mind\u00f6ssze h\u00e1rom \u00e9vvel k\u00e9s\u0151bb vezet\u0151i poz\u00edci\u00f3t fog bet\u00f6lteni. Ma \u0151 vezeti a Business Services r\u00e9szleget a gothai telephelyen. Ez a l\u00e9p\u00e9s j\u00f3l mutatja, milyen fejl\u0151d\u00e9si lehet\u0151s\u00e9gek ny\u00edlhatnak meg az elk\u00f6telezetts\u00e9g \u00e9s a szenved\u00e9ly r\u00e9v\u00e9n.<\/p>\t\t\t\t\t\t\t\t<\/div>\n\t\t\t\t<\/div>\n\t\t\t\t<\/div>\n\t\t\t\t\t<\/div>\n\t\t\t\t<\/div>\n\t\t<div class=\"elementor-element elementor-element-7ae3c3d e-flex e-con-boxed e-con e-parent\" data-id=\"7ae3c3d\" data-element_type=\"container\" data-e-type=\"container\" data-settings=\"{&quot;jet_parallax_layout_list&quot;:[]}\">\n\t\t\t\t\t<div class=\"e-con-inner\">\n\t\t<div class=\"elementor-element elementor-element-29f3a9f e-con-full e-flex e-con e-child\" data-id=\"29f3a9f\" data-element_type=\"container\" data-e-type=\"container\" data-settings=\"{&quot;jet_parallax_layout_list&quot;:[]}\">\n\t\t\t\t<div class=\"elementor-element elementor-element-08d812b elementor-widget elementor-widget-text-editor\" data-id=\"08d812b\" data-element_type=\"widget\" data-e-type=\"widget\" data-widget_type=\"text-editor.default\">\n\t\t\t\t<div class=\"elementor-widget-container\">\n\t\t\t\t\t\t\t\t\t<p><img fetchpriority=\"high\" decoding=\"async\" data-attachment-id=\"31068\" data-permalink=\"https:\/\/karriere.nagel-group.com\/hu\/lkw-2\/\" data-orig-file=\"https:\/\/i0.wp.com\/karriere.nagel-group.com\/wp-content\/uploads\/2026\/02\/LKW.png?fit=4032%2C3024&amp;ssl=1\" data-orig-size=\"4032,3024\" data-comments-opened=\"1\" data-image-meta=\"{&quot;aperture&quot;:&quot;0&quot;,&quot;credit&quot;:&quot;&quot;,&quot;camera&quot;:&quot;&quot;,&quot;caption&quot;:&quot;&quot;,&quot;created_timestamp&quot;:&quot;0&quot;,&quot;copyright&quot;:&quot;&quot;,&quot;focal_length&quot;:&quot;0&quot;,&quot;iso&quot;:&quot;0&quot;,&quot;shutter_speed&quot;:&quot;0&quot;,&quot;title&quot;:&quot;&quot;,&quot;orientation&quot;:&quot;0&quot;}\" data-image-title=\"LKW\" data-image-description=\"\" data-image-caption=\"\" data-large-file=\"https:\/\/i0.wp.com\/karriere.nagel-group.com\/wp-content\/uploads\/2026\/02\/LKW.png?fit=1024%2C768&amp;ssl=1\" data-recalc-dims=\"1\" class=\"alignleft wp-image-31068\" src=\"https:\/\/i0.wp.com\/karriere.nagel-group.com\/wp-content\/uploads\/2026\/02\/LKW.png?resize=350%2C263&#038;ssl=1\" alt=\"\" width=\"350\" height=\"263\" srcset=\"https:\/\/i0.wp.com\/karriere.nagel-group.com\/wp-content\/uploads\/2026\/02\/LKW.png?w=4032&amp;ssl=1 4032w, https:\/\/i0.wp.com\/karriere.nagel-group.com\/wp-content\/uploads\/2026\/02\/LKW.png?resize=300%2C225&amp;ssl=1 300w, https:\/\/i0.wp.com\/karriere.nagel-group.com\/wp-content\/uploads\/2026\/02\/LKW.png?resize=1024%2C768&amp;ssl=1 1024w, https:\/\/i0.wp.com\/karriere.nagel-group.com\/wp-content\/uploads\/2026\/02\/LKW.png?resize=768%2C576&amp;ssl=1 768w, https:\/\/i0.wp.com\/karriere.nagel-group.com\/wp-content\/uploads\/2026\/02\/LKW.png?resize=1536%2C1152&amp;ssl=1 1536w, https:\/\/i0.wp.com\/karriere.nagel-group.com\/wp-content\/uploads\/2026\/02\/LKW.png?resize=2048%2C1536&amp;ssl=1 2048w, https:\/\/i0.wp.com\/karriere.nagel-group.com\/wp-content\/uploads\/2026\/02\/LKW.png?resize=16%2C12&amp;ssl=1 16w, https:\/\/i0.wp.com\/karriere.nagel-group.com\/wp-content\/uploads\/2026\/02\/LKW.png?resize=600%2C450&amp;ssl=1 600w, https:\/\/i0.wp.com\/karriere.nagel-group.com\/wp-content\/uploads\/2026\/02\/LKW.png?w=2400&amp;ssl=1 2400w, https:\/\/i0.wp.com\/karriere.nagel-group.com\/wp-content\/uploads\/2026\/02\/LKW.png?w=3600&amp;ssl=1 3600w\" sizes=\"(max-width: 350px) 100vw, 350px\" \/><\/p>\n<p class=\"Text\">Az \u00e9retts\u00e9gi ut\u00e1n Luca tudatosan \u00fagy d\u00f6nt\u00f6tt, hogy r\u00e9szt vesz a sz\u00f6vets\u00e9gi \u00f6nk\u00e9ntes szolg\u00e1latban, hogy megtal\u00e1lja a hely\u00e9t \u00e9s felel\u0151ss\u00e9get v\u00e1llaljon. Hamar r\u00e1j\u00f6tt: egyetemre szeretne menni, de olyan szakra, amely k\u00f6zvetlen\u00fcl kapcsol\u00f3dik a gyakorlati munk\u00e1hoz. A logisztikai ter\u00fcleten foly\u00f3 du\u00e1lis k\u00e9pz\u00e9s pontosan ezt a kombin\u00e1ci\u00f3t k\u00edn\u00e1lta. Mivel a r\u00e9gi\u00f3ban akart maradni, a Nagel-Group mellett d\u00f6nt\u00f6tt.<\/p>\n<p class=\"Text\">M\u00e1r tanulm\u00e1nyai alatt Luca megismerkedett a v\u00e1llalat sz\u00e1mos ter\u00fclet\u00e9vel: a sz\u00e1mviteli oszt\u00e1lyt\u00f3l kezdve a termel\u00e9sir\u00e1ny\u00edt\u00e1son \u00e9s a min\u0151s\u00e9gir\u00e1ny\u00edt\u00e1son \u00e1t eg\u00e9szen az \u00fcgyf\u00e9lszolg\u00e1latig betekint\u00e9st nyert a v\u00e1llalat k\u00f6zponti folyamataiba \u00e9s kapcsol\u00f3d\u00e1si pontjaiba. K\u00fcl\u00f6n\u00f6sen meghat\u00e1roz\u00f3 volt sz\u00e1m\u00e1ra az elm\u00e9let \u00e9s a gyakorlat szoros \u00f6sszefon\u00f3d\u00e1sa. Minden gyakorlati szakaszban konkr\u00e9t projektekben dolgozott, elemezte a megl\u00e9v\u0151 folyamatokat, \u00e9s olyan fejleszt\u00e9si javaslatokat dolgozott ki, amelyeket k\u00f6zvetlen\u00fcl alkalmaztak a mindennapi munk\u00e1ban. Legink\u00e1bb azonban az \u00fcgyf\u00e9lszolg\u00e1latn\u00e1l t\u00f6lt\u00f6tt id\u0151 hatott r\u00e1. Megtanulta, mennyire fontos a kommunik\u00e1ci\u00f3, a szervez\u00e9s \u00e9s a folyamatok meg\u00e9rt\u00e9se a mindennapi \u00fcgyf\u00e9lkapcsolatokban.<\/p>\n<p class=\"Text\">A k\u00e9pz\u00e9si vezet\u00e9ssel folytatott megbesz\u00e9l\u00e9s sor\u00e1n el\u0151sz\u00f6r konkr\u00e9tan a diploma megszerz\u00e9se ut\u00e1ni kil\u00e1t\u00e1sokr\u00f3l esett sz\u00f3. Luca sz\u00e1m\u00e1ra egy\u00e9rtelm\u0171 volt, hogy felel\u0151ss\u00e9get szeretne v\u00e1llalni, \u00e9s akt\u00edvan r\u00e9szt venni a telephely fejleszt\u00e9s\u00e9ben. A gotha\/emlebeni telephely b\u0151v\u00edt\u00e9s\u00e9vel v\u00e9g\u00fcl lehet\u0151s\u00e9g ny\u00edlt arra, hogy k\u00f6zvetlen\u00fcl a tanulm\u00e1nyai befejez\u00e9se ut\u00e1n \u00e1tvegye a Business Services r\u00e9szleg vezet\u00e9s\u00e9t.<\/p>\t\t\t\t\t\t\t\t<\/div>\n\t\t\t\t<\/div>\n\t\t\t\t<\/div>\n\t\t\t\t\t<\/div>\n\t\t\t\t<\/div>\n\t\t<div class=\"elementor-element elementor-element-00e41a2 e-flex e-con-boxed e-con e-parent\" data-id=\"00e41a2\" data-element_type=\"container\" data-e-type=\"container\" data-settings=\"{&quot;jet_parallax_layout_list&quot;:[]}\">\n\t\t\t\t\t<div class=\"e-con-inner\">\n\t\t<div class=\"elementor-element elementor-element-d7e1a48 e-con-full e-flex e-con e-child\" data-id=\"d7e1a48\" data-element_type=\"container\" data-e-type=\"container\" data-settings=\"{&quot;jet_parallax_layout_list&quot;:[]}\">\n\t\t\t\t<div class=\"elementor-element elementor-element-7b1a875 elementor-widget elementor-widget-text-editor\" data-id=\"7b1a875\" data-element_type=\"widget\" data-e-type=\"widget\" data-widget_type=\"text-editor.default\">\n\t\t\t\t<div class=\"elementor-widget-container\">\n\t\t\t\t\t\t\t\t\t<p><img decoding=\"async\" data-attachment-id=\"31069\" data-permalink=\"https:\/\/karriere.nagel-group.com\/hu\/raum\/\" data-orig-file=\"https:\/\/i0.wp.com\/karriere.nagel-group.com\/wp-content\/uploads\/2026\/02\/Raum.png?fit=3024%2C4032&amp;ssl=1\" data-orig-size=\"3024,4032\" data-comments-opened=\"1\" data-image-meta=\"{&quot;aperture&quot;:&quot;0&quot;,&quot;credit&quot;:&quot;&quot;,&quot;camera&quot;:&quot;&quot;,&quot;caption&quot;:&quot;&quot;,&quot;created_timestamp&quot;:&quot;0&quot;,&quot;copyright&quot;:&quot;&quot;,&quot;focal_length&quot;:&quot;0&quot;,&quot;iso&quot;:&quot;0&quot;,&quot;shutter_speed&quot;:&quot;0&quot;,&quot;title&quot;:&quot;&quot;,&quot;orientation&quot;:&quot;0&quot;}\" data-image-title=\"Raum\" data-image-description=\"\" data-image-caption=\"\" data-large-file=\"https:\/\/i0.wp.com\/karriere.nagel-group.com\/wp-content\/uploads\/2026\/02\/Raum.png?fit=768%2C1024&amp;ssl=1\" data-recalc-dims=\"1\" class=\"wp-image-31069 size-medium alignright\" src=\"https:\/\/i0.wp.com\/karriere.nagel-group.com\/wp-content\/uploads\/2026\/02\/Raum.png?resize=225%2C300&#038;ssl=1\" alt=\"\" width=\"225\" height=\"300\" srcset=\"https:\/\/i0.wp.com\/karriere.nagel-group.com\/wp-content\/uploads\/2026\/02\/Raum.png?w=3024&amp;ssl=1 3024w, https:\/\/i0.wp.com\/karriere.nagel-group.com\/wp-content\/uploads\/2026\/02\/Raum.png?resize=225%2C300&amp;ssl=1 225w, https:\/\/i0.wp.com\/karriere.nagel-group.com\/wp-content\/uploads\/2026\/02\/Raum.png?resize=768%2C1024&amp;ssl=1 768w, https:\/\/i0.wp.com\/karriere.nagel-group.com\/wp-content\/uploads\/2026\/02\/Raum.png?resize=1152%2C1536&amp;ssl=1 1152w, https:\/\/i0.wp.com\/karriere.nagel-group.com\/wp-content\/uploads\/2026\/02\/Raum.png?resize=1536%2C2048&amp;ssl=1 1536w, https:\/\/i0.wp.com\/karriere.nagel-group.com\/wp-content\/uploads\/2026\/02\/Raum.png?resize=9%2C12&amp;ssl=1 9w, https:\/\/i0.wp.com\/karriere.nagel-group.com\/wp-content\/uploads\/2026\/02\/Raum.png?resize=600%2C800&amp;ssl=1 600w, https:\/\/i0.wp.com\/karriere.nagel-group.com\/wp-content\/uploads\/2026\/02\/Raum.png?w=2400&amp;ssl=1 2400w\" sizes=\"(max-width: 225px) 100vw, 225px\" \/><\/p><p class=\"Text\">C\u00e9lzottan k\u00e9sz\u00fclt fel erre a poz\u00edci\u00f3ra. A relev\u00e1ns r\u00e9szlegekben elm\u00e9ly\u00edtette a folyamatok ismeret\u00e9t, vezet\u0151i k\u00e9pz\u00e9seken vett r\u00e9szt, \u00e9s ezzel p\u00e1rhuzamosan elm\u00e9let\u00e9t \u00e9s gyakorlat\u00e1t \u00f6tv\u00f6zte egy nagyv\u00e1llalati \u00fcgyf\u00e9l sz\u00e1ll\u00edt\u00e1si \u00e9s k\u00e1rkezel\u00e9si folyamatainak optimaliz\u00e1l\u00e1s\u00e1r\u00f3l sz\u00f3l\u00f3 diplomamunk\u00e1j\u00e1ban. Ez a projekt p\u00e9ld\u00e1san mutatja, milyen gyakorlatias m\u00f3don val\u00f3sul meg a du\u00e1lis k\u00e9pz\u00e9s a Nagel-Groupn\u00e1l.<\/p><p class=\"Text\">2025. okt\u00f3ber 1-j\u00e9n Luca Hafermann \u00e1tvette \u00faj poz\u00edci\u00f3j\u00e1t. Ma az a feladata, hogy k\u00f6zponti szerepet t\u00f6lts\u00f6n be, csapatokat vezessen \u00e9s folyamatokat fejlesszen tov\u00e1bb, tudva, hogy eddigi p\u00e1lyafut\u00e1s\u00e1nak minden egyes l\u00e9p\u00e9se pontosan erre a szerepre k\u00e9sz\u00edtette fel.<\/p><p class=\"Text\">Az \u0151 p\u00e9ld\u00e1ja azt mutatja: aki elk\u00f6telezetts\u00e9get, tanul\u00e1si v\u00e1gyat \u00e9s felel\u0151ss\u00e9gtudatot \u00f6tv\u00f6z, az a Nagel-Groupn\u00e1l hamar felel\u0151ss\u00e9get v\u00e1llalhat, \u00e9s akt\u00edvan alak\u00edthatja a j\u00f6v\u0151t.<\/p>\t\t\t\t\t\t\t\t<\/div>\n\t\t\t\t<\/div>\n\t\t\t\t<\/div>\n\t\t\t\t\t<\/div>\n\t\t\t\t<\/div>\n\t\t<div class=\"elementor-element elementor-element-1f6482f e-flex e-con-boxed e-con e-parent\" data-id=\"1f6482f\" data-element_type=\"container\" data-e-type=\"container\" data-settings=\"{&quot;jet_parallax_layout_list&quot;:[]}\">\n\t\t\t\t\t<div class=\"e-con-inner\">\n\t\t\t\t<div class=\"elementor-element elementor-element-db3075a elementor-widget elementor-widget-spacer\" data-id=\"db3075a\" data-element_type=\"widget\" data-e-type=\"widget\" data-widget_type=\"spacer.default\">\n\t\t\t\t<div class=\"elementor-widget-container\">\n\t\t\t\t\t\t\t<div class=\"elementor-spacer\">\n\t\t\t<div class=\"elementor-spacer-inner\"><\/div>\n\t\t<\/div>\n\t\t\t\t\t\t<\/div>\n\t\t\t\t<\/div>\n\t\t\t\t<div class=\"elementor-element elementor-element-5e34033 elementor-widget__width-inherit elementor-widget-divider--view-line elementor-invisible elementor-widget elementor-widget-divider\" data-id=\"5e34033\" data-element_type=\"widget\" data-e-type=\"widget\" data-settings=\"{&quot;_animation&quot;:&quot;fadeInLeft&quot;}\" data-widget_type=\"divider.default\">\n\t\t\t\t<div class=\"elementor-widget-container\">\n\t\t\t\t\t\t\t<div class=\"elementor-divider\">\n\t\t\t<span class=\"elementor-divider-separator\">\n\t\t\t\t\t\t<\/span>\n\t\t<\/div>\n\t\t\t\t\t\t<\/div>\n\t\t\t\t<\/div>\n\t\t\t\t\t<\/div>\n\t\t\t\t<\/div>\n\t\t<div class=\"elementor-element elementor-element-de72206 e-flex e-con-boxed e-con e-parent\" data-id=\"de72206\" data-element_type=\"container\" data-e-type=\"container\" data-settings=\"{&quot;jet_parallax_layout_list&quot;:[]}\">\n\t\t\t\t\t<div class=\"e-con-inner\">\n\t\t<div class=\"elementor-element elementor-element-4e6ff1e e-con-full e-flex e-con e-child\" data-id=\"4e6ff1e\" data-element_type=\"container\" data-e-type=\"container\" data-settings=\"{&quot;background_background&quot;:&quot;classic&quot;,&quot;jet_parallax_layout_list&quot;:[]}\">\n\t\t\t\t<div class=\"elementor-element elementor-element-cbd0ee2 elementor-cta--skin-cover elementor-cta--valign-bottom elementor-widget__width-initial elementor-invisible elementor-widget elementor-widget-call-to-action\" data-id=\"cbd0ee2\" data-element_type=\"widget\" data-e-type=\"widget\" data-settings=\"{&quot;_animation&quot;:&quot;fadeInUp&quot;}\" data-widget_type=\"call-to-action.default\">\n\t\t\t\t<div class=\"elementor-widget-container\">\n\t\t\t\t\t\t\t<a class=\"elementor-cta\" href=\"https:\/\/karriere.nagel-group.com\/hu\/a-legerosebb-vezetonk-sokszinusege\/\">\n\t\t\t\t\t<div class=\"elementor-cta__bg-wrapper\">\n\t\t\t\t<div class=\"elementor-cta__bg elementor-bg\" style=\"background-image: url(https:\/\/i0.wp.com\/karriere.nagel-group.com\/wp-content\/uploads\/2025\/05\/Website.jpg?fit=750%2C728&#038;ssl=1);\" role=\"img\" aria-label=\"Honlap\"><\/div>\n\t\t\t\t<div class=\"elementor-cta__bg-overlay\"><\/div>\n\t\t\t<\/div>\n\t\t\t\t\t\t\t<div class=\"elementor-cta__content\">\n\t\t\t\t\n\t\t\t\t\t\t\t\t\t<span class=\"elementor-cta__title elementor-cta__content-item elementor-content-item\">\n\t\t\t\t\t\tA leger\u0151sebb hajt\u00f3er\u0151nk: soksz\u00edn\u0171s\u00e9g\t\t\t\t\t<\/span>\n\t\t\t\t\n\t\t\t\t\t\t\t\t\t<div class=\"elementor-cta__description elementor-cta__content-item elementor-content-item\">\n\t\t\t\t\t\tAndreas Sekler \t\t\t\t\t<\/div>\n\t\t\t\t\n\t\t\t\t\t\t\t<\/div>\n\t\t\t\t\t\t<\/a>\n\t\t\t\t\t\t<\/div>\n\t\t\t\t<\/div>\n\t\t\t\t<div class=\"elementor-element elementor-element-25a2d74 elementor-cta--skin-cover elementor-cta--valign-bottom elementor-widget__width-initial elementor-invisible elementor-widget elementor-widget-call-to-action\" data-id=\"25a2d74\" data-element_type=\"widget\" data-e-type=\"widget\" data-settings=\"{&quot;_animation&quot;:&quot;fadeInUp&quot;}\" data-widget_type=\"call-to-action.default\">\n\t\t\t\t<div class=\"elementor-widget-container\">\n\t\t\t\t\t\t\t<a class=\"elementor-cta\" href=\"https:\/\/karriere.nagel-group.com\/hu\/a-munkacsoporttol-a-vezetoi-szerepkoerig\/\">\n\t\t\t\t\t<div class=\"elementor-cta__bg-wrapper\">\n\t\t\t\t<div class=\"elementor-cta__bg elementor-bg\" style=\"background-image: url(https:\/\/i0.wp.com\/karriere.nagel-group.com\/wp-content\/uploads\/2026\/01\/Design-ohne-Titel-16.png?fit=2165%2C2887&#038;ssl=1);\" role=\"img\" aria-label=\"C\u00edm n\u00e9lk\u00fcli formatervez\u00e9s (16)\"><\/div>\n\t\t\t\t<div class=\"elementor-cta__bg-overlay\"><\/div>\n\t\t\t<\/div>\n\t\t\t\t\t\t\t<div class=\"elementor-cta__content\">\n\t\t\t\t\n\t\t\t\t\t\t\t\t\t<span class=\"elementor-cta__title elementor-cta__content-item elementor-content-item\">\n\t\t\t\t\t\tA munkacsoportt\u00f3l a vezet\u0151i szerepig\t\t\t\t\t<\/span>\n\t\t\t\t\n\t\t\t\t\t\t\t\t\t<div class=\"elementor-cta__description elementor-cta__content-item elementor-content-item\">\n\t\t\t\t\t\tMax Loesch &amp; Alexander R\u00f6hn\t\t\t\t\t<\/div>\n\t\t\t\t\n\t\t\t\t\t\t\t<\/div>\n\t\t\t\t\t\t<\/a>\n\t\t\t\t\t\t<\/div>\n\t\t\t\t<\/div>\n\t\t\t\t<div class=\"elementor-element elementor-element-743fd33 elementor-cta--skin-cover elementor-cta--valign-bottom elementor-widget__width-initial elementor-invisible elementor-widget elementor-widget-call-to-action\" data-id=\"743fd33\" data-element_type=\"widget\" data-e-type=\"widget\" data-settings=\"{&quot;_animation&quot;:&quot;fadeInUp&quot;}\" data-widget_type=\"call-to-action.default\">\n\t\t\t\t<div class=\"elementor-widget-container\">\n\t\t\t\t\t\t\t<a class=\"elementor-cta\" href=\"https:\/\/karriere.nagel-group.com\/hu\/a-kepzes-megkezdesetol-a-telephely-iranyitasaig\/\">\n\t\t\t\t\t<div class=\"elementor-cta__bg-wrapper\">\n\t\t\t\t<div class=\"elementor-cta__bg elementor-bg\" style=\"background-image: url(https:\/\/i0.wp.com\/karriere.nagel-group.com\/wp-content\/uploads\/2025\/08\/Frederik-Brune_Standortleitung.jpg?fit=1920%2C2408&#038;ssl=1);\" role=\"img\" aria-label=\"Frederik Brune_Helysz\u00ednkezel\u00e9s\"><\/div>\n\t\t\t\t<div class=\"elementor-cta__bg-overlay\"><\/div>\n\t\t\t<\/div>\n\t\t\t\t\t\t\t<div class=\"elementor-cta__content\">\n\t\t\t\t\n\t\t\t\t\t\t\t\t\t<span class=\"elementor-cta__title elementor-cta__content-item elementor-content-item\">\n\t\t\t\t\t\tA telephely-ir\u00e1ny\u00edt\u00e1shoz vezet\u0151 \u00fat\t\t\t\t\t<\/span>\n\t\t\t\t\n\t\t\t\t\t\t\t\t\t<div class=\"elementor-cta__description elementor-cta__content-item elementor-content-item\">\n\t\t\t\t\t\tFrederik Brune\t\t\t\t\t<\/div>\n\t\t\t\t\n\t\t\t\t\t\t\t<\/div>\n\t\t\t\t\t\t<\/a>\n\t\t\t\t\t\t<\/div>\n\t\t\t\t<\/div>\n\t\t\t\t<\/div>\n\t\t<div class=\"elementor-element elementor-element-5360e80 e-con-full e-flex e-con e-child\" data-id=\"5360e80\" data-element_type=\"container\" data-e-type=\"container\" data-settings=\"{&quot;background_background&quot;:&quot;classic&quot;,&quot;jet_parallax_layout_list&quot;:[]}\">\n\t\t<div class=\"elementor-element elementor-element-4463cec e-con-full e-flex elementor-invisible e-con e-child\" data-id=\"4463cec\" data-element_type=\"container\" data-e-type=\"container\" data-settings=\"{&quot;jet_parallax_layout_list&quot;:[],&quot;animation&quot;:&quot;fadeIn&quot;}\">\n\t\t\t\t<div class=\"elementor-element elementor-element-442ae2a elementor-widget__width-inherit elementor-widget-divider--view-line elementor-invisible elementor-widget elementor-widget-divider\" data-id=\"442ae2a\" data-element_type=\"widget\" data-e-type=\"widget\" data-settings=\"{&quot;_animation&quot;:&quot;fadeInLeft&quot;}\" data-widget_type=\"divider.default\">\n\t\t\t\t<div class=\"elementor-widget-container\">\n\t\t\t\t\t\t\t<div class=\"elementor-divider\">\n\t\t\t<span class=\"elementor-divider-separator\">\n\t\t\t\t\t\t<\/span>\n\t\t<\/div>\n\t\t\t\t\t\t<\/div>\n\t\t\t\t<\/div>\n\t\t<div class=\"elementor-element elementor-element-6aaa0cd e-flex e-con-boxed e-con e-child\" data-id=\"6aaa0cd\" data-element_type=\"container\" data-e-type=\"container\" data-settings=\"{&quot;jet_parallax_layout_list&quot;:[]}\">\n\t\t\t\t\t<div class=\"e-con-inner\">\n\t\t\t\t<div class=\"elementor-element elementor-element-e593dd9 elementor-widget__width-initial elementor-view-default elementor-position-block-start elementor-mobile-position-block-start elementor-invisible elementor-widget elementor-widget-icon-box\" data-id=\"e593dd9\" data-element_type=\"widget\" data-e-type=\"widget\" data-settings=\"{&quot;_animation&quot;:&quot;fadeInUp&quot;}\" data-widget_type=\"icon-box.default\">\n\t\t\t\t<div class=\"elementor-widget-container\">\n\t\t\t\t\t\t\t<div class=\"elementor-icon-box-wrapper\">\n\n\t\t\t\t\t\t<div class=\"elementor-icon-box-icon\">\n\t\t\t\t<span  class=\"elementor-icon\">\n\t\t\t\t<svg xmlns=\"http:\/\/www.w3.org\/2000\/svg\" xmlns:xlink=\"http:\/\/www.w3.org\/1999\/xlink\" width=\"512\" height=\"512\" x=\"0\" y=\"0\" viewbox=\"0 0 74 74\" style=\"enable-background:new 0 0 512 512\" xml:space=\"preserve\" class=\"\"><g><path d=\"M41 22.1h-.07A1 1 0 0 1 40 21l.12-1.73c-4.31.5-6.7-.84-8-2.13a2.79 2.79 0 0 1-.68-2.83 2.85 2.85 0 0 1 2.21-2L45 10.2a3.53 3.53 0 0 1 4 2.31l2.1 6a1 1 0 1 1-1.89.67l-2.1-6a1.55 1.55 0 0 0-1.77-1l-11.28 2.15a.87.87 0 0 0-.67.61.78.78 0 0 0 .19.82c1.51 1.53 4.08 2 7.45 1.38a1 1 0 0 1 .84.24 1 1 0 0 1 .34.81l-.2 3a1 1 0 0 1-1.01.91z\" fill=\"#e26b53\" opacity=\"1\" data-original=\"#000000\"><\/path><path d=\"M46.53 28.92a1 1 0 0 1-.32-1.92l8.24-2.84a1.92 1.92 0 0 0 1.21-2.41l-.42-1.31a1.93 1.93 0 0 0-2.3-1.29l-14.61 3.57a1 1 0 1 1-.47-1.94l14.6-3.59a3.93 3.93 0 0 1 4.69 2.63l.42 1.3A3.92 3.92 0 0 1 55.1 26l-8.24 2.84a1 1 0 0 1-.33.08z\" fill=\"#e26b53\" opacity=\"1\" data-original=\"#000000\"><\/path><path d=\"M47 36.17a1 1 0 0 1-.92-.6 1 1 0 0 1 .52-1.32l8.09-3.51a1.93 1.93 0 0 0 1-2.44l-.16-.45a2 2 0 0 0-2.44-1.15l-6.29 2.17a1 1 0 0 1-.59-1.87l6.29-2.17a3.9 3.9 0 0 1 5 2.35l.17.44a3.94 3.94 0 0 1-2.12 5l-8.1 3.51a.91.91 0 0 1-.45.04z\" fill=\"#e26b53\" opacity=\"1\" data-original=\"#000000\"><\/path><path d=\"M49.58 43a1 1 0 0 1-.47-1.88l7.55-4a1.92 1.92 0 0 0 .87-2.45l-.29-.67a2 2 0 0 0-1.07-1.05 2 2 0 0 0-1.48 0L49 35.39a1 1 0 0 1-.8-1.84l5.66-2.45a3.94 3.94 0 0 1 5.19 2.08l.29.7a3.92 3.92 0 0 1-1.77 5l-7.55 4a1 1 0 0 1-.44.12z\" fill=\"#e26b53\" opacity=\"1\" data-original=\"#000000\"><\/path><path d=\"M17.16 67.62a1 1 0 0 1-.5-1.87l21.16-12.19L58 43a1.94 1.94 0 0 0 .83-2.6 1.92 1.92 0 0 0-1.14-.95 1.89 1.89 0 0 0-1.49.14l-5.36 2.86a1 1 0 1 1-.94-1.76l5.36-2.87a3.94 3.94 0 0 1 5.34 1.66 3.92 3.92 0 0 1-1.67 5.29L38.78 55.31 17.65 67.49a1 1 0 0 1-.49.13zM25.18 19.69a1 1 0 0 1-.43-.1 1 1 0 0 1-.47-1.33l3-6.27a3.56 3.56 0 0 1 3.64-2l9.54 1.13a1 1 0 1 1-.23 2L30.68 12a1.58 1.58 0 0 0-1.59.88l-3 6.27a1 1 0 0 1-.91.54z\" fill=\"#e26b53\" opacity=\"1\" data-original=\"#000000\"><\/path><path d=\"M30.43 28.8a4.24 4.24 0 0 1-1.43-.25L19.26 25a4.23 4.23 0 0 1-2.49-5.48l.26-.68a4.14 4.14 0 0 1 2.25-2.36 4.21 4.21 0 0 1 3.27-.06l9.62 3.84a4.24 4.24 0 0 1 2.38 5.43l-.16.41a4.25 4.25 0 0 1-3.96 2.7zM18.9 19.53l-.26.69a2.16 2.16 0 0 0 .05 1.71A2.23 2.23 0 0 0 20 23.1l9.72 3.57a2.25 2.25 0 0 0 2.85-1.3l.16-.41a2.24 2.24 0 0 0-1.26-2.87l-9.67-3.83a2.23 2.23 0 0 0-1.72 0 2.18 2.18 0 0 0-1.18 1.24z\" fill=\"#e26b53\" opacity=\"1\" data-original=\"#000000\"><\/path><path d=\"M28.77 35.07a4.11 4.11 0 0 1-1.24-.19l-10-3.06a4.23 4.23 0 0 1-2.71-5.57l.18-.55a4.24 4.24 0 0 1 5.4-2.44l9.83 3.61a4.23 4.23 0 0 1-1.44 8.2zM18.93 25a2.23 2.23 0 0 0-2.08 1.42l-.22.55a2.24 2.24 0 0 0 1.43 2.94L28.11 33a2.23 2.23 0 0 0 1.42-4.23l-9.84-3.6a2 2 0 0 0-.76-.17z\" fill=\"#e26b53\" opacity=\"1\" data-original=\"#000000\"><\/path><path d=\"M27.42 41.71h-.39a27.89 27.89 0 0 1-11.09-3.51 4.32 4.32 0 0 1 3.43-7.87l9.3 2.83a4.33 4.33 0 0 1 2.83 5.54v.11a4.29 4.29 0 0 1-4.08 2.9zm-9.3-9.59A2.35 2.35 0 0 0 16 33.59a2.3 2.3 0 0 0 1 2.85 26 26 0 0 0 10.21 3.26 2.29 2.29 0 0 0 2.36-1.56v-.11a2.33 2.33 0 0 0-1.52-3l-9.3-2.83a2.22 2.22 0 0 0-.63-.08z\" fill=\"#e26b53\" opacity=\"1\" data-original=\"#000000\"><\/path><path d=\"M22.93 46a21.18 21.18 0 0 1-6.34-1A3.89 3.89 0 0 1 14 40.28a3.93 3.93 0 0 1 2.08-2.59 3.84 3.84 0 0 1 3.23-.07A25.07 25.07 0 0 0 26 39.56 3.09 3.09 0 0 1 28.64 43a3.06 3.06 0 0 1-2.46 2.64 18.53 18.53 0 0 1-3.25.36zm-5.15-6.7a1.81 1.81 0 0 0-.81.19 1.92 1.92 0 0 0-1 1.27A1.89 1.89 0 0 0 17.18 43a18.18 18.18 0 0 0 8.65.66 1.06 1.06 0 0 0 .83-.93 1.1 1.1 0 0 0-.93-1.22 26.67 26.67 0 0 1-7.22-2.09 1.83 1.83 0 0 0-.73-.12z\" fill=\"#e26b53\" opacity=\"1\" data-original=\"#000000\"><\/path><path d=\"M4 52.14a1 1 0 0 1-.87-.51 1 1 0 0 1 .38-1.36l12.89-7.16a1 1 0 0 1 1 1.75L4.49 52a1.07 1.07 0 0 1-.49.14zM72 52.79a1 1 0 0 1-.46-.12l-14.32-7.46a1 1 0 1 1 .92-1.77l14.32 7.46a1 1 0 0 1-.46 1.89zM61.2 67.44a1 1 0 0 1-.46-.12l-22.88-12a1 1 0 0 1-.42-1.32 1 1 0 0 1 1.35-.42l22.88 12a1 1 0 0 1-.47 1.89z\" fill=\"#e26b53\" opacity=\"1\" data-original=\"#000000\"><\/path><\/g><\/svg>\t\t\t\t<\/span>\n\t\t\t<\/div>\n\t\t\t\n\t\t\t\t\t\t<div class=\"elementor-icon-box-content\">\n\n\t\t\t\t\t\t\t\t\t<h3 class=\"elementor-icon-box-title\">\n\t\t\t\t\t\t<span  >\n\t\t\t\t\t\t\tDolgozz vel\u00fcnk!\t\t\t\t\t\t<\/span>\n\t\t\t\t\t<\/h3>\n\t\t\t\t\n\t\t\t\t\t\t\t\t\t<p class=\"elementor-icon-box-description\">\n\t\t\t\t\t\tTudj meg t\u00f6bbet v\u00e1llalati \u00e9rt\u00e9keinkr\u0151l, a csapatkult\u00far\u00e1r\u00f3l \u00e9s arr\u00f3l, hogy mi jellemzi a Nagel-Groupot mint munk\u00e1ltat\u00f3t.\n<\/br>\n<a href=\"https:\/\/karriere.nagel-group.com\/hu\/?page_id=23090\" style=\"float: left\">Tov\u00e1bb \u2192<\/a>\t\t\t\t\t<\/p>\n\t\t\t\t\n\t\t\t<\/div>\n\t\t\t\n\t\t<\/div>\n\t\t\t\t\t\t<\/div>\n\t\t\t\t<\/div>\n\t\t\t\t<div class=\"elementor-element elementor-element-f30710f elementor-widget__width-initial elementor-view-default elementor-position-block-start elementor-mobile-position-block-start elementor-invisible elementor-widget elementor-widget-icon-box\" data-id=\"f30710f\" data-element_type=\"widget\" data-e-type=\"widget\" data-settings=\"{&quot;_animation&quot;:&quot;fadeInUp&quot;}\" data-widget_type=\"icon-box.default\">\n\t\t\t\t<div class=\"elementor-widget-container\">\n\t\t\t\t\t\t\t<div class=\"elementor-icon-box-wrapper\">\n\n\t\t\t\t\t\t<div class=\"elementor-icon-box-icon\">\n\t\t\t\t<span  class=\"elementor-icon\">\n\t\t\t\t<svg xmlns=\"http:\/\/www.w3.org\/2000\/svg\" xmlns:xlink=\"http:\/\/www.w3.org\/1999\/xlink\" width=\"512\" height=\"512\" x=\"0\" y=\"0\" viewbox=\"0 0 24 24\" style=\"enable-background:new 0 0 512 512\" xml:space=\"preserve\"><g><path d=\"M11.834 10.754a3.51 3.51 0 0 0 5.758-.013 1.3 1.3 0 0 0 .127-.271v-.005a1.079 1.079 0 0 0-.136-.946 3.328 3.328 0 0 0-1.426-1.175.41.41 0 0 0-.054-.03c-.069-.031-.147-.043-.219-.07A1.57 1.57 0 0 0 16.3 7.19a1.585 1.585 0 1 0-2.757 1.058c-.083.03-.173.047-.252.084a3.332 3.332 0 0 0-1.455 1.191 1.043 1.043 0 0 0-.146.885.94.94 0 0 0 .144.346zm2.876-4.4a.835.835 0 1 1-.835.835.836.836 0 0 1 .835-.834zm-2.259 3.59a2.59 2.59 0 0 1 1.14-.928 2.729 2.729 0 0 1 2.147-.044.478.478 0 0 0 .071.038 2.581 2.581 0 0 1 1.156.931.336.336 0 0 1 .043.29.715.715 0 0 1-.041.1 2.728 2.728 0 0 1-2.254 1.169 2.5 2.5 0 0 1-2.262-1.171c-.014-.027-.042-.113-.042-.113a.324.324 0 0 1 .042-.271zM18.5 2.625h-8a2.953 2.953 0 0 0-2.874 3.021V11.1H4.985a2.423 2.423 0 0 0-2.359 2.477v4.781A2.954 2.954 0 0 0 5.5 21.375h.033l12.988-.08a2.959 2.959 0 0 0 2.854-3.02V5.646A2.953 2.953 0 0 0 18.5 2.625zm-12.976 18H5.5a2.2 2.2 0 0 1-2.124-2.272v-4.781a1.673 1.673 0 0 1 1.609-1.727h2.641v6.508a2.207 2.207 0 0 1-2.1 2.272zm15.1-2.35a2.208 2.208 0 0 1-2.109 2.27l-11.11.068a3.082 3.082 0 0 0 .969-2.26V5.646A2.2 2.2 0 0 1 10.5 3.375h8a2.2 2.2 0 0 1 2.124 2.271zm-1.541-4.42a.375.375 0 0 1-.375.375h-8a.375.375 0 0 1 0-.75h8a.375.375 0 0 1 .377.375zm0 1.981a.375.375 0 0 1-.375.375h-8a.375.375 0 0 1 0-.75h8a.375.375 0 0 1 .377.375zm0 1.982a.375.375 0 0 1-.375.375h-8a.375.375 0 0 1 0-.75h8a.375.375 0 0 1 .377.375z\" fill=\"#e26b53\" opacity=\"1\" data-original=\"#000000\"><\/path><\/g><\/svg>\t\t\t\t<\/span>\n\t\t\t<\/div>\n\t\t\t\n\t\t\t\t\t\t<div class=\"elementor-icon-box-content\">\n\n\t\t\t\t\t\t\t\t\t<h3 class=\"elementor-icon-box-title\">\n\t\t\t\t\t\t<span  >\n\t\t\t\t\t\t\tJelentkezz most!\t\t\t\t\t\t<\/span>\n\t\t\t\t\t<\/h3>\n\t\t\t\t\n\t\t\t\t\t\t\t\t\t<p class=\"elementor-icon-box-description\">\n\t\t\t\t\t\tK\u00e9szen \u00e1llsz arra, hogy megtedd a k\u00f6vetkez\u0151 l\u00e9p\u00e9st a j\u00f6v\u0151d fel\u00e9? Kattints ide, hogy megismerd aktu\u00e1lis \u00e1ll\u00e1saj\u00e1nlatainkat.\n<\/br>\n<a href=\"https:\/\/careers.nagel-group.com\/search\" target=\"_blank\" rel=\"noopener noreferrer\" style=\"float: left\">Tov\u00e1bb \u2192<\/a>\n\t\t\t\t\t<\/p>\n\t\t\t\t\n\t\t\t<\/div>\n\t\t\t\n\t\t<\/div>\n\t\t\t\t\t\t<\/div>\n\t\t\t\t<\/div>\n\t\t\t\t<div class=\"elementor-element elementor-element-5af5c09 elementor-widget__width-initial elementor-view-default elementor-position-block-start elementor-mobile-position-block-start elementor-invisible elementor-widget elementor-widget-icon-box\" data-id=\"5af5c09\" data-element_type=\"widget\" data-e-type=\"widget\" data-settings=\"{&quot;_animation&quot;:&quot;fadeInUp&quot;}\" data-widget_type=\"icon-box.default\">\n\t\t\t\t<div class=\"elementor-widget-container\">\n\t\t\t\t\t\t\t<div class=\"elementor-icon-box-wrapper\">\n\n\t\t\t\t\t\t<div class=\"elementor-icon-box-icon\">\n\t\t\t\t<span  class=\"elementor-icon\">\n\t\t\t\t<svg xmlns=\"http:\/\/www.w3.org\/2000\/svg\" xmlns:xlink=\"http:\/\/www.w3.org\/1999\/xlink\" width=\"512\" height=\"512\" x=\"0\" y=\"0\" viewbox=\"0 0 511.874 511.874\" style=\"enable-background:new 0 0 512 512\" xml:space=\"preserve\" class=\"\"><g><path d=\"M490.114 12.813H132.568c-12.012.014-21.746 9.748-21.76 21.76v98.62l-16.35-24.525c-7.484-11.289-22.535-14.676-34.133-7.68l-33.638 20.224a49.355 49.355 0 0 0-22.545 29.244C-8.129 195.137.976 272.116 113.966 385.123c89.855 89.762 156.85 113.937 203.024 113.937 10.69.049 21.339-1.34 31.659-4.13a49.44 49.44 0 0 0 29.252-22.519l20.198-33.673c6.968-11.589 3.584-26.609-7.68-34.091l-80.546-53.692c-11.049-7.308-25.859-4.905-34.031 5.521l-23.45 30.148a8.166 8.166 0 0 1-10.445 2.21l-4.463-2.458c-14.686-8.004-32.964-17.971-69.879-54.886a605.694 605.694 0 0 1-11.008-11.307h333.517c11.982.009 21.713-9.676 21.76-21.658V34.573c-.014-12.012-9.748-21.746-21.76-21.76zM229.318 401.362l4.335 2.381c10.897 6.093 24.614 3.266 32.213-6.639l23.45-30.148a8.294 8.294 0 0 1 11.093-1.801l80.546 53.692a8.243 8.243 0 0 1 2.5 11.093l-20.198 33.673a32.425 32.425 0 0 1-19.123 14.848c-40.337 11.093-110.933 1.707-218.078-105.446S9.56 195.273 20.627 154.97a32.427 32.427 0 0 1 14.839-19.123l33.673-20.207a8.251 8.251 0 0 1 11.093 2.5l53.717 80.546a8.285 8.285 0 0 1-1.801 11.093l-30.157 23.458c-9.903 7.597-12.731 21.311-6.639 32.205l2.389 4.335c8.533 15.65 19.14 35.123 57.805 73.779 38.666 38.657 58.131 49.272 73.772 57.806zm265.49-102.836a4.659 4.659 0 0 1-4.693 4.608H141.203a215.204 215.204 0 0 1-28.476-41.506l-2.458-4.48a8.14 8.14 0 0 1 2.202-10.428l30.157-23.458c10.43-8.17 12.833-22.982 5.521-34.031l-20.275-30.43V34.573a4.642 4.642 0 0 1 4.693-4.693h357.547a4.642 4.642 0 0 1 4.693 4.693v263.953z\" fill=\"#e26b53\" opacity=\"1\" data-original=\"#000000\" class=\"\"><\/path><path d=\"m460.725 52.323-142.618 108.16a11.512 11.512 0 0 1-13.534 0L162.008 52.323a8.535 8.535 0 0 0-11.959 1.643 8.535 8.535 0 0 0 1.643 11.959l142.583 108.151a28.721 28.721 0 0 0 34.133 0L471.034 65.925a8.53 8.53 0 0 0 1.638-11.963 8.532 8.532 0 0 0-11.947-1.639zM238.517 174.793l-87.415 93.611a8.535 8.535 0 0 0 12.484 11.64l87.416-93.653a8.535 8.535 0 0 0-12.485-11.598zM384.728 174.793a8.534 8.534 0 0 0-12.062-.422 8.534 8.534 0 0 0-.422 12.062l87.39 93.611a8.534 8.534 0 0 0 12.062.422 8.534 8.534 0 0 0 .422-12.062l-87.39-93.611z\" fill=\"#e26b53\" opacity=\"1\" data-original=\"#000000\" class=\"\"><\/path><\/g><\/svg>\t\t\t\t<\/span>\n\t\t\t<\/div>\n\t\t\t\n\t\t\t\t\t\t<div class=\"elementor-icon-box-content\">\n\n\t\t\t\t\t\t\t\t\t<h3 class=\"elementor-icon-box-title\">\n\t\t\t\t\t\t<span  >\n\t\t\t\t\t\t\tKapcsolat\t\t\t\t\t\t<\/span>\n\t\t\t\t\t<\/h3>\n\t\t\t\t\n\t\t\t\t\t\t\t\t\t<p class=\"elementor-icon-box-description\">\n\t\t\t\t\t\tK\u00e9rd\u00e9sed van, vagy szeretn\u00e9l t\u00f6bbet megtudni a Nagel-Groupn\u00e1l rejl\u0151 lehet\u0151s\u00e9gekr\u0151l? Vedd fel vel\u00fcnk a kapcsolatot!\n<\/br>\n<a href=\"https:\/\/karriere.nagel-group.com\/hu\/?page_id=23696\" style=\"float: left\">Tov\u00e1bb \u2192<\/a>\t\t\t\t\t<\/p>\n\t\t\t\t\n\t\t\t<\/div>\n\t\t\t\n\t\t<\/div>\n\t\t\t\t\t\t<\/div>\n\t\t\t\t<\/div>\n\t\t\t\t\t<\/div>\n\t\t\t\t<\/div>\n\t\t\t\t<\/div>\n\t\t\t\t<\/div>\n\t\t\t\t\t<\/div>\n\t\t\t\t<\/div>\n\t\t\t\t<\/div>","protected":false},"excerpt":{"rendered":"<p>Inside Nagel VOM DUALEN STUDENTEN ZUR BEREICHSLEITUNG EIN KARRIEREWEG MIT PERSPEKTIVE Als Luca Hafermann im Jahr 2022 sein duales Studium bei der Nagel-Group begann, war noch nicht absehbar, dass er nur drei Jahre sp\u00e4ter eine F\u00fchrungsposition \u00fcbernehmen w\u00fcrde. Heute leitet er den Bereich Business Services am Standort Gotha. Ein Schritt, der zeigt, welche Entwicklungsm\u00f6glichkeiten sich [&hellip;]<\/p>\n","protected":false},"author":246537664,"featured_media":0,"parent":0,"menu_order":0,"comment_status":"closed","ping_status":"closed","template":"elementor_header_footer","meta":{"_crdt_document":"","footnotes":""},"class_list":["post-31067","page","type-page","status-publish","hentry"],"yoast_head":"<!-- This site is optimized with the Yoast SEO plugin v27.4 - https:\/\/yoast.com\/product\/yoast-seo-wordpress\/ -->\n<title>Vom dualen Studenten zur Bereichsleitung\u2013 Karriere in der Logistik<\/title>\n<meta name=\"description\" content=\"Vom dualen Studenten zur Bereichsleitung: Ein erfolgreicher und spannender Karriereweg mit Perspektive bei der Nagel-Group\" \/>\n<meta name=\"robots\" content=\"index, follow, max-snippet:-1, max-image-preview:large, max-video-preview:-1\" \/>\n<link rel=\"canonical\" href=\"https:\/\/karriere.nagel-group.com\/hu\/vom-dualen-studenten-zur-bereichsleitung\/\" \/>\n<meta property=\"og:locale\" content=\"hu_HU\" \/>\n<meta property=\"og:type\" content=\"article\" \/>\n<meta property=\"og:title\" content=\"Vom dualen Studenten zur Bereichsleitung\u2013 Karriere in der Logistik\" \/>\n<meta property=\"og:description\" content=\"Vom dualen Studenten zur Bereichsleitung: Ein erfolgreicher und spannender Karriereweg mit Perspektive bei der Nagel-Group\" \/>\n<meta property=\"og:url\" content=\"https:\/\/karriere.nagel-group.com\/hu\/vom-dualen-studenten-zur-bereichsleitung\/\" \/>\n<meta property=\"og:site_name\" content=\"Nagel-Group Karriere\" \/>\n<meta property=\"article:modified_time\" content=\"2026-02-05T08:55:32+00:00\" \/>\n<meta property=\"og:image\" content=\"https:\/\/karriere.nagel-group.com\/wp-content\/uploads\/2026\/02\/LKW-300x225.png\" \/>\n<meta name=\"twitter:card\" content=\"summary_large_image\" \/>\n<meta name=\"twitter:label1\" content=\"Becs\u00fclt olvas\u00e1si id\u0151\" \/>\n\t<meta name=\"twitter:data1\" content=\"3 perc\" \/>\n<script type=\"application\/ld+json\" class=\"yoast-schema-graph\">{\"@context\":\"https:\\\/\\\/schema.org\",\"@graph\":[{\"@type\":\"WebPage\",\"@id\":\"https:\\\/\\\/karriere.nagel-group.com\\\/vom-dualen-studenten-zur-bereichsleitung\\\/\",\"url\":\"https:\\\/\\\/karriere.nagel-group.com\\\/vom-dualen-studenten-zur-bereichsleitung\\\/\",\"name\":\"Vom dualen Studenten zur Bereichsleitung\u2013 Karriere in der Logistik\",\"isPartOf\":{\"@id\":\"https:\\\/\\\/karriere.nagel-group.com\\\/#website\"},\"primaryImageOfPage\":{\"@id\":\"https:\\\/\\\/karriere.nagel-group.com\\\/vom-dualen-studenten-zur-bereichsleitung\\\/#primaryimage\"},\"image\":{\"@id\":\"https:\\\/\\\/karriere.nagel-group.com\\\/vom-dualen-studenten-zur-bereichsleitung\\\/#primaryimage\"},\"thumbnailUrl\":\"https:\\\/\\\/karriere.nagel-group.com\\\/wp-content\\\/uploads\\\/2026\\\/02\\\/LKW-300x225.png\",\"datePublished\":\"2026-02-04T09:52:54+00:00\",\"dateModified\":\"2026-02-05T08:55:32+00:00\",\"description\":\"Vom dualen Studenten zur Bereichsleitung: Ein erfolgreicher und spannender Karriereweg mit Perspektive bei der Nagel-Group\",\"breadcrumb\":{\"@id\":\"https:\\\/\\\/karriere.nagel-group.com\\\/vom-dualen-studenten-zur-bereichsleitung\\\/#breadcrumb\"},\"inLanguage\":\"hu\",\"potentialAction\":[{\"@type\":\"ReadAction\",\"target\":[\"https:\\\/\\\/karriere.nagel-group.com\\\/vom-dualen-studenten-zur-bereichsleitung\\\/\"]}]},{\"@type\":\"ImageObject\",\"inLanguage\":\"hu\",\"@id\":\"https:\\\/\\\/karriere.nagel-group.com\\\/vom-dualen-studenten-zur-bereichsleitung\\\/#primaryimage\",\"url\":\"https:\\\/\\\/karriere.nagel-group.com\\\/wp-content\\\/uploads\\\/2026\\\/02\\\/LKW-300x225.png\",\"contentUrl\":\"https:\\\/\\\/karriere.nagel-group.com\\\/wp-content\\\/uploads\\\/2026\\\/02\\\/LKW-300x225.png\"},{\"@type\":\"BreadcrumbList\",\"@id\":\"https:\\\/\\\/karriere.nagel-group.com\\\/vom-dualen-studenten-zur-bereichsleitung\\\/#breadcrumb\",\"itemListElement\":[{\"@type\":\"ListItem\",\"position\":1,\"name\":\"Startseite\",\"item\":\"https:\\\/\\\/karriere.nagel-group.com\\\/\"},{\"@type\":\"ListItem\",\"position\":2,\"name\":\"Vom dualen Studenten zur Bereichsleitung\"}]},{\"@type\":\"WebSite\",\"@id\":\"https:\\\/\\\/karriere.nagel-group.com\\\/#website\",\"url\":\"https:\\\/\\\/karriere.nagel-group.com\\\/\",\"name\":\"Nagel-Group Karriere\",\"description\":\"Deine Karriere. Unsere Zukunft.\",\"publisher\":{\"@id\":\"https:\\\/\\\/karriere.nagel-group.com\\\/#organization\"},\"potentialAction\":[{\"@type\":\"SearchAction\",\"target\":{\"@type\":\"EntryPoint\",\"urlTemplate\":\"https:\\\/\\\/karriere.nagel-group.com\\\/?s={search_term_string}\"},\"query-input\":{\"@type\":\"PropertyValueSpecification\",\"valueRequired\":true,\"valueName\":\"search_term_string\"}}],\"inLanguage\":\"hu\"},{\"@type\":\"Organization\",\"@id\":\"https:\\\/\\\/karriere.nagel-group.com\\\/#organization\",\"name\":\"Nagel-Group Karriere\",\"url\":\"https:\\\/\\\/karriere.nagel-group.com\\\/\",\"logo\":{\"@type\":\"ImageObject\",\"inLanguage\":\"hu\",\"@id\":\"https:\\\/\\\/karriere.nagel-group.com\\\/#\\\/schema\\\/logo\\\/image\\\/\",\"url\":\"https:\\\/\\\/i0.wp.com\\\/karriere.nagel-group.com\\\/wp-content\\\/uploads\\\/2018\\\/08\\\/cropped-Nagel-Group.png?fit=2161%2C598&ssl=1\",\"contentUrl\":\"https:\\\/\\\/i0.wp.com\\\/karriere.nagel-group.com\\\/wp-content\\\/uploads\\\/2018\\\/08\\\/cropped-Nagel-Group.png?fit=2161%2C598&ssl=1\",\"width\":2161,\"height\":598,\"caption\":\"Nagel-Group Karriere\"},\"image\":{\"@id\":\"https:\\\/\\\/karriere.nagel-group.com\\\/#\\\/schema\\\/logo\\\/image\\\/\"}}]}<\/script>\n<!-- \/ Yoast SEO plugin. -->","yoast_head_json":{"title":"Vom dualen Studenten zur Bereichsleitung\u2013 Karriere in der Logistik","description":"Vom dualen Studenten zur Bereichsleitung: Ein erfolgreicher und spannender Karriereweg mit Perspektive bei der Nagel-Group","robots":{"index":"index","follow":"follow","max-snippet":"max-snippet:-1","max-image-preview":"max-image-preview:large","max-video-preview":"max-video-preview:-1"},"canonical":"https:\/\/karriere.nagel-group.com\/hu\/vom-dualen-studenten-zur-bereichsleitung\/","og_locale":"hu_HU","og_type":"article","og_title":"Vom dualen Studenten zur Bereichsleitung\u2013 Karriere in der Logistik","og_description":"Vom dualen Studenten zur Bereichsleitung: Ein erfolgreicher und spannender Karriereweg mit Perspektive bei der Nagel-Group","og_url":"https:\/\/karriere.nagel-group.com\/hu\/vom-dualen-studenten-zur-bereichsleitung\/","og_site_name":"Nagel-Group Karriere","article_modified_time":"2026-02-05T08:55:32+00:00","og_image":[{"url":"https:\/\/karriere.nagel-group.com\/wp-content\/uploads\/2026\/02\/LKW-300x225.png","type":"","width":"","height":""}],"twitter_card":"summary_large_image","twitter_misc":{"Becs\u00fclt olvas\u00e1si id\u0151":"3 perc"},"schema":{"@context":"https:\/\/schema.org","@graph":[{"@type":"WebPage","@id":"https:\/\/karriere.nagel-group.com\/vom-dualen-studenten-zur-bereichsleitung\/","url":"https:\/\/karriere.nagel-group.com\/vom-dualen-studenten-zur-bereichsleitung\/","name":"Vom dualen Studenten zur Bereichsleitung\u2013 Karriere in der Logistik","isPartOf":{"@id":"https:\/\/karriere.nagel-group.com\/#website"},"primaryImageOfPage":{"@id":"https:\/\/karriere.nagel-group.com\/vom-dualen-studenten-zur-bereichsleitung\/#primaryimage"},"image":{"@id":"https:\/\/karriere.nagel-group.com\/vom-dualen-studenten-zur-bereichsleitung\/#primaryimage"},"thumbnailUrl":"https:\/\/karriere.nagel-group.com\/wp-content\/uploads\/2026\/02\/LKW-300x225.png","datePublished":"2026-02-04T09:52:54+00:00","dateModified":"2026-02-05T08:55:32+00:00","description":"Vom dualen Studenten zur Bereichsleitung: Ein erfolgreicher und spannender Karriereweg mit Perspektive bei der Nagel-Group","breadcrumb":{"@id":"https:\/\/karriere.nagel-group.com\/vom-dualen-studenten-zur-bereichsleitung\/#breadcrumb"},"inLanguage":"hu","potentialAction":[{"@type":"ReadAction","target":["https:\/\/karriere.nagel-group.com\/vom-dualen-studenten-zur-bereichsleitung\/"]}]},{"@type":"ImageObject","inLanguage":"hu","@id":"https:\/\/karriere.nagel-group.com\/vom-dualen-studenten-zur-bereichsleitung\/#primaryimage","url":"https:\/\/karriere.nagel-group.com\/wp-content\/uploads\/2026\/02\/LKW-300x225.png","contentUrl":"https:\/\/karriere.nagel-group.com\/wp-content\/uploads\/2026\/02\/LKW-300x225.png"},{"@type":"BreadcrumbList","@id":"https:\/\/karriere.nagel-group.com\/vom-dualen-studenten-zur-bereichsleitung\/#breadcrumb","itemListElement":[{"@type":"ListItem","position":1,"name":"Startseite","item":"https:\/\/karriere.nagel-group.com\/"},{"@type":"ListItem","position":2,"name":"Vom dualen Studenten zur Bereichsleitung"}]},{"@type":"WebSite","@id":"https:\/\/karriere.nagel-group.com\/#website","url":"https:\/\/karriere.nagel-group.com\/","name":"Nagel-Group Karrier","description":"A karriered. A j\u00f6v\u0151nk.","publisher":{"@id":"https:\/\/karriere.nagel-group.com\/#organization"},"potentialAction":[{"@type":"SearchAction","target":{"@type":"EntryPoint","urlTemplate":"https:\/\/karriere.nagel-group.com\/?s={search_term_string}"},"query-input":{"@type":"PropertyValueSpecification","valueRequired":true,"valueName":"search_term_string"}}],"inLanguage":"hu"},{"@type":"Organization","@id":"https:\/\/karriere.nagel-group.com\/#organization","name":"Nagel-Group Karrier","url":"https:\/\/karriere.nagel-group.com\/","logo":{"@type":"ImageObject","inLanguage":"hu","@id":"https:\/\/karriere.nagel-group.com\/#\/schema\/logo\/image\/","url":"https:\/\/i0.wp.com\/karriere.nagel-group.com\/wp-content\/uploads\/2018\/08\/cropped-Nagel-Group.png?fit=2161%2C598&ssl=1","contentUrl":"https:\/\/i0.wp.com\/karriere.nagel-group.com\/wp-content\/uploads\/2018\/08\/cropped-Nagel-Group.png?fit=2161%2C598&ssl=1","width":2161,"height":598,"caption":"Nagel-Group Karriere"},"image":{"@id":"https:\/\/karriere.nagel-group.com\/#\/schema\/logo\/image\/"}}]}},"jetpack_likes_enabled":true,"jetpack_sharing_enabled":true,"jetpack_shortlink":"https:\/\/wp.me\/Pfw6Wr-855","_links":{"self":[{"href":"https:\/\/karriere.nagel-group.com\/hu\/wp-json\/wp\/v2\/pages\/31067","targetHints":{"allow":["GET"]}}],"collection":[{"href":"https:\/\/karriere.nagel-group.com\/hu\/wp-json\/wp\/v2\/pages"}],"about":[{"href":"https:\/\/karriere.nagel-group.com\/hu\/wp-json\/wp\/v2\/types\/page"}],"author":[{"embeddable":true,"href":"https:\/\/karriere.nagel-group.com\/hu\/wp-json\/wp\/v2\/users\/246537664"}],"replies":[{"embeddable":true,"href":"https:\/\/karriere.nagel-group.com\/hu\/wp-json\/wp\/v2\/comments?post=31067"}],"version-history":[{"count":12,"href":"https:\/\/karriere.nagel-group.com\/hu\/wp-json\/wp\/v2\/pages\/31067\/revisions"}],"predecessor-version":[{"id":31097,"href":"https:\/\/karriere.nagel-group.com\/hu\/wp-json\/wp\/v2\/pages\/31067\/revisions\/31097"}],"wp:attachment":[{"href":"https:\/\/karriere.nagel-group.com\/hu\/wp-json\/wp\/v2\/media?parent=31067"}],"curies":[{"name":"wp","href":"https:\/\/api.w.org\/{rel}","templated":true}]}}