{"id":30519,"date":"2025-05-26T09:18:25","date_gmt":"2025-05-26T07:18:25","guid":{"rendered":"https:\/\/karriere.nagel-group.com\/?page_id=30519"},"modified":"2025-05-26T09:27:10","modified_gmt":"2025-05-26T07:27:10","slug":"unser-staerkster-antrieb-vielfalt","status":"publish","type":"page","link":"https:\/\/karriere.nagel-group.com\/da\/unser-staerkster-antrieb-vielfalt\/","title":{"rendered":"Vores st\u00e6rkeste drivkraft: mangfoldighed"},"content":{"rendered":"<div data-elementor-type=\"wp-page\" data-elementor-id=\"30519\" class=\"elementor elementor-30519\" data-elementor-post-type=\"page\">\n\t\t\t\t<div class=\"elementor-element elementor-element-7479cb5 e-flex e-con-boxed e-con e-parent\" data-id=\"7479cb5\" data-element_type=\"container\" data-e-type=\"container\" data-settings=\"{&quot;background_background&quot;:&quot;classic&quot;,&quot;jet_parallax_layout_list&quot;:[]}\">\n\t\t\t\t\t<div class=\"e-con-inner\">\n\t\t\t\t<div class=\"elementor-element elementor-element-2a31668 elementor-widget elementor-widget-heading\" data-id=\"2a31668\" data-element_type=\"widget\" data-e-type=\"widget\" data-widget_type=\"heading.default\">\n\t\t\t\t<div class=\"elementor-widget-container\">\n\t\t\t\t\t<div class=\"elementor-heading-title elementor-size-default\">Inside Nagel<\/div>\t\t\t\t<\/div>\n\t\t\t\t<\/div>\n\t\t\t\t<div class=\"elementor-element elementor-element-e9828d6 elementor-widget elementor-widget-heading\" data-id=\"e9828d6\" data-element_type=\"widget\" data-e-type=\"widget\" data-widget_type=\"heading.default\">\n\t\t\t\t<div class=\"elementor-widget-container\">\n\t\t\t\t\t<h1 class=\"elementor-heading-title elementor-size-default\">Vores st\u00e6rkeste drivkraft: mangfoldighed<\/h1>\t\t\t\t<\/div>\n\t\t\t\t<\/div>\n\t\t\t\t<div class=\"elementor-element elementor-element-608bdd4 elementor-widget elementor-widget-spacer\" data-id=\"608bdd4\" data-element_type=\"widget\" data-e-type=\"widget\" data-widget_type=\"spacer.default\">\n\t\t\t\t<div class=\"elementor-widget-container\">\n\t\t\t\t\t\t\t<div class=\"elementor-spacer\">\n\t\t\t<div class=\"elementor-spacer-inner\"><\/div>\n\t\t<\/div>\n\t\t\t\t\t\t<\/div>\n\t\t\t\t<\/div>\n\t\t\t\t\t<\/div>\n\t\t\t\t<\/div>\n\t\t<div class=\"elementor-element elementor-element-c598f47 e-flex e-con-boxed e-con e-parent\" data-id=\"c598f47\" data-element_type=\"container\" data-e-type=\"container\" data-settings=\"{&quot;jet_parallax_layout_list&quot;:[]}\">\n\t\t\t\t\t<div class=\"e-con-inner\">\n\t\t\t\t<div class=\"elementor-element elementor-element-51f8135 elementor-widget elementor-widget-spacer\" data-id=\"51f8135\" data-element_type=\"widget\" data-e-type=\"widget\" data-widget_type=\"spacer.default\">\n\t\t\t\t<div class=\"elementor-widget-container\">\n\t\t\t\t\t\t\t<div class=\"elementor-spacer\">\n\t\t\t<div class=\"elementor-spacer-inner\"><\/div>\n\t\t<\/div>\n\t\t\t\t\t\t<\/div>\n\t\t\t\t<\/div>\n\t\t\t\t\t<\/div>\n\t\t\t\t<\/div>\n\t\t<div class=\"elementor-element elementor-element-2a64df2 e-flex e-con-boxed e-con e-parent\" data-id=\"2a64df2\" data-element_type=\"container\" data-e-type=\"container\" data-settings=\"{&quot;jet_parallax_layout_list&quot;:[]}\">\n\t\t\t\t\t<div class=\"e-con-inner\">\n\t\t\t\t<div class=\"elementor-element elementor-element-ec508a5 elementor-widget elementor-widget-heading\" data-id=\"ec508a5\" data-element_type=\"widget\" data-e-type=\"widget\" data-widget_type=\"heading.default\">\n\t\t\t\t<div class=\"elementor-widget-container\">\n\t\t\t\t\t<h2 class=\"elementor-heading-title elementor-size-default\">En personlig vej til mangfoldighed<\/h2>\t\t\t\t<\/div>\n\t\t\t\t<\/div>\n\t\t\t\t\t<\/div>\n\t\t\t\t<\/div>\n\t\t<div class=\"elementor-element elementor-element-3d7eb55 e-flex e-con-boxed e-con e-parent\" data-id=\"3d7eb55\" data-element_type=\"container\" data-e-type=\"container\" data-settings=\"{&quot;jet_parallax_layout_list&quot;:[]}\">\n\t\t\t\t\t<div class=\"e-con-inner\">\n\t\t<div class=\"elementor-element elementor-element-6242144 e-con-full e-flex e-con e-child\" data-id=\"6242144\" data-element_type=\"container\" data-e-type=\"container\" data-settings=\"{&quot;jet_parallax_layout_list&quot;:[]}\">\n\t\t\t\t<div class=\"elementor-element elementor-element-44899c3 elementor-widget elementor-widget-text-editor\" data-id=\"44899c3\" data-element_type=\"widget\" data-e-type=\"widget\" data-widget_type=\"text-editor.default\">\n\t\t\t\t<div class=\"elementor-widget-container\">\n\t\t\t\t\t\t\t\t\t<p><img fetchpriority=\"high\" decoding=\"async\" data-attachment-id=\"30529\" data-permalink=\"https:\/\/karriere.nagel-group.com\/da\/website\/\" data-orig-file=\"https:\/\/i0.wp.com\/karriere.nagel-group.com\/wp-content\/uploads\/2025\/05\/Website.jpg?fit=750%2C728&amp;ssl=1\" data-orig-size=\"750,728\" data-comments-opened=\"1\" data-image-meta=\"{&quot;aperture&quot;:&quot;0&quot;,&quot;credit&quot;:&quot;&quot;,&quot;camera&quot;:&quot;SM-A528B&quot;,&quot;caption&quot;:&quot;&quot;,&quot;created_timestamp&quot;:&quot;1748244715&quot;,&quot;copyright&quot;:&quot;&quot;,&quot;focal_length&quot;:&quot;0&quot;,&quot;iso&quot;:&quot;25&quot;,&quot;shutter_speed&quot;:&quot;0&quot;,&quot;title&quot;:&quot;&quot;,&quot;orientation&quot;:&quot;0&quot;}\" data-image-title=\"Website\" data-image-description=\"\" data-image-caption=\"\" data-large-file=\"https:\/\/i0.wp.com\/karriere.nagel-group.com\/wp-content\/uploads\/2025\/05\/Website.jpg?fit=750%2C728&amp;ssl=1\" data-recalc-dims=\"1\" class=\"wp-image-30529  alignleft\" src=\"https:\/\/i0.wp.com\/karriere.nagel-group.com\/wp-content\/uploads\/2025\/05\/Website.jpg?resize=312%2C302&#038;ssl=1\" alt=\"\" width=\"312\" height=\"302\" srcset=\"https:\/\/i0.wp.com\/karriere.nagel-group.com\/wp-content\/uploads\/2025\/05\/Website.jpg?w=750&amp;ssl=1 750w, https:\/\/i0.wp.com\/karriere.nagel-group.com\/wp-content\/uploads\/2025\/05\/Website.jpg?resize=300%2C291&amp;ssl=1 300w, https:\/\/i0.wp.com\/karriere.nagel-group.com\/wp-content\/uploads\/2025\/05\/Website.jpg?resize=600%2C582&amp;ssl=1 600w\" sizes=\"(max-width: 312px) 100vw, 312px\" \/><\/p><p><span data-contrast=\"auto\">Hos Nagel-Group lever vi mangfoldighed hver dag med medarbejdere fra omkring 90 nationer. Til <\/span><b><span data-contrast=\"auto\">Mangfoldighedsdag den 27. maj<\/span><\/b><span data-contrast=\"auto\"> Andreas fort\u00e6ller i et interview, hvad mangfoldighed betyder for ham personligt, hvorfor emnet ogs\u00e5 spiller en stor rolle i arbejdsmilj\u00f8et, og hvad alle medarbejdere kan bidrage med.<\/span><span data-ccp-props=\"{&quot;335559739&quot;:220}\">\u00a0<\/span><\/p><p><b><span data-contrast=\"auto\">Du m\u00e5 gerne pr\u00e6sentere dig selv kort: Hvem er du, og hvilken stilling har du hos Nagel-Group?<\/span><\/b><\/p><p><span style=\"letter-spacing: 0px;\" data-contrast=\"auto\">Jeg blev f\u00f8dt i Babelsberg i 1974 og tilbragte min barndom og tidlige ungdom i Potsdam. I 1988 emigrerede jeg til Hannover med min mor og lilles\u00f8ster som politisk flygtning og gik derefter p\u00e5 gymnasiet i Wunstorf. Jeg afsluttede min uddannelse som industriel elektroniktekniker hos Volkswagen. Siden 2020 har jeg v\u00e6ret ansat hos Nagel Technical Services GmbH som elektronik- og k\u00f8letekniker. Jeg s\u00f8rger for, at teknikken i k\u00f8lerummet k\u00f8rer p\u00e5lideligt.  Det omfatter vedligeholdelse, reparationer og fejlfinding.<\/span><span style=\"letter-spacing: 0px;\" data-ccp-props=\"{&quot;335559739&quot;:220}\">\u00a0<\/span><\/p>\t\t\t\t\t\t\t\t<\/div>\n\t\t\t\t<\/div>\n\t\t\t\t<\/div>\n\t\t\t\t\t<\/div>\n\t\t\t\t<\/div>\n\t\t<div class=\"elementor-element elementor-element-9971d7b e-flex e-con-boxed e-con e-parent\" data-id=\"9971d7b\" data-element_type=\"container\" data-e-type=\"container\" data-settings=\"{&quot;jet_parallax_layout_list&quot;:[]}\">\n\t\t\t\t\t<div class=\"e-con-inner\">\n\t\t\t\t<div class=\"elementor-element elementor-element-c928e7b elementor-widget elementor-widget-heading\" data-id=\"c928e7b\" data-element_type=\"widget\" data-e-type=\"widget\" data-widget_type=\"heading.default\">\n\t\t\t\t<div class=\"elementor-widget-container\">\n\t\t\t\t\t<h3 class=\"elementor-heading-title elementor-size-default\">Privat engagement og socialt ansvar<\/h3>\t\t\t\t<\/div>\n\t\t\t\t<\/div>\n\t\t\t\t\t<\/div>\n\t\t\t\t<\/div>\n\t\t<div class=\"elementor-element elementor-element-661aebe e-flex e-con-boxed e-con e-parent\" data-id=\"661aebe\" data-element_type=\"container\" data-e-type=\"container\" data-settings=\"{&quot;jet_parallax_layout_list&quot;:[]}\">\n\t\t\t\t\t<div class=\"e-con-inner\">\n\t\t<div class=\"elementor-element elementor-element-bf7e2b0 e-con-full e-flex e-con e-child\" data-id=\"bf7e2b0\" data-element_type=\"container\" data-e-type=\"container\" data-settings=\"{&quot;jet_parallax_layout_list&quot;:[]}\">\n\t\t\t\t<div class=\"elementor-element elementor-element-e074ee7 elementor-widget elementor-widget-text-editor\" data-id=\"e074ee7\" data-element_type=\"widget\" data-e-type=\"widget\" data-widget_type=\"text-editor.default\">\n\t\t\t\t<div class=\"elementor-widget-container\">\n\t\t\t\t\t\t\t\t\t<p><b><span data-contrast=\"auto\">Hvordan blev du involveret i emnet mangfoldighed?<\/span><\/b><span data-ccp-props=\"{&quot;335559739&quot;:220}\">\u00a0<br \/><\/span><span style=\"letter-spacing: 0px;\" data-contrast=\"auto\">Desv\u00e6rre st\u00f8der vi stadig alt for ofte p\u00e5 fordomme eller misinformation, n\u00e5r vi har med queer at g\u00f8re. I de fleste tilf\u00e6lde ligger der ingen onde hensigter bag; der er ofte blot tale om mangel p\u00e5 information. Det er vigtigt at forst\u00e5 dette: Hverken det sociale milj\u00f8, opdragelsen eller ydre p\u00e5virkninger kan g\u00f8re en person f.eks. homoseksuel eller f\u00e5 vedkommende til at \u00f8nske at skifte k\u00f8n. Det er heller ikke en livsstil, man tager til sig, fordi det er p\u00e5 mode. Man er f\u00f8dt s\u00e5dan. Selv fors\u00f8gte jeg i lang tid at tilpasse mig eller spille en rolle for ikke at st\u00f8de nogen.<\/span> <span style=\"letter-spacing: 0px;\" data-contrast=\"auto\">I dag er jeg derfor endnu mere engageret i mangfoldighed og uddannelse.<\/span><span style=\"letter-spacing: 0px;\" data-ccp-props=\"{&quot;335559739&quot;:220}\">\u00a0<\/span><\/p><p><b><span data-contrast=\"auto\">Er du ogs\u00e5 privat engageret i mangfoldighed eller social samh\u00f8righed, og hvis ja, p\u00e5 hvilken m\u00e5de?<\/span><\/b><span data-ccp-props=\"{&quot;335559739&quot;:220}\">\u00a0<br \/><\/span><span style=\"letter-spacing: 0px;\" data-contrast=\"auto\">Jeg st\u00f8tter queer-milj\u00f8et \u00f8konomisk og ved demonstrationer. Jeg deltager i Christopher Street Day og demonstrationer mod fascisme for at vise mine farver.\u00a0<\/span><span style=\"letter-spacing: 0px;\" data-ccp-props=\"{&quot;335559739&quot;:220}\">\u00a0<\/span><\/p>\t\t\t\t\t\t\t\t<\/div>\n\t\t\t\t<\/div>\n\t\t\t\t<\/div>\n\t\t\t\t\t<\/div>\n\t\t\t\t<\/div>\n\t\t<div class=\"elementor-element elementor-element-58111c4 e-flex e-con-boxed e-con e-parent\" data-id=\"58111c4\" data-element_type=\"container\" data-e-type=\"container\" data-settings=\"{&quot;jet_parallax_layout_list&quot;:[]}\">\n\t\t\t\t\t<div class=\"e-con-inner\">\n\t\t\t\t<div class=\"elementor-element elementor-element-e8cde85 elementor-widget elementor-widget-heading\" data-id=\"e8cde85\" data-element_type=\"widget\" data-e-type=\"widget\" data-widget_type=\"heading.default\">\n\t\t\t\t<div class=\"elementor-widget-container\">\n\t\t\t\t\t<h3 class=\"elementor-heading-title elementor-size-default\">Mangfoldighed i hverdagen hos Nagel-Group<\/h3>\t\t\t\t<\/div>\n\t\t\t\t<\/div>\n\t\t\t\t\t<\/div>\n\t\t\t\t<\/div>\n\t\t<div class=\"elementor-element elementor-element-946aa3a e-flex e-con-boxed e-con e-parent\" data-id=\"946aa3a\" data-element_type=\"container\" data-e-type=\"container\" data-settings=\"{&quot;jet_parallax_layout_list&quot;:[]}\">\n\t\t\t\t\t<div class=\"e-con-inner\">\n\t\t<div class=\"elementor-element elementor-element-a7bf704 e-con-full e-flex e-con e-child\" data-id=\"a7bf704\" data-element_type=\"container\" data-e-type=\"container\" data-settings=\"{&quot;jet_parallax_layout_list&quot;:[]}\">\n\t\t\t\t<div class=\"elementor-element elementor-element-a86c533 elementor-widget elementor-widget-text-editor\" data-id=\"a86c533\" data-element_type=\"widget\" data-e-type=\"widget\" data-widget_type=\"text-editor.default\">\n\t\t\t\t<div class=\"elementor-widget-container\">\n\t\t\t\t\t\t\t\t\t<p><b><span data-contrast=\"auto\">Hvad g\u00f8r arbejdsmilj\u00f8et hos Nagel-Group til noget s\u00e6rligt for dig - is\u00e6r med hensyn til sammenhold og \u00e5benhed?<\/span><\/b><span data-ccp-props=\"{&quot;335559739&quot;:220}\">\u00a0<br \/><\/span><span style=\"letter-spacing: 0px;\" data-contrast=\"auto\">St\u00f8tten fra kolleger og overordnede. Teamet hj\u00e6lper hinanden, og der er en \u00e5ben og respektfuld atmosf\u00e6re. Det g\u00f8r det behageligt at arbejde sammen og skaber et godt arbejdsklima.<\/span><span style=\"letter-spacing: 0px;\" data-ccp-props=\"{&quot;335559739&quot;:220}\">\u00a0<\/span><\/p><p><b><span data-contrast=\"auto\">Forestil dig, at du kunne repr\u00e6sentere mangfoldighed med et symbol - hvilket ville du v\u00e6lge?<\/span><\/b><span data-ccp-props=\"{&quot;335559739&quot;:220}\">\u00a0<br \/><\/span><span style=\"letter-spacing: 0px;\" data-contrast=\"auto\">Det er helt klart Pride-flaget, som jeg holder i h\u00e5nden p\u00e5 billedet. Med sine farver st\u00e5r det for mangfoldighed - for hetero-, homo-, trans-, ikke-bin\u00e6re mennesker, farvede mennesker og andre grupper. Men selv om det er designet til at v\u00e6re inkluderende, viser det, at vi stadig t\u00e6nker i kategorier.<\/span><span style=\"letter-spacing: 0px;\" data-ccp-props=\"{&quot;335559739&quot;:220}\">\u00a0<\/span><\/p><p><b><span data-contrast=\"auto\">Hvad tror du skaber et arbejdsmilj\u00f8, hvor folk kan f\u00f8le sig godt tilpas, pr\u00e6cis som de er?<\/span><\/b><span data-ccp-props=\"{&quot;335559739&quot;:220}\">\u00a0<br \/><\/span><span style=\"letter-spacing: 0px;\" data-contrast=\"auto\">Hvert menneske er et unikt fragment i samfundets kalejdoskop. \u00c6gte inklusion betyder, at man ikke s\u00e6tter folk i b\u00e5s. Vi skaber alle et smukt billede sammen, netop fordi vi er forskellige.<\/span><span style=\"letter-spacing: 0px;\" data-ccp-props=\"{&quot;335559739&quot;:220}\">\u00a0<\/span><\/p>\t\t\t\t\t\t\t\t<\/div>\n\t\t\t\t<\/div>\n\t\t\t\t<\/div>\n\t\t\t\t\t<\/div>\n\t\t\t\t<\/div>\n\t\t<div class=\"elementor-element elementor-element-baa622e e-flex e-con-boxed e-con e-parent\" data-id=\"baa622e\" data-element_type=\"container\" data-e-type=\"container\" data-settings=\"{&quot;jet_parallax_layout_list&quot;:[]}\">\n\t\t\t\t\t<div class=\"e-con-inner\">\n\t\t\t\t<div class=\"elementor-element elementor-element-b3f4c4d elementor-widget elementor-widget-heading\" data-id=\"b3f4c4d\" data-element_type=\"widget\" data-e-type=\"widget\" data-widget_type=\"heading.default\">\n\t\t\t\t<div class=\"elementor-widget-container\">\n\t\t\t\t\t<h3 class=\"elementor-heading-title elementor-size-default\">En opfordring til Mangfoldighedsdagen<\/h3>\t\t\t\t<\/div>\n\t\t\t\t<\/div>\n\t\t\t\t\t<\/div>\n\t\t\t\t<\/div>\n\t\t<div class=\"elementor-element elementor-element-3842a74 e-flex e-con-boxed e-con e-parent\" data-id=\"3842a74\" data-element_type=\"container\" data-e-type=\"container\" data-settings=\"{&quot;jet_parallax_layout_list&quot;:[]}\">\n\t\t\t\t\t<div class=\"e-con-inner\">\n\t\t<div class=\"elementor-element elementor-element-0c22dd7 e-con-full e-flex e-con e-child\" data-id=\"0c22dd7\" data-element_type=\"container\" data-e-type=\"container\" data-settings=\"{&quot;jet_parallax_layout_list&quot;:[]}\">\n\t\t\t\t<div class=\"elementor-element elementor-element-2917b83 elementor-widget elementor-widget-text-editor\" data-id=\"2917b83\" data-element_type=\"widget\" data-e-type=\"widget\" data-widget_type=\"text-editor.default\">\n\t\t\t\t<div class=\"elementor-widget-container\">\n\t\t\t\t\t\t\t\t\t<p><b><span data-contrast=\"auto\">Hvad er dit budskab til alle kolleger p\u00e5 Mangfoldighedsdagen?<\/span><\/b><span data-ccp-props=\"{&quot;335559739&quot;:220}\">\u00a0<br \/><\/span><span style=\"letter-spacing: 0px;\" data-contrast=\"auto\">Fordomme er et socialt problem, der begr\u00e6nser os alle. \u00c6gte styrke betyder at acceptere forskellighed. Udvid din horisont. Accept og et samfund, hvor alle f\u00f8ler sig godt tilpas og er lykkelige, kan kun opst\u00e5 gennem viden og oplysning.<\/span><span style=\"letter-spacing: 0px;\" data-ccp-props=\"{&quot;335559739&quot;:220}\">\u00a0<\/span><\/p><p><span data-contrast=\"auto\">Lad dig ikke tvinge ind i roller, der ikke afspejler dig. Kl\u00e6d dig, som du vil, og vis dig selv, som du f\u00f8ler dig godt tilpas. Du ved bedst, hvordan dit indre ser ud, og hvilket k\u00f8n du tilh\u00f8rer, det er der ingen, der kan n\u00e6gte dig.\u00a0<\/span><span data-ccp-props=\"{&quot;335559739&quot;:220}\">\u00a0<\/span><\/p>\t\t\t\t\t\t\t\t<\/div>\n\t\t\t\t<\/div>\n\t\t\t\t<\/div>\n\t\t\t\t\t<\/div>\n\t\t\t\t<\/div>\n\t\t<div class=\"elementor-element elementor-element-8d2a712 e-flex e-con-boxed e-con e-parent\" data-id=\"8d2a712\" data-element_type=\"container\" data-e-type=\"container\" data-settings=\"{&quot;jet_parallax_layout_list&quot;:[]}\">\n\t\t\t\t\t<div class=\"e-con-inner\">\n\t\t\t\t<div class=\"elementor-element elementor-element-0bf9396 elementor-widget elementor-widget-spacer\" data-id=\"0bf9396\" data-element_type=\"widget\" data-e-type=\"widget\" data-widget_type=\"spacer.default\">\n\t\t\t\t<div class=\"elementor-widget-container\">\n\t\t\t\t\t\t\t<div class=\"elementor-spacer\">\n\t\t\t<div class=\"elementor-spacer-inner\"><\/div>\n\t\t<\/div>\n\t\t\t\t\t\t<\/div>\n\t\t\t\t<\/div>\n\t\t\t\t<div class=\"elementor-element elementor-element-7acaf9f elementor-widget__width-inherit elementor-widget-divider--view-line elementor-invisible elementor-widget elementor-widget-divider\" data-id=\"7acaf9f\" data-element_type=\"widget\" data-e-type=\"widget\" data-settings=\"{&quot;_animation&quot;:&quot;fadeInLeft&quot;}\" data-widget_type=\"divider.default\">\n\t\t\t\t<div class=\"elementor-widget-container\">\n\t\t\t\t\t\t\t<div class=\"elementor-divider\">\n\t\t\t<span class=\"elementor-divider-separator\">\n\t\t\t\t\t\t<\/span>\n\t\t<\/div>\n\t\t\t\t\t\t<\/div>\n\t\t\t\t<\/div>\n\t\t\t\t\t<\/div>\n\t\t\t\t<\/div>\n\t\t<div class=\"elementor-element elementor-element-37e729b e-flex e-con-boxed e-con e-parent\" data-id=\"37e729b\" data-element_type=\"container\" data-e-type=\"container\" data-settings=\"{&quot;jet_parallax_layout_list&quot;:[]}\">\n\t\t\t\t\t<div class=\"e-con-inner\">\n\t\t<div class=\"elementor-element elementor-element-daaf04f e-con-full e-flex e-con e-child\" data-id=\"daaf04f\" data-element_type=\"container\" data-e-type=\"container\" data-settings=\"{&quot;background_background&quot;:&quot;classic&quot;,&quot;jet_parallax_layout_list&quot;:[]}\">\n\t\t\t\t<div class=\"elementor-element elementor-element-db72d46 elementor-cta--skin-cover elementor-cta--valign-bottom elementor-widget__width-initial elementor-invisible elementor-widget elementor-widget-call-to-action\" data-id=\"db72d46\" data-element_type=\"widget\" data-e-type=\"widget\" data-settings=\"{&quot;_animation&quot;:&quot;fadeInUp&quot;}\" data-widget_type=\"call-to-action.default\">\n\t\t\t\t<div class=\"elementor-widget-container\">\n\t\t\t\t\t\t\t<a class=\"elementor-cta\" href=\"https:\/\/karriere.nagel-group.com\/da\/als-standortleiterin-in-der-logistik\/\">\n\t\t\t\t\t<div class=\"elementor-cta__bg-wrapper\">\n\t\t\t\t<div class=\"elementor-cta__bg elementor-bg\" style=\"background-image: url(https:\/\/i0.wp.com\/karriere.nagel-group.com\/wp-content\/uploads\/2024\/10\/Hella-Koenigsmann.png?fit=850%2C924&#038;ssl=1);\" role=\"img\" aria-label=\"Medarbejder p\u00e5 et moderne kontor, der sidder ved et bord med udsigt ud af vinduet\"><\/div>\n\t\t\t\t<div class=\"elementor-cta__bg-overlay\"><\/div>\n\t\t\t<\/div>\n\t\t\t\t\t\t\t<div class=\"elementor-cta__content\">\n\t\t\t\t\n\t\t\t\t\t\t\t\t\t<span class=\"elementor-cta__title elementor-cta__content-item elementor-content-item\">\n\t\t\t\t\t\tSom site manager inden for logistik\t\t\t\t\t<\/span>\n\t\t\t\t\n\t\t\t\t\t\t\t\t\t<div class=\"elementor-cta__description elementor-cta__content-item elementor-content-item\">\n\t\t\t\t\t\tHella K\u00f6nigsmann\t\t\t\t\t<\/div>\n\t\t\t\t\n\t\t\t\t\t\t\t<\/div>\n\t\t\t\t\t\t<\/a>\n\t\t\t\t\t\t<\/div>\n\t\t\t\t<\/div>\n\t\t\t\t<div class=\"elementor-element elementor-element-db34f5b elementor-cta--skin-cover elementor-cta--valign-bottom elementor-widget__width-initial elementor-invisible elementor-widget elementor-widget-call-to-action\" data-id=\"db34f5b\" data-element_type=\"widget\" data-e-type=\"widget\" data-settings=\"{&quot;_animation&quot;:&quot;fadeInUp&quot;}\" data-widget_type=\"call-to-action.default\">\n\t\t\t\t<div class=\"elementor-widget-container\">\n\t\t\t\t\t\t\t<a class=\"elementor-cta\" href=\"https:\/\/karriere.nagel-group.com\/da\/von-bad-groenenbach-nach-irland\/\">\n\t\t\t\t\t<div class=\"elementor-cta__bg-wrapper\">\n\t\t\t\t<div class=\"elementor-cta__bg elementor-bg\" style=\"background-image: url(https:\/\/i0.wp.com\/karriere.nagel-group.com\/wp-content\/uploads\/2024\/10\/Nico-Baumann.jpg?fit=404%2C495&#038;ssl=1);\" role=\"img\" aria-label=\"Medarbejdere vandrer p\u00e5 en kyststi under overskyet himmel\"><\/div>\n\t\t\t\t<div class=\"elementor-cta__bg-overlay\"><\/div>\n\t\t\t<\/div>\n\t\t\t\t\t\t\t<div class=\"elementor-cta__content\">\n\t\t\t\t\n\t\t\t\t\t\t\t\t\t<span class=\"elementor-cta__title elementor-cta__content-item elementor-content-item\">\n\t\t\t\t\t\tFra Bad Gr\u00f6nebach til Irland\t\t\t\t\t<\/span>\n\t\t\t\t\n\t\t\t\t\t\t\t\t\t<div class=\"elementor-cta__description elementor-cta__content-item elementor-content-item\">\n\t\t\t\t\t\tNico Baumann\t\t\t\t\t<\/div>\n\t\t\t\t\n\t\t\t\t\t\t\t<\/div>\n\t\t\t\t\t\t<\/a>\n\t\t\t\t\t\t<\/div>\n\t\t\t\t<\/div>\n\t\t\t\t<div class=\"elementor-element elementor-element-173c262 elementor-cta--skin-cover elementor-cta--valign-bottom elementor-widget__width-initial elementor-invisible elementor-widget elementor-widget-call-to-action\" data-id=\"173c262\" data-element_type=\"widget\" data-e-type=\"widget\" data-settings=\"{&quot;_animation&quot;:&quot;fadeInUp&quot;}\" data-widget_type=\"call-to-action.default\">\n\t\t\t\t<div class=\"elementor-widget-container\">\n\t\t\t\t\t\t\t<a class=\"elementor-cta\" href=\"https:\/\/karriere.nagel-group.com\/da\/ausbildung-in-teilzeit\/\">\n\t\t\t\t\t<div class=\"elementor-cta__bg-wrapper\">\n\t\t\t\t<div class=\"elementor-cta__bg elementor-bg\" style=\"background-image: url(https:\/\/i0.wp.com\/karriere.nagel-group.com\/wp-content\/uploads\/2024\/10\/Derya-Ferhan-Usluoglu.jpg?fit=2508%2C3609&#038;ssl=1);\" role=\"img\" aria-label=\"Medarbejdere foran et verdenskort p\u00e5 kontoret\"><\/div>\n\t\t\t\t<div class=\"elementor-cta__bg-overlay\"><\/div>\n\t\t\t<\/div>\n\t\t\t\t\t\t\t<div class=\"elementor-cta__content\">\n\t\t\t\t\n\t\t\t\t\t\t\t\t\t<span class=\"elementor-cta__title elementor-cta__content-item elementor-content-item\">\n\t\t\t\t\t\tDeltidsuddannelse\t\t\t\t\t<\/span>\n\t\t\t\t\n\t\t\t\t\t\t\t\t\t<div class=\"elementor-cta__description elementor-cta__content-item elementor-content-item\">\n\t\t\t\t\t\tDerya-Ferhan Usluoglu\t\t\t\t\t<\/div>\n\t\t\t\t\n\t\t\t\t\t\t\t<\/div>\n\t\t\t\t\t\t<\/a>\n\t\t\t\t\t\t<\/div>\n\t\t\t\t<\/div>\n\t\t\t\t<\/div>\n\t\t<div class=\"elementor-element elementor-element-3edeb5e e-con-full e-flex e-con e-child\" data-id=\"3edeb5e\" data-element_type=\"container\" data-e-type=\"container\" data-settings=\"{&quot;background_background&quot;:&quot;classic&quot;,&quot;jet_parallax_layout_list&quot;:[]}\">\n\t\t<div class=\"elementor-element elementor-element-9621db7 e-con-full e-flex elementor-invisible e-con e-child\" data-id=\"9621db7\" data-element_type=\"container\" data-e-type=\"container\" data-settings=\"{&quot;jet_parallax_layout_list&quot;:[],&quot;animation&quot;:&quot;fadeIn&quot;}\">\n\t\t\t\t<div class=\"elementor-element elementor-element-6277ed9 elementor-widget__width-inherit elementor-widget-divider--view-line elementor-invisible elementor-widget elementor-widget-divider\" data-id=\"6277ed9\" data-element_type=\"widget\" data-e-type=\"widget\" data-settings=\"{&quot;_animation&quot;:&quot;fadeInLeft&quot;}\" data-widget_type=\"divider.default\">\n\t\t\t\t<div class=\"elementor-widget-container\">\n\t\t\t\t\t\t\t<div class=\"elementor-divider\">\n\t\t\t<span class=\"elementor-divider-separator\">\n\t\t\t\t\t\t<\/span>\n\t\t<\/div>\n\t\t\t\t\t\t<\/div>\n\t\t\t\t<\/div>\n\t\t<div class=\"elementor-element elementor-element-eb834c3 e-flex e-con-boxed e-con e-child\" data-id=\"eb834c3\" data-element_type=\"container\" data-e-type=\"container\" data-settings=\"{&quot;jet_parallax_layout_list&quot;:[]}\">\n\t\t\t\t\t<div class=\"e-con-inner\">\n\t\t\t\t<div class=\"elementor-element elementor-element-63f7c1d elementor-widget__width-initial elementor-view-default elementor-position-block-start elementor-mobile-position-block-start elementor-invisible elementor-widget elementor-widget-icon-box\" data-id=\"63f7c1d\" data-element_type=\"widget\" data-e-type=\"widget\" data-settings=\"{&quot;_animation&quot;:&quot;fadeInUp&quot;}\" data-widget_type=\"icon-box.default\">\n\t\t\t\t<div class=\"elementor-widget-container\">\n\t\t\t\t\t\t\t<div class=\"elementor-icon-box-wrapper\">\n\n\t\t\t\t\t\t<div class=\"elementor-icon-box-icon\">\n\t\t\t\t<span  class=\"elementor-icon\">\n\t\t\t\t<svg xmlns=\"http:\/\/www.w3.org\/2000\/svg\" xmlns:xlink=\"http:\/\/www.w3.org\/1999\/xlink\" width=\"512\" height=\"512\" x=\"0\" y=\"0\" viewbox=\"0 0 74 74\" style=\"enable-background:new 0 0 512 512\" xml:space=\"preserve\" class=\"\"><g><path d=\"M41 22.1h-.07A1 1 0 0 1 40 21l.12-1.73c-4.31.5-6.7-.84-8-2.13a2.79 2.79 0 0 1-.68-2.83 2.85 2.85 0 0 1 2.21-2L45 10.2a3.53 3.53 0 0 1 4 2.31l2.1 6a1 1 0 1 1-1.89.67l-2.1-6a1.55 1.55 0 0 0-1.77-1l-11.28 2.15a.87.87 0 0 0-.67.61.78.78 0 0 0 .19.82c1.51 1.53 4.08 2 7.45 1.38a1 1 0 0 1 .84.24 1 1 0 0 1 .34.81l-.2 3a1 1 0 0 1-1.01.91z\" fill=\"#e26b53\" opacity=\"1\" data-original=\"#000000\"><\/path><path d=\"M46.53 28.92a1 1 0 0 1-.32-1.92l8.24-2.84a1.92 1.92 0 0 0 1.21-2.41l-.42-1.31a1.93 1.93 0 0 0-2.3-1.29l-14.61 3.57a1 1 0 1 1-.47-1.94l14.6-3.59a3.93 3.93 0 0 1 4.69 2.63l.42 1.3A3.92 3.92 0 0 1 55.1 26l-8.24 2.84a1 1 0 0 1-.33.08z\" fill=\"#e26b53\" opacity=\"1\" data-original=\"#000000\"><\/path><path d=\"M47 36.17a1 1 0 0 1-.92-.6 1 1 0 0 1 .52-1.32l8.09-3.51a1.93 1.93 0 0 0 1-2.44l-.16-.45a2 2 0 0 0-2.44-1.15l-6.29 2.17a1 1 0 0 1-.59-1.87l6.29-2.17a3.9 3.9 0 0 1 5 2.35l.17.44a3.94 3.94 0 0 1-2.12 5l-8.1 3.51a.91.91 0 0 1-.45.04z\" fill=\"#e26b53\" opacity=\"1\" data-original=\"#000000\"><\/path><path d=\"M49.58 43a1 1 0 0 1-.47-1.88l7.55-4a1.92 1.92 0 0 0 .87-2.45l-.29-.67a2 2 0 0 0-1.07-1.05 2 2 0 0 0-1.48 0L49 35.39a1 1 0 0 1-.8-1.84l5.66-2.45a3.94 3.94 0 0 1 5.19 2.08l.29.7a3.92 3.92 0 0 1-1.77 5l-7.55 4a1 1 0 0 1-.44.12z\" fill=\"#e26b53\" opacity=\"1\" data-original=\"#000000\"><\/path><path d=\"M17.16 67.62a1 1 0 0 1-.5-1.87l21.16-12.19L58 43a1.94 1.94 0 0 0 .83-2.6 1.92 1.92 0 0 0-1.14-.95 1.89 1.89 0 0 0-1.49.14l-5.36 2.86a1 1 0 1 1-.94-1.76l5.36-2.87a3.94 3.94 0 0 1 5.34 1.66 3.92 3.92 0 0 1-1.67 5.29L38.78 55.31 17.65 67.49a1 1 0 0 1-.49.13zM25.18 19.69a1 1 0 0 1-.43-.1 1 1 0 0 1-.47-1.33l3-6.27a3.56 3.56 0 0 1 3.64-2l9.54 1.13a1 1 0 1 1-.23 2L30.68 12a1.58 1.58 0 0 0-1.59.88l-3 6.27a1 1 0 0 1-.91.54z\" fill=\"#e26b53\" opacity=\"1\" data-original=\"#000000\"><\/path><path d=\"M30.43 28.8a4.24 4.24 0 0 1-1.43-.25L19.26 25a4.23 4.23 0 0 1-2.49-5.48l.26-.68a4.14 4.14 0 0 1 2.25-2.36 4.21 4.21 0 0 1 3.27-.06l9.62 3.84a4.24 4.24 0 0 1 2.38 5.43l-.16.41a4.25 4.25 0 0 1-3.96 2.7zM18.9 19.53l-.26.69a2.16 2.16 0 0 0 .05 1.71A2.23 2.23 0 0 0 20 23.1l9.72 3.57a2.25 2.25 0 0 0 2.85-1.3l.16-.41a2.24 2.24 0 0 0-1.26-2.87l-9.67-3.83a2.23 2.23 0 0 0-1.72 0 2.18 2.18 0 0 0-1.18 1.24z\" fill=\"#e26b53\" opacity=\"1\" data-original=\"#000000\"><\/path><path d=\"M28.77 35.07a4.11 4.11 0 0 1-1.24-.19l-10-3.06a4.23 4.23 0 0 1-2.71-5.57l.18-.55a4.24 4.24 0 0 1 5.4-2.44l9.83 3.61a4.23 4.23 0 0 1-1.44 8.2zM18.93 25a2.23 2.23 0 0 0-2.08 1.42l-.22.55a2.24 2.24 0 0 0 1.43 2.94L28.11 33a2.23 2.23 0 0 0 1.42-4.23l-9.84-3.6a2 2 0 0 0-.76-.17z\" fill=\"#e26b53\" opacity=\"1\" data-original=\"#000000\"><\/path><path d=\"M27.42 41.71h-.39a27.89 27.89 0 0 1-11.09-3.51 4.32 4.32 0 0 1 3.43-7.87l9.3 2.83a4.33 4.33 0 0 1 2.83 5.54v.11a4.29 4.29 0 0 1-4.08 2.9zm-9.3-9.59A2.35 2.35 0 0 0 16 33.59a2.3 2.3 0 0 0 1 2.85 26 26 0 0 0 10.21 3.26 2.29 2.29 0 0 0 2.36-1.56v-.11a2.33 2.33 0 0 0-1.52-3l-9.3-2.83a2.22 2.22 0 0 0-.63-.08z\" fill=\"#e26b53\" opacity=\"1\" data-original=\"#000000\"><\/path><path d=\"M22.93 46a21.18 21.18 0 0 1-6.34-1A3.89 3.89 0 0 1 14 40.28a3.93 3.93 0 0 1 2.08-2.59 3.84 3.84 0 0 1 3.23-.07A25.07 25.07 0 0 0 26 39.56 3.09 3.09 0 0 1 28.64 43a3.06 3.06 0 0 1-2.46 2.64 18.53 18.53 0 0 1-3.25.36zm-5.15-6.7a1.81 1.81 0 0 0-.81.19 1.92 1.92 0 0 0-1 1.27A1.89 1.89 0 0 0 17.18 43a18.18 18.18 0 0 0 8.65.66 1.06 1.06 0 0 0 .83-.93 1.1 1.1 0 0 0-.93-1.22 26.67 26.67 0 0 1-7.22-2.09 1.83 1.83 0 0 0-.73-.12z\" fill=\"#e26b53\" opacity=\"1\" data-original=\"#000000\"><\/path><path d=\"M4 52.14a1 1 0 0 1-.87-.51 1 1 0 0 1 .38-1.36l12.89-7.16a1 1 0 0 1 1 1.75L4.49 52a1.07 1.07 0 0 1-.49.14zM72 52.79a1 1 0 0 1-.46-.12l-14.32-7.46a1 1 0 1 1 .92-1.77l14.32 7.46a1 1 0 0 1-.46 1.89zM61.2 67.44a1 1 0 0 1-.46-.12l-22.88-12a1 1 0 0 1-.42-1.32 1 1 0 0 1 1.35-.42l22.88 12a1 1 0 0 1-.47 1.89z\" fill=\"#e26b53\" opacity=\"1\" data-original=\"#000000\"><\/path><\/g><\/svg>\t\t\t\t<\/span>\n\t\t\t<\/div>\n\t\t\t\n\t\t\t\t\t\t<div class=\"elementor-icon-box-content\">\n\n\t\t\t\t\t\t\t\t\t<h3 class=\"elementor-icon-box-title\">\n\t\t\t\t\t\t<span  >\n\t\t\t\t\t\t\tNagel som arbejdsgiver\t\t\t\t\t\t<\/span>\n\t\t\t\t\t<\/h3>\n\t\t\t\t\n\t\t\t\t\t\t\t\t\t<p class=\"elementor-icon-box-description\">\n\t\t\t\t\t\tF\u00e5 mere at vide om vores virksomhedsv\u00e6rdier, kulturen og hvad der kendetegner Nagel-Group som arbejdsgiver.\n<\/br>\n<a href=\"https:\/\/karriere.nagel-group.com\/da\/?page_id=23090\" style=\"float: left\">Mere \u2192<\/a>\t\t\t\t\t<\/p>\n\t\t\t\t\n\t\t\t<\/div>\n\t\t\t\n\t\t<\/div>\n\t\t\t\t\t\t<\/div>\n\t\t\t\t<\/div>\n\t\t\t\t<div class=\"elementor-element elementor-element-7b5127e elementor-widget__width-initial elementor-view-default elementor-position-block-start elementor-mobile-position-block-start elementor-invisible elementor-widget elementor-widget-icon-box\" data-id=\"7b5127e\" data-element_type=\"widget\" data-e-type=\"widget\" data-settings=\"{&quot;_animation&quot;:&quot;fadeInUp&quot;}\" data-widget_type=\"icon-box.default\">\n\t\t\t\t<div class=\"elementor-widget-container\">\n\t\t\t\t\t\t\t<div class=\"elementor-icon-box-wrapper\">\n\n\t\t\t\t\t\t<div class=\"elementor-icon-box-icon\">\n\t\t\t\t<span  class=\"elementor-icon\">\n\t\t\t\t<svg xmlns=\"http:\/\/www.w3.org\/2000\/svg\" xmlns:xlink=\"http:\/\/www.w3.org\/1999\/xlink\" width=\"512\" height=\"512\" x=\"0\" y=\"0\" viewbox=\"0 0 24 24\" style=\"enable-background:new 0 0 512 512\" xml:space=\"preserve\"><g><path d=\"M11.834 10.754a3.51 3.51 0 0 0 5.758-.013 1.3 1.3 0 0 0 .127-.271v-.005a1.079 1.079 0 0 0-.136-.946 3.328 3.328 0 0 0-1.426-1.175.41.41 0 0 0-.054-.03c-.069-.031-.147-.043-.219-.07A1.57 1.57 0 0 0 16.3 7.19a1.585 1.585 0 1 0-2.757 1.058c-.083.03-.173.047-.252.084a3.332 3.332 0 0 0-1.455 1.191 1.043 1.043 0 0 0-.146.885.94.94 0 0 0 .144.346zm2.876-4.4a.835.835 0 1 1-.835.835.836.836 0 0 1 .835-.834zm-2.259 3.59a2.59 2.59 0 0 1 1.14-.928 2.729 2.729 0 0 1 2.147-.044.478.478 0 0 0 .071.038 2.581 2.581 0 0 1 1.156.931.336.336 0 0 1 .043.29.715.715 0 0 1-.041.1 2.728 2.728 0 0 1-2.254 1.169 2.5 2.5 0 0 1-2.262-1.171c-.014-.027-.042-.113-.042-.113a.324.324 0 0 1 .042-.271zM18.5 2.625h-8a2.953 2.953 0 0 0-2.874 3.021V11.1H4.985a2.423 2.423 0 0 0-2.359 2.477v4.781A2.954 2.954 0 0 0 5.5 21.375h.033l12.988-.08a2.959 2.959 0 0 0 2.854-3.02V5.646A2.953 2.953 0 0 0 18.5 2.625zm-12.976 18H5.5a2.2 2.2 0 0 1-2.124-2.272v-4.781a1.673 1.673 0 0 1 1.609-1.727h2.641v6.508a2.207 2.207 0 0 1-2.1 2.272zm15.1-2.35a2.208 2.208 0 0 1-2.109 2.27l-11.11.068a3.082 3.082 0 0 0 .969-2.26V5.646A2.2 2.2 0 0 1 10.5 3.375h8a2.2 2.2 0 0 1 2.124 2.271zm-1.541-4.42a.375.375 0 0 1-.375.375h-8a.375.375 0 0 1 0-.75h8a.375.375 0 0 1 .377.375zm0 1.981a.375.375 0 0 1-.375.375h-8a.375.375 0 0 1 0-.75h8a.375.375 0 0 1 .377.375zm0 1.982a.375.375 0 0 1-.375.375h-8a.375.375 0 0 1 0-.75h8a.375.375 0 0 1 .377.375z\" fill=\"#e26b53\" opacity=\"1\" data-original=\"#000000\"><\/path><\/g><\/svg>\t\t\t\t<\/span>\n\t\t\t<\/div>\n\t\t\t\n\t\t\t\t\t\t<div class=\"elementor-icon-box-content\">\n\n\t\t\t\t\t\t\t\t\t<h3 class=\"elementor-icon-box-title\">\n\t\t\t\t\t\t<span  >\n\t\t\t\t\t\t\tAns\u00f8g nu\t\t\t\t\t\t<\/span>\n\t\t\t\t\t<\/h3>\n\t\t\t\t\n\t\t\t\t\t\t\t\t\t<p class=\"elementor-icon-box-description\">\n\t\t\t\t\t\tEr du klar til n\u00e6ste skridt i din karriere? Klik her for at se vores aktuelle ledige stillinger.\n<\/br>\n<a href=\"https:\/\/careers.nagel-group.com\/search\" target=\"_blank\" rel=\"noopener noreferrer\" style=\"float: left\">Mere \u2192<\/a>\n\t\t\t\t\t<\/p>\n\t\t\t\t\n\t\t\t<\/div>\n\t\t\t\n\t\t<\/div>\n\t\t\t\t\t\t<\/div>\n\t\t\t\t<\/div>\n\t\t\t\t<div class=\"elementor-element elementor-element-ec00dbe elementor-widget__width-initial elementor-view-default elementor-position-block-start elementor-mobile-position-block-start elementor-invisible elementor-widget elementor-widget-icon-box\" data-id=\"ec00dbe\" data-element_type=\"widget\" data-e-type=\"widget\" data-settings=\"{&quot;_animation&quot;:&quot;fadeInUp&quot;}\" data-widget_type=\"icon-box.default\">\n\t\t\t\t<div class=\"elementor-widget-container\">\n\t\t\t\t\t\t\t<div class=\"elementor-icon-box-wrapper\">\n\n\t\t\t\t\t\t<div class=\"elementor-icon-box-icon\">\n\t\t\t\t<span  class=\"elementor-icon\">\n\t\t\t\t<svg xmlns=\"http:\/\/www.w3.org\/2000\/svg\" xmlns:xlink=\"http:\/\/www.w3.org\/1999\/xlink\" width=\"512\" height=\"512\" x=\"0\" y=\"0\" viewbox=\"0 0 511.874 511.874\" style=\"enable-background:new 0 0 512 512\" xml:space=\"preserve\" class=\"\"><g><path d=\"M490.114 12.813H132.568c-12.012.014-21.746 9.748-21.76 21.76v98.62l-16.35-24.525c-7.484-11.289-22.535-14.676-34.133-7.68l-33.638 20.224a49.355 49.355 0 0 0-22.545 29.244C-8.129 195.137.976 272.116 113.966 385.123c89.855 89.762 156.85 113.937 203.024 113.937 10.69.049 21.339-1.34 31.659-4.13a49.44 49.44 0 0 0 29.252-22.519l20.198-33.673c6.968-11.589 3.584-26.609-7.68-34.091l-80.546-53.692c-11.049-7.308-25.859-4.905-34.031 5.521l-23.45 30.148a8.166 8.166 0 0 1-10.445 2.21l-4.463-2.458c-14.686-8.004-32.964-17.971-69.879-54.886a605.694 605.694 0 0 1-11.008-11.307h333.517c11.982.009 21.713-9.676 21.76-21.658V34.573c-.014-12.012-9.748-21.746-21.76-21.76zM229.318 401.362l4.335 2.381c10.897 6.093 24.614 3.266 32.213-6.639l23.45-30.148a8.294 8.294 0 0 1 11.093-1.801l80.546 53.692a8.243 8.243 0 0 1 2.5 11.093l-20.198 33.673a32.425 32.425 0 0 1-19.123 14.848c-40.337 11.093-110.933 1.707-218.078-105.446S9.56 195.273 20.627 154.97a32.427 32.427 0 0 1 14.839-19.123l33.673-20.207a8.251 8.251 0 0 1 11.093 2.5l53.717 80.546a8.285 8.285 0 0 1-1.801 11.093l-30.157 23.458c-9.903 7.597-12.731 21.311-6.639 32.205l2.389 4.335c8.533 15.65 19.14 35.123 57.805 73.779 38.666 38.657 58.131 49.272 73.772 57.806zm265.49-102.836a4.659 4.659 0 0 1-4.693 4.608H141.203a215.204 215.204 0 0 1-28.476-41.506l-2.458-4.48a8.14 8.14 0 0 1 2.202-10.428l30.157-23.458c10.43-8.17 12.833-22.982 5.521-34.031l-20.275-30.43V34.573a4.642 4.642 0 0 1 4.693-4.693h357.547a4.642 4.642 0 0 1 4.693 4.693v263.953z\" fill=\"#e26b53\" opacity=\"1\" data-original=\"#000000\" class=\"\"><\/path><path d=\"m460.725 52.323-142.618 108.16a11.512 11.512 0 0 1-13.534 0L162.008 52.323a8.535 8.535 0 0 0-11.959 1.643 8.535 8.535 0 0 0 1.643 11.959l142.583 108.151a28.721 28.721 0 0 0 34.133 0L471.034 65.925a8.53 8.53 0 0 0 1.638-11.963 8.532 8.532 0 0 0-11.947-1.639zM238.517 174.793l-87.415 93.611a8.535 8.535 0 0 0 12.484 11.64l87.416-93.653a8.535 8.535 0 0 0-12.485-11.598zM384.728 174.793a8.534 8.534 0 0 0-12.062-.422 8.534 8.534 0 0 0-.422 12.062l87.39 93.611a8.534 8.534 0 0 0 12.062.422 8.534 8.534 0 0 0 .422-12.062l-87.39-93.611z\" fill=\"#e26b53\" opacity=\"1\" data-original=\"#000000\" class=\"\"><\/path><\/g><\/svg>\t\t\t\t<\/span>\n\t\t\t<\/div>\n\t\t\t\n\t\t\t\t\t\t<div class=\"elementor-icon-box-content\">\n\n\t\t\t\t\t\t\t\t\t<h3 class=\"elementor-icon-box-title\">\n\t\t\t\t\t\t<span  >\n\t\t\t\t\t\t\tKontakt os\t\t\t\t\t\t<\/span>\n\t\t\t\t\t<\/h3>\n\t\t\t\t\n\t\t\t\t\t\t\t\t\t<p class=\"elementor-icon-box-description\">\n\t\t\t\t\t\tHar du sp\u00f8rgsm\u00e5l, eller vil du gerne vide mere om dine muligheder hos Nagel-Group? Du er velkommen til at kontakte os!\n<\/br>\n<a href=\"https:\/\/karriere.nagel-group.com\/da\/?page_id=23696\" style=\"float: left\">Mere \u2192<\/a>\t\t\t\t\t<\/p>\n\t\t\t\t\n\t\t\t<\/div>\n\t\t\t\n\t\t<\/div>\n\t\t\t\t\t\t<\/div>\n\t\t\t\t<\/div>\n\t\t\t\t\t<\/div>\n\t\t\t\t<\/div>\n\t\t\t\t<\/div>\n\t\t\t\t<\/div>\n\t\t\t\t\t<\/div>\n\t\t\t\t<\/div>\n\t\t\t\t<\/div>","protected":false},"excerpt":{"rendered":"<p>Inside Nagel Unser st\u00e4rkster antrieb: Vielfalt Ein pers\u00f6nlicher Weg zur Vielfalt Bei der Nagel-Group leben wir Vielfalt jeden Tag mit Mitarbeitenden aus etwa 90 Nationen. Zum Diversity Day am 27. Mai erz\u00e4hlt uns Andreas im Interview, was Vielfalt f\u00fcr ihn pers\u00f6nlich bedeutet, warum das Thema auch im Arbeitsumfeld eine gro\u00dfe Rolle spielt und was alle [&hellip;]<\/p>\n","protected":false},"author":246537664,"featured_media":0,"parent":0,"menu_order":0,"comment_status":"closed","ping_status":"closed","template":"elementor_header_footer","meta":{"_crdt_document":"","footnotes":""},"class_list":["post-30519","page","type-page","status-publish","hentry"],"yoast_head":"<!-- This site is optimized with the Yoast SEO plugin v27.4 - https:\/\/yoast.com\/product\/yoast-seo-wordpress\/ -->\n<title>Unser st\u00e4rkster Antrieb: Vielfalt - Nagel-Group Karriere<\/title>\n<meta name=\"robots\" content=\"index, follow, max-snippet:-1, max-image-preview:large, max-video-preview:-1\" \/>\n<link rel=\"canonical\" href=\"https:\/\/karriere.nagel-group.com\/da\/unser-staerkster-antrieb-vielfalt\/\" \/>\n<meta property=\"og:locale\" content=\"da_DK\" \/>\n<meta property=\"og:type\" content=\"article\" \/>\n<meta property=\"og:title\" content=\"Unser st\u00e4rkster Antrieb: Vielfalt - Nagel-Group Karriere\" \/>\n<meta property=\"og:description\" content=\"Inside Nagel Unser st\u00e4rkster antrieb: Vielfalt Ein pers\u00f6nlicher Weg zur Vielfalt Bei der Nagel-Group leben wir Vielfalt jeden Tag mit Mitarbeitenden aus etwa 90 Nationen. Zum Diversity Day am 27. Mai erz\u00e4hlt uns Andreas im Interview, was Vielfalt f\u00fcr ihn pers\u00f6nlich bedeutet, warum das Thema auch im Arbeitsumfeld eine gro\u00dfe Rolle spielt und was alle [&hellip;]\" \/>\n<meta property=\"og:url\" content=\"https:\/\/karriere.nagel-group.com\/da\/unser-staerkster-antrieb-vielfalt\/\" \/>\n<meta property=\"og:site_name\" content=\"Nagel-Group Karriere\" \/>\n<meta property=\"article:modified_time\" content=\"2025-05-26T07:27:10+00:00\" \/>\n<meta property=\"og:image\" content=\"https:\/\/karriere.nagel-group.com\/wp-content\/uploads\/2025\/05\/Website-300x291.jpg\" \/>\n<meta name=\"twitter:card\" content=\"summary_large_image\" \/>\n<meta name=\"twitter:label1\" content=\"Estimeret l\u00e6setid\" \/>\n\t<meta name=\"twitter:data1\" content=\"4 minutter\" \/>\n<script type=\"application\/ld+json\" class=\"yoast-schema-graph\">{\"@context\":\"https:\\\/\\\/schema.org\",\"@graph\":[{\"@type\":\"WebPage\",\"@id\":\"https:\\\/\\\/karriere.nagel-group.com\\\/unser-staerkster-antrieb-vielfalt\\\/\",\"url\":\"https:\\\/\\\/karriere.nagel-group.com\\\/unser-staerkster-antrieb-vielfalt\\\/\",\"name\":\"Unser st\u00e4rkster Antrieb: Vielfalt - Nagel-Group Karriere\",\"isPartOf\":{\"@id\":\"https:\\\/\\\/karriere.nagel-group.com\\\/#website\"},\"primaryImageOfPage\":{\"@id\":\"https:\\\/\\\/karriere.nagel-group.com\\\/unser-staerkster-antrieb-vielfalt\\\/#primaryimage\"},\"image\":{\"@id\":\"https:\\\/\\\/karriere.nagel-group.com\\\/unser-staerkster-antrieb-vielfalt\\\/#primaryimage\"},\"thumbnailUrl\":\"https:\\\/\\\/karriere.nagel-group.com\\\/wp-content\\\/uploads\\\/2025\\\/05\\\/Website-300x291.jpg\",\"datePublished\":\"2025-05-26T07:18:25+00:00\",\"dateModified\":\"2025-05-26T07:27:10+00:00\",\"breadcrumb\":{\"@id\":\"https:\\\/\\\/karriere.nagel-group.com\\\/unser-staerkster-antrieb-vielfalt\\\/#breadcrumb\"},\"inLanguage\":\"da-DK\",\"potentialAction\":[{\"@type\":\"ReadAction\",\"target\":[\"https:\\\/\\\/karriere.nagel-group.com\\\/unser-staerkster-antrieb-vielfalt\\\/\"]}]},{\"@type\":\"ImageObject\",\"inLanguage\":\"da-DK\",\"@id\":\"https:\\\/\\\/karriere.nagel-group.com\\\/unser-staerkster-antrieb-vielfalt\\\/#primaryimage\",\"url\":\"https:\\\/\\\/karriere.nagel-group.com\\\/wp-content\\\/uploads\\\/2025\\\/05\\\/Website-300x291.jpg\",\"contentUrl\":\"https:\\\/\\\/karriere.nagel-group.com\\\/wp-content\\\/uploads\\\/2025\\\/05\\\/Website-300x291.jpg\"},{\"@type\":\"BreadcrumbList\",\"@id\":\"https:\\\/\\\/karriere.nagel-group.com\\\/unser-staerkster-antrieb-vielfalt\\\/#breadcrumb\",\"itemListElement\":[{\"@type\":\"ListItem\",\"position\":1,\"name\":\"Startseite\",\"item\":\"https:\\\/\\\/karriere.nagel-group.com\\\/\"},{\"@type\":\"ListItem\",\"position\":2,\"name\":\"Unser st\u00e4rkster Antrieb: Vielfalt\"}]},{\"@type\":\"WebSite\",\"@id\":\"https:\\\/\\\/karriere.nagel-group.com\\\/#website\",\"url\":\"https:\\\/\\\/karriere.nagel-group.com\\\/\",\"name\":\"Nagel-Group Karriere\",\"description\":\"Deine Karriere. Unsere Zukunft.\",\"publisher\":{\"@id\":\"https:\\\/\\\/karriere.nagel-group.com\\\/#organization\"},\"potentialAction\":[{\"@type\":\"SearchAction\",\"target\":{\"@type\":\"EntryPoint\",\"urlTemplate\":\"https:\\\/\\\/karriere.nagel-group.com\\\/?s={search_term_string}\"},\"query-input\":{\"@type\":\"PropertyValueSpecification\",\"valueRequired\":true,\"valueName\":\"search_term_string\"}}],\"inLanguage\":\"da-DK\"},{\"@type\":\"Organization\",\"@id\":\"https:\\\/\\\/karriere.nagel-group.com\\\/#organization\",\"name\":\"Nagel-Group Karriere\",\"url\":\"https:\\\/\\\/karriere.nagel-group.com\\\/\",\"logo\":{\"@type\":\"ImageObject\",\"inLanguage\":\"da-DK\",\"@id\":\"https:\\\/\\\/karriere.nagel-group.com\\\/#\\\/schema\\\/logo\\\/image\\\/\",\"url\":\"https:\\\/\\\/i0.wp.com\\\/karriere.nagel-group.com\\\/wp-content\\\/uploads\\\/2018\\\/08\\\/cropped-Nagel-Group.png?fit=2161%2C598&ssl=1\",\"contentUrl\":\"https:\\\/\\\/i0.wp.com\\\/karriere.nagel-group.com\\\/wp-content\\\/uploads\\\/2018\\\/08\\\/cropped-Nagel-Group.png?fit=2161%2C598&ssl=1\",\"width\":2161,\"height\":598,\"caption\":\"Nagel-Group Karriere\"},\"image\":{\"@id\":\"https:\\\/\\\/karriere.nagel-group.com\\\/#\\\/schema\\\/logo\\\/image\\\/\"}}]}<\/script>\n<!-- \/ Yoast SEO plugin. -->","yoast_head_json":{"title":"Vores st\u00e6rkeste drivkraft: mangfoldighed - Nagel-Group Career","robots":{"index":"index","follow":"follow","max-snippet":"max-snippet:-1","max-image-preview":"max-image-preview:large","max-video-preview":"max-video-preview:-1"},"canonical":"https:\/\/karriere.nagel-group.com\/da\/unser-staerkster-antrieb-vielfalt\/","og_locale":"da_DK","og_type":"article","og_title":"Unser st\u00e4rkster Antrieb: Vielfalt - Nagel-Group Karriere","og_description":"Inside Nagel Unser st\u00e4rkster antrieb: Vielfalt Ein pers\u00f6nlicher Weg zur Vielfalt Bei der Nagel-Group leben wir Vielfalt jeden Tag mit Mitarbeitenden aus etwa 90 Nationen. Zum Diversity Day am 27. Mai erz\u00e4hlt uns Andreas im Interview, was Vielfalt f\u00fcr ihn pers\u00f6nlich bedeutet, warum das Thema auch im Arbeitsumfeld eine gro\u00dfe Rolle spielt und was alle [&hellip;]","og_url":"https:\/\/karriere.nagel-group.com\/da\/unser-staerkster-antrieb-vielfalt\/","og_site_name":"Nagel-Group Karriere","article_modified_time":"2025-05-26T07:27:10+00:00","og_image":[{"url":"https:\/\/karriere.nagel-group.com\/wp-content\/uploads\/2025\/05\/Website-300x291.jpg","type":"","width":"","height":""}],"twitter_card":"summary_large_image","twitter_misc":{"Estimeret l\u00e6setid":"4 minutter"},"schema":{"@context":"https:\/\/schema.org","@graph":[{"@type":"WebPage","@id":"https:\/\/karriere.nagel-group.com\/unser-staerkster-antrieb-vielfalt\/","url":"https:\/\/karriere.nagel-group.com\/unser-staerkster-antrieb-vielfalt\/","name":"Vores st\u00e6rkeste drivkraft: mangfoldighed - Nagel-Group Career","isPartOf":{"@id":"https:\/\/karriere.nagel-group.com\/#website"},"primaryImageOfPage":{"@id":"https:\/\/karriere.nagel-group.com\/unser-staerkster-antrieb-vielfalt\/#primaryimage"},"image":{"@id":"https:\/\/karriere.nagel-group.com\/unser-staerkster-antrieb-vielfalt\/#primaryimage"},"thumbnailUrl":"https:\/\/karriere.nagel-group.com\/wp-content\/uploads\/2025\/05\/Website-300x291.jpg","datePublished":"2025-05-26T07:18:25+00:00","dateModified":"2025-05-26T07:27:10+00:00","breadcrumb":{"@id":"https:\/\/karriere.nagel-group.com\/unser-staerkster-antrieb-vielfalt\/#breadcrumb"},"inLanguage":"da-DK","potentialAction":[{"@type":"ReadAction","target":["https:\/\/karriere.nagel-group.com\/unser-staerkster-antrieb-vielfalt\/"]}]},{"@type":"ImageObject","inLanguage":"da-DK","@id":"https:\/\/karriere.nagel-group.com\/unser-staerkster-antrieb-vielfalt\/#primaryimage","url":"https:\/\/karriere.nagel-group.com\/wp-content\/uploads\/2025\/05\/Website-300x291.jpg","contentUrl":"https:\/\/karriere.nagel-group.com\/wp-content\/uploads\/2025\/05\/Website-300x291.jpg"},{"@type":"BreadcrumbList","@id":"https:\/\/karriere.nagel-group.com\/unser-staerkster-antrieb-vielfalt\/#breadcrumb","itemListElement":[{"@type":"ListItem","position":1,"name":"Startseite","item":"https:\/\/karriere.nagel-group.com\/"},{"@type":"ListItem","position":2,"name":"Unser st\u00e4rkster Antrieb: Vielfalt"}]},{"@type":"WebSite","@id":"https:\/\/karriere.nagel-group.com\/#website","url":"https:\/\/karriere.nagel-group.com\/","name":"Nagel-Group Karriere","description":"Din karriere. Vores fremtid.","publisher":{"@id":"https:\/\/karriere.nagel-group.com\/#organization"},"potentialAction":[{"@type":"SearchAction","target":{"@type":"EntryPoint","urlTemplate":"https:\/\/karriere.nagel-group.com\/?s={search_term_string}"},"query-input":{"@type":"PropertyValueSpecification","valueRequired":true,"valueName":"search_term_string"}}],"inLanguage":"da-DK"},{"@type":"Organization","@id":"https:\/\/karriere.nagel-group.com\/#organization","name":"Nagel-Group Karriere","url":"https:\/\/karriere.nagel-group.com\/","logo":{"@type":"ImageObject","inLanguage":"da-DK","@id":"https:\/\/karriere.nagel-group.com\/#\/schema\/logo\/image\/","url":"https:\/\/i0.wp.com\/karriere.nagel-group.com\/wp-content\/uploads\/2018\/08\/cropped-Nagel-Group.png?fit=2161%2C598&ssl=1","contentUrl":"https:\/\/i0.wp.com\/karriere.nagel-group.com\/wp-content\/uploads\/2018\/08\/cropped-Nagel-Group.png?fit=2161%2C598&ssl=1","width":2161,"height":598,"caption":"Nagel-Group Karriere"},"image":{"@id":"https:\/\/karriere.nagel-group.com\/#\/schema\/logo\/image\/"}}]}},"jetpack_likes_enabled":true,"jetpack_sharing_enabled":true,"jetpack_shortlink":"https:\/\/wp.me\/Pfw6Wr-7Wf","_links":{"self":[{"href":"https:\/\/karriere.nagel-group.com\/da\/wp-json\/wp\/v2\/pages\/30519","targetHints":{"allow":["GET"]}}],"collection":[{"href":"https:\/\/karriere.nagel-group.com\/da\/wp-json\/wp\/v2\/pages"}],"about":[{"href":"https:\/\/karriere.nagel-group.com\/da\/wp-json\/wp\/v2\/types\/page"}],"author":[{"embeddable":true,"href":"https:\/\/karriere.nagel-group.com\/da\/wp-json\/wp\/v2\/users\/246537664"}],"replies":[{"embeddable":true,"href":"https:\/\/karriere.nagel-group.com\/da\/wp-json\/wp\/v2\/comments?post=30519"}],"version-history":[{"count":19,"href":"https:\/\/karriere.nagel-group.com\/da\/wp-json\/wp\/v2\/pages\/30519\/revisions"}],"predecessor-version":[{"id":30540,"href":"https:\/\/karriere.nagel-group.com\/da\/wp-json\/wp\/v2\/pages\/30519\/revisions\/30540"}],"wp:attachment":[{"href":"https:\/\/karriere.nagel-group.com\/da\/wp-json\/wp\/v2\/media?parent=30519"}],"curies":[{"name":"wp","href":"https:\/\/api.w.org\/{rel}","templated":true}]}}